{"id":5774,"date":"2021-05-11T13:43:21","date_gmt":"2021-08-06T10:02:06","guid":{"rendered":"https:\/\/naturalpoland.pl\/produkty\/nezarazene\/zeleny-jil\/"},"modified":"2024-08-08T15:01:35","modified_gmt":"2024-08-08T13:01:35","slug":"zeleny-jil","status":"publish","type":"product","link":"https:\/\/naturalpoland.com\/cs\/produkty\/produkty-pro-kosmeticky-prumysl\/jily\/zeleny-jil\/","title":{"rendered":"Zelen\u00fd j\u00edl"},"content":{"rendered":"<p>Zelen\u00fd j\u00edl lze pou\u017e\u00edvat jak samostatn\u011b, tak jako p\u0159\u00edsadu do r\u016fzn\u00fdch kosmetick\u00fdch v\u00fdrobk\u016f.<br \/>\nDoporu\u010duje se zejm\u00e9na lidem s problematickou a akn\u00f3zn\u00ed plet\u00ed.   <\/p>\n<h2>Charakteristika a slo\u017een\u00ed<\/h2>\n<p>  Zelen\u00fd j\u00edl m\u00e1 v\u00fdraznou zelenou barvu a zemitou v\u016fni, co\u017e je v\u00fdsledek jeho p\u0159\u00edrodn\u00edho miner\u00e1ln\u00edho slo\u017een\u00ed.<br \/>\nJe to p\u0159\u00edrodn\u00ed k\u0159emi\u010ditan hlin\u00edku, \u017eeleza a ho\u0159\u010d\u00edku, d\u00edky \u010demu\u017e je bohat\u00fd na mnoho miner\u00e1l\u016f, nap\u0159\u00edklad na <strong>oxid k\u0159emi\u010dit\u00fd<\/strong> (SiO2), kter\u00fd tvo\u0159\u00ed v\u00edce ne\u017e 60 % jeho slo\u017een\u00ed.<br \/>\nObsahuje tak\u00e9 zna\u010dn\u00e9 mno\u017estv\u00ed <strong>oxid\u016f hlin\u00edku<\/strong> (Al2O3) a <strong>\u017eeleza<\/strong> (Fe2O3) <strong>,<\/strong> kter\u00e9 jsou zn\u00e1m\u00e9 sv\u00fdmi absorp\u010dn\u00edmi a \u010distic\u00edmi vlastnostmi.    <\/p>\n<h2>Vlastnosti a aplikace<\/h2>\n<p>  Zelen\u00fd j\u00edl je cen\u011bn\u00fd pro sv\u00e9 <strong>antibakteri\u00e1ln\u00ed vlastnosti,<\/strong> d\u00edky nim\u017e \u00fa\u010dinn\u011b sni\u017euje tvorbu ko\u017en\u00edho mazu a zklid\u0148uje z\u00e1n\u011bty.<br \/>\nNapom\u00e1h\u00e1 rychlej\u0161\u00edmu hojen\u00ed ko\u017en\u00edch l\u00e9z\u00ed a m\u016f\u017ee pomoci odstranit akn\u00e9.<br \/>\nM\u00e1 schopnost absorbovat ne\u010distoty a toxiny z povrchu pleti, proto se pou\u017e\u00edv\u00e1 jako slo\u017eka masek a peeling\u016f, zejm\u00e9na pro mastnou a sm\u00ed\u0161enou ple\u0165.<br \/>\nZelen\u00fd j\u00edl se doporu\u010duje pou\u017e\u00edvat tak\u00e9 samostatn\u011b jako masku, kter\u00e1 pom\u00e1h\u00e1 \u010distit p\u00f3ry a osv\u011b\u017eovat ple\u0165, zanech\u00e1v\u00e1 ple\u0165 \u010distou a matnou.<br \/>\nD\u00edky sv\u00fdm regenera\u010dn\u00edm a vy\u017eivuj\u00edc\u00edm vlastnostem se pou\u017e\u00edv\u00e1 tak\u00e9 v p\u0159\u00edpravc\u00edch p\u00e9\u010de o t\u011blo, kde pom\u00e1h\u00e1 obnovovat ko\u017en\u00ed bu\u0148ky a chr\u00e1nit ji p\u0159ed \u0161kodliv\u00fdmi vn\u011bj\u0161\u00edmi vlivy.<br \/>\nJ\u00edl neobsahuje syntetick\u00e9 p\u0159\u00edsady a konzerva\u010dn\u00ed l\u00e1tky, tak\u017ee je vhodn\u00fd i pro osoby s velmi citlivou poko\u017ekou.     <\/p>\n","protected":false},"excerpt":{"rendered":"<p><strong>Zelen\u00fd j\u00edl<\/strong>, zn\u00e1m\u00fd tak\u00e9 jako <strong>montmorillonit<\/strong>, si z\u00edskal oblibu pro sv\u00e9 \u010distic\u00ed a l\u00e9\u010div\u00e9 vlastnosti.<\/p>\n","protected":false},"featured_media":5775,"template":"","meta":{"_acf_changed":false},"product_brand":[],"product_cat":[633],"product_tag":[],"class_list":{"0":"post-5774","1":"product","2":"type-product","3":"status-publish","4":"has-post-thumbnail","6":"product_cat-jily","8":"first","9":"instock","10":"shipping-taxable","11":"product-type-simple"},"acf":[],"yoast_head":"<!-- This site is optimized with the Yoast SEO plugin v27.5 - https:\/\/yoast.com\/product\/yoast-seo-wordpress\/ -->\n<title>Zelen\u00fd j\u00edl - Velkoobchodn\u00ed distributor<\/title>\n<meta name=\"description\" content=\"Zelen\u00fd j\u00edl lze pou\u017e\u00edvat jak samostatn\u011b, tak jako slo\u017eku r\u016fzn\u00fdch kosmetick\u00fdch p\u0159\u00edpravk\u016f pro osoby s akn\u00f3zn\u00ed plet\u00ed.\" \/>\n<meta name=\"robots\" content=\"index, follow, max-snippet:-1, max-image-preview:large, max-video-preview:-1\" \/>\n<link rel=\"canonical\" href=\"https:\/\/naturalpoland.com\/cs\/produkty\/produkty-pro-kosmeticky-prumysl\/jily\/zeleny-jil\/\" \/>\n<meta property=\"og:locale\" content=\"cs_CZ\" \/>\n<meta property=\"og:type\" content=\"article\" \/>\n<meta property=\"og:title\" content=\"Zelen\u00fd j\u00edl - Velkoobchodn\u00ed distributor\" \/>\n<meta property=\"og:description\" content=\"Zelen\u00fd j\u00edl lze pou\u017e\u00edvat jak samostatn\u011b, tak jako slo\u017eku r\u016fzn\u00fdch kosmetick\u00fdch p\u0159\u00edpravk\u016f pro osoby s akn\u00f3zn\u00ed plet\u00ed.\" \/>\n<meta property=\"og:url\" content=\"https:\/\/naturalpoland.com\/cs\/produkty\/produkty-pro-kosmeticky-prumysl\/jily\/zeleny-jil\/\" \/>\n<meta property=\"og:site_name\" content=\"NATURAL POLAND - Velkoobchodn\u00ed distributor surovin\" \/>\n<meta property=\"article:publisher\" content=\"https:\/\/www.facebook.com\/naturalpoland.b2b\" \/>\n<meta property=\"article:modified_time\" content=\"2024-08-08T13:01:35+00:00\" \/>\n<meta property=\"og:image\" content=\"https:\/\/naturalpoland.com\/wp-content\/uploads\/2021\/05\/green-clay.jpg\" \/>\n\t<meta property=\"og:image:width\" content=\"264\" \/>\n\t<meta property=\"og:image:height\" content=\"247\" \/>\n\t<meta property=\"og:image:type\" content=\"image\/jpeg\" \/>\n<script type=\"application\/ld+json\" class=\"yoast-schema-graph\">{\"@context\":\"https:\\\/\\\/schema.org\",\"@graph\":[{\"@type\":\"WebPage\",\"@id\":\"https:\\\/\\\/naturalpoland.com\\\/cs\\\/produkty\\\/produkty-pro-kosmeticky-prumysl\\\/jily\\\/zeleny-jil\\\/\",\"url\":\"https:\\\/\\\/naturalpoland.com\\\/cs\\\/produkty\\\/produkty-pro-kosmeticky-prumysl\\\/jily\\\/zeleny-jil\\\/\",\"name\":\"Zelen\u00fd j\u00edl - Velkoobchodn\u00ed distributor\",\"isPartOf\":{\"@id\":\"https:\\\/\\\/naturalpoland.com\\\/cs\\\/#website\"},\"primaryImageOfPage\":{\"@id\":\"https:\\\/\\\/naturalpoland.com\\\/cs\\\/produkty\\\/produkty-pro-kosmeticky-prumysl\\\/jily\\\/zeleny-jil\\\/#primaryimage\"},\"image\":{\"@id\":\"https:\\\/\\\/naturalpoland.com\\\/cs\\\/produkty\\\/produkty-pro-kosmeticky-prumysl\\\/jily\\\/zeleny-jil\\\/#primaryimage\"},\"thumbnailUrl\":\"https:\\\/\\\/naturalpoland.com\\\/wp-content\\\/uploads\\\/2021\\\/05\\\/green-clay.jpg\",\"datePublished\":\"2021-08-06T10:02:06+00:00\",\"dateModified\":\"2024-08-08T13:01:35+00:00\",\"description\":\"Zelen\u00fd j\u00edl lze pou\u017e\u00edvat jak samostatn\u011b, tak jako slo\u017eku r\u016fzn\u00fdch kosmetick\u00fdch p\u0159\u00edpravk\u016f pro osoby s akn\u00f3zn\u00ed plet\u00ed.\",\"breadcrumb\":{\"@id\":\"https:\\\/\\\/naturalpoland.com\\\/cs\\\/produkty\\\/produkty-pro-kosmeticky-prumysl\\\/jily\\\/zeleny-jil\\\/#breadcrumb\"},\"inLanguage\":\"cs\",\"potentialAction\":[{\"@type\":\"ReadAction\",\"target\":[\"https:\\\/\\\/naturalpoland.com\\\/cs\\\/produkty\\\/produkty-pro-kosmeticky-prumysl\\\/jily\\\/zeleny-jil\\\/\"]}]},{\"@type\":\"ImageObject\",\"inLanguage\":\"cs\",\"@id\":\"https:\\\/\\\/naturalpoland.com\\\/cs\\\/produkty\\\/produkty-pro-kosmeticky-prumysl\\\/jily\\\/zeleny-jil\\\/#primaryimage\",\"url\":\"https:\\\/\\\/naturalpoland.com\\\/wp-content\\\/uploads\\\/2021\\\/05\\\/green-clay.jpg\",\"contentUrl\":\"https:\\\/\\\/naturalpoland.com\\\/wp-content\\\/uploads\\\/2021\\\/05\\\/green-clay.jpg\",\"width\":264,\"height\":247},{\"@type\":\"BreadcrumbList\",\"@id\":\"https:\\\/\\\/naturalpoland.com\\\/cs\\\/produkty\\\/produkty-pro-kosmeticky-prumysl\\\/jily\\\/zeleny-jil\\\/#breadcrumb\",\"itemListElement\":[{\"@type\":\"ListItem\",\"position\":1,\"name\":\"Dom\u016f\",\"item\":\"https:\\\/\\\/naturalpoland.com\\\/cs\\\/\"},{\"@type\":\"ListItem\",\"position\":2,\"name\":\"Produkty\",\"item\":\"https:\\\/\\\/naturalpoland.com\\\/cs\\\/produkty\\\/\"},{\"@type\":\"ListItem\",\"position\":3,\"name\":\"Zelen\u00fd j\u00edl\"}]},{\"@type\":\"WebSite\",\"@id\":\"https:\\\/\\\/naturalpoland.com\\\/cs\\\/#website\",\"url\":\"https:\\\/\\\/naturalpoland.com\\\/cs\\\/\",\"name\":\"NATURAL POLAND - Velkoobchodn\u00ed distributor surovin\",\"description\":\"Surowce dla przemys\u0142u spo\u017cywczego, kosmetycznego i farmaceutycznego\",\"publisher\":{\"@id\":\"https:\\\/\\\/naturalpoland.com\\\/cs\\\/#organization\"},\"potentialAction\":[{\"@type\":\"SearchAction\",\"target\":{\"@type\":\"EntryPoint\",\"urlTemplate\":\"https:\\\/\\\/naturalpoland.com\\\/cs\\\/?s={search_term_string}\"},\"query-input\":{\"@type\":\"PropertyValueSpecification\",\"valueRequired\":true,\"valueName\":\"search_term_string\"}}],\"inLanguage\":\"cs\"},{\"@type\":\"Organization\",\"@id\":\"https:\\\/\\\/naturalpoland.com\\\/cs\\\/#organization\",\"name\":\"Natural Poland\",\"url\":\"https:\\\/\\\/naturalpoland.com\\\/cs\\\/\",\"logo\":{\"@type\":\"ImageObject\",\"inLanguage\":\"cs\",\"@id\":\"https:\\\/\\\/naturalpoland.com\\\/cs\\\/#\\\/schema\\\/logo\\\/image\\\/\",\"url\":\"https:\\\/\\\/naturalpoland.com\\\/wp-content\\\/uploads\\\/2021\\\/05\\\/natural-poland-icon.png\",\"contentUrl\":\"https:\\\/\\\/naturalpoland.com\\\/wp-content\\\/uploads\\\/2021\\\/05\\\/natural-poland-icon.png\",\"width\":512,\"height\":512,\"caption\":\"Natural Poland\"},\"image\":{\"@id\":\"https:\\\/\\\/naturalpoland.com\\\/cs\\\/#\\\/schema\\\/logo\\\/image\\\/\"},\"sameAs\":[\"https:\\\/\\\/www.facebook.com\\\/naturalpoland.b2b\",\"https:\\\/\\\/pl.linkedin.com\\\/company\\\/natural-poland\",\"https:\\\/\\\/www.youtube.com\\\/channel\\\/UCgeGGkvOMahZo-xu_MSEWxg\"]}]}<\/script>\n<!-- \/ Yoast SEO plugin. -->","yoast_head_json":{"title":"Zelen\u00fd j\u00edl - Velkoobchodn\u00ed distributor","description":"Zelen\u00fd j\u00edl lze pou\u017e\u00edvat jak samostatn\u011b, tak jako slo\u017eku r\u016fzn\u00fdch kosmetick\u00fdch p\u0159\u00edpravk\u016f pro osoby s akn\u00f3zn\u00ed plet\u00ed.","robots":{"index":"index","follow":"follow","max-snippet":"max-snippet:-1","max-image-preview":"max-image-preview:large","max-video-preview":"max-video-preview:-1"},"canonical":"https:\/\/naturalpoland.com\/cs\/produkty\/produkty-pro-kosmeticky-prumysl\/jily\/zeleny-jil\/","og_locale":"cs_CZ","og_type":"article","og_title":"Zelen\u00fd j\u00edl - Velkoobchodn\u00ed distributor","og_description":"Zelen\u00fd j\u00edl lze pou\u017e\u00edvat jak samostatn\u011b, tak jako slo\u017eku r\u016fzn\u00fdch kosmetick\u00fdch p\u0159\u00edpravk\u016f pro osoby s akn\u00f3zn\u00ed plet\u00ed.","og_url":"https:\/\/naturalpoland.com\/cs\/produkty\/produkty-pro-kosmeticky-prumysl\/jily\/zeleny-jil\/","og_site_name":"NATURAL POLAND - Velkoobchodn\u00ed distributor surovin","article_publisher":"https:\/\/www.facebook.com\/naturalpoland.b2b","article_modified_time":"2024-08-08T13:01:35+00:00","og_image":[{"width":264,"height":247,"url":"https:\/\/naturalpoland.com\/wp-content\/uploads\/2021\/05\/green-clay.jpg","type":"image\/jpeg"}],"schema":{"@context":"https:\/\/schema.org","@graph":[{"@type":"WebPage","@id":"https:\/\/naturalpoland.com\/cs\/produkty\/produkty-pro-kosmeticky-prumysl\/jily\/zeleny-jil\/","url":"https:\/\/naturalpoland.com\/cs\/produkty\/produkty-pro-kosmeticky-prumysl\/jily\/zeleny-jil\/","name":"Zelen\u00fd j\u00edl - Velkoobchodn\u00ed distributor","isPartOf":{"@id":"https:\/\/naturalpoland.com\/cs\/#website"},"primaryImageOfPage":{"@id":"https:\/\/naturalpoland.com\/cs\/produkty\/produkty-pro-kosmeticky-prumysl\/jily\/zeleny-jil\/#primaryimage"},"image":{"@id":"https:\/\/naturalpoland.com\/cs\/produkty\/produkty-pro-kosmeticky-prumysl\/jily\/zeleny-jil\/#primaryimage"},"thumbnailUrl":"https:\/\/naturalpoland.com\/wp-content\/uploads\/2021\/05\/green-clay.jpg","datePublished":"2021-08-06T10:02:06+00:00","dateModified":"2024-08-08T13:01:35+00:00","description":"Zelen\u00fd j\u00edl lze pou\u017e\u00edvat jak samostatn\u011b, tak jako slo\u017eku r\u016fzn\u00fdch kosmetick\u00fdch p\u0159\u00edpravk\u016f pro osoby s akn\u00f3zn\u00ed plet\u00ed.","breadcrumb":{"@id":"https:\/\/naturalpoland.com\/cs\/produkty\/produkty-pro-kosmeticky-prumysl\/jily\/zeleny-jil\/#breadcrumb"},"inLanguage":"cs","potentialAction":[{"@type":"ReadAction","target":["https:\/\/naturalpoland.com\/cs\/produkty\/produkty-pro-kosmeticky-prumysl\/jily\/zeleny-jil\/"]}]},{"@type":"ImageObject","inLanguage":"cs","@id":"https:\/\/naturalpoland.com\/cs\/produkty\/produkty-pro-kosmeticky-prumysl\/jily\/zeleny-jil\/#primaryimage","url":"https:\/\/naturalpoland.com\/wp-content\/uploads\/2021\/05\/green-clay.jpg","contentUrl":"https:\/\/naturalpoland.com\/wp-content\/uploads\/2021\/05\/green-clay.jpg","width":264,"height":247},{"@type":"BreadcrumbList","@id":"https:\/\/naturalpoland.com\/cs\/produkty\/produkty-pro-kosmeticky-prumysl\/jily\/zeleny-jil\/#breadcrumb","itemListElement":[{"@type":"ListItem","position":1,"name":"Dom\u016f","item":"https:\/\/naturalpoland.com\/cs\/"},{"@type":"ListItem","position":2,"name":"Produkty","item":"https:\/\/naturalpoland.com\/cs\/produkty\/"},{"@type":"ListItem","position":3,"name":"Zelen\u00fd j\u00edl"}]},{"@type":"WebSite","@id":"https:\/\/naturalpoland.com\/cs\/#website","url":"https:\/\/naturalpoland.com\/cs\/","name":"NATURAL POLAND - Velkoobchodn\u00ed distributor surovin","description":"Surowce dla przemys\u0142u spo\u017cywczego, kosmetycznego i farmaceutycznego","publisher":{"@id":"https:\/\/naturalpoland.com\/cs\/#organization"},"potentialAction":[{"@type":"SearchAction","target":{"@type":"EntryPoint","urlTemplate":"https:\/\/naturalpoland.com\/cs\/?s={search_term_string}"},"query-input":{"@type":"PropertyValueSpecification","valueRequired":true,"valueName":"search_term_string"}}],"inLanguage":"cs"},{"@type":"Organization","@id":"https:\/\/naturalpoland.com\/cs\/#organization","name":"Natural Poland","url":"https:\/\/naturalpoland.com\/cs\/","logo":{"@type":"ImageObject","inLanguage":"cs","@id":"https:\/\/naturalpoland.com\/cs\/#\/schema\/logo\/image\/","url":"https:\/\/naturalpoland.com\/wp-content\/uploads\/2021\/05\/natural-poland-icon.png","contentUrl":"https:\/\/naturalpoland.com\/wp-content\/uploads\/2021\/05\/natural-poland-icon.png","width":512,"height":512,"caption":"Natural Poland"},"image":{"@id":"https:\/\/naturalpoland.com\/cs\/#\/schema\/logo\/image\/"},"sameAs":["https:\/\/www.facebook.com\/naturalpoland.b2b","https:\/\/pl.linkedin.com\/company\/natural-poland","https:\/\/www.youtube.com\/channel\/UCgeGGkvOMahZo-xu_MSEWxg"]}]}},"_links":{"self":[{"href":"https:\/\/naturalpoland.com\/cs\/wp-json\/wp\/v2\/product\/5774","targetHints":{"allow":["GET"]}}],"collection":[{"href":"https:\/\/naturalpoland.com\/cs\/wp-json\/wp\/v2\/product"}],"about":[{"href":"https:\/\/naturalpoland.com\/cs\/wp-json\/wp\/v2\/types\/product"}],"wp:featuredmedia":[{"embeddable":true,"href":"https:\/\/naturalpoland.com\/cs\/wp-json\/wp\/v2\/media\/5775"}],"wp:attachment":[{"href":"https:\/\/naturalpoland.com\/cs\/wp-json\/wp\/v2\/media?parent=5774"}],"wp:term":[{"taxonomy":"product_brand","embeddable":true,"href":"https:\/\/naturalpoland.com\/cs\/wp-json\/wp\/v2\/product_brand?post=5774"},{"taxonomy":"product_cat","embeddable":true,"href":"https:\/\/naturalpoland.com\/cs\/wp-json\/wp\/v2\/product_cat?post=5774"},{"taxonomy":"product_tag","embeddable":true,"href":"https:\/\/naturalpoland.com\/cs\/wp-json\/wp\/v2\/product_tag?post=5774"}],"curies":[{"name":"wp","href":"https:\/\/api.w.org\/{rel}","templated":true}]}}