{"id":6113,"date":"2021-08-18T15:01:40","date_gmt":"2021-08-18T13:01:40","guid":{"rendered":"https:\/\/naturalpoland.pl\/pagina-principal\/"},"modified":"2026-04-20T15:11:12","modified_gmt":"2026-04-20T13:11:12","slug":"pagina-de-inicio","status":"publish","type":"page","link":"https:\/\/naturalpoland.com\/es\/","title":{"rendered":"P\u00e1gina principal"},"content":{"rendered":"\n\n\t<section class=\"section dark hide-for-small\" id=\"section_755524778\">\n\t\t<div class=\"section-bg fill\" >\n\t\t\t<img decoding=\"async\" width=\"1200\" height=\"672\" src=\"https:\/\/naturalpoland.com\/wp-content\/uploads\/naturalpoland.jpg\" class=\"bg attachment-original size-original\" alt=\"\" \/>\t\t\t\t\t\t<div class=\"section-bg-overlay absolute fill\"><\/div>\n\t\t\t\n\n\t\t<\/div>\n\n\t\t\n\n\t\t<div class=\"section-content relative\">\n\t\t\t\n\n<div class=\"row\"  id=\"row-1316070964\">\n\n\n\t<div id=\"col-986207727\" class=\"col medium-7 small-12 large-7 small-col-first\"  >\n\t\t\t\t<div class=\"col-inner\"  >\n\t\t\t\n\t\t\t\n\n\t<div id=\"text-1306579153\" class=\"text\">\n\t\t\n\n<h1 class=\"uppercase\"><span style=\"font-size: 150%;\"><strong>DISTRIBUIDOR MAYORISTA DE MATERIAS PRIMAS <\/strong><\/span><\/h1>\n<h2>para la industria alimentaria, cosm\u00e9tica y farmac\u00e9utica<\/h2>\n<p>Invitamos a contactar<\/p>\n\t\t\n<style>\n#text-1306579153 {\n  text-align: center;\n}\n<\/style>\n\t<\/div>\n\t\n<a href=\"tel:+48221121097\" class=\"button primary is-large expand\" >\n\t<i class=\"icon-phone\" aria-hidden=\"true\"><\/i>\t<span>LLAMAR AL +48 22 112 10 97<\/span>\n\t<\/a>\n\n\n<div class=\"row\"  id=\"row-1634049804\">\n\n\n\t<div id=\"col-2113446260\" class=\"col small-12 large-12\"  >\n\t\t\t\t<div class=\"col-inner text-center\" style=\"background-color:rgb(255, 255, 255);\" >\n\t\t\t\n\t\t\t\n\n<div class=\"row\"  id=\"row-1157682050\">\n\n\n\t<div id=\"col-602579903\" class=\"col medium-3 small-12 large-3\"  >\n\t\t\t\t<div class=\"col-inner text-center\"  >\n\t\t\t\n\t\t\t\n\n\t<div class=\"img has-hover x md-x lg-x y md-y lg-y\" id=\"image_1746102363\">\n\t\t<a class=\"\" href=\"https:\/\/naturalpoland.com\/es\/artykuly\/noticias\/desarrollo-de-la-presencia-internacional-de-la-marca-polonia-natural\/\" target=\"_blank\" rel=\"noopener\" >\t\t\t\t\t\t<div class=\"img-inner dark\" >\n\t\t\t<img decoding=\"async\" width=\"218\" height=\"137\" src=\"https:\/\/naturalpoland.com\/wp-content\/uploads\/logo_fe_smart_growth_rgb-1-12.jpg\" class=\"attachment-large size-large\" alt=\"\" \/>\t\t\t\t\t\t\n\t\t\t\t\t<\/div>\n\t\t\t\t\t\t<\/a>\t\t\n<style>\n#image_1746102363 {\n  width: 100%;\n}\n<\/style>\n\t<\/div>\n\t\n\n\n\t\t<\/div>\n\t\t\t\t\t<\/div>\n\n\t\n\n\t<div id=\"col-644832627\" class=\"col medium-4 small-12 large-4\"  >\n\t\t\t\t<div class=\"col-inner\"  >\n\t\t\t\n\t\t\t\n\n\t<div class=\"img has-hover x md-x lg-x y md-y lg-y\" id=\"image_1604646668\">\n\t\t<a class=\"\" href=\"https:\/\/naturalpoland.com\/es\/artykuly\/noticias\/desarrollo-de-la-presencia-internacional-de-la-marca-polonia-natural\/\" target=\"_blank\" rel=\"noopener\" >\t\t\t\t\t\t<div class=\"img-inner dark\" >\n\t\t\t<img decoding=\"async\" width=\"300\" height=\"122\" src=\"https:\/\/naturalpoland.com\/wp-content\/uploads\/znak_barw_rp_poziom_szara_ramka_rgb_engl1-11.jpg\" class=\"attachment-large size-large\" alt=\"\" \/>\t\t\t\t\t\t\n\t\t\t\t\t<\/div>\n\t\t\t\t\t\t<\/a>\t\t\n<style>\n#image_1604646668 {\n  width: 100%;\n}\n<\/style>\n\t<\/div>\n\t\n\n\n\t\t<\/div>\n\t\t\t\t\t<\/div>\n\n\t\n\n\t<div id=\"col-325823417\" class=\"col medium-4 small-12 large-4\"  >\n\t\t\t\t<div class=\"col-inner\"  >\n\t\t\t\n\t\t\t\n\n\t<div class=\"img has-hover x md-x lg-x y md-y lg-y\" id=\"image_208071682\">\n\t\t<a class=\"\" href=\"https:\/\/naturalpoland.com\/es\/artykuly\/noticias\/desarrollo-de-la-presencia-internacional-de-la-marca-polonia-natural\/\" target=\"_blank\" rel=\"noopener\" >\t\t\t\t\t\t<div class=\"img-inner dark\" >\n\t\t\t<img decoding=\"async\" width=\"348\" height=\"114\" src=\"https:\/\/naturalpoland.com\/wp-content\/uploads\/ue_efrr_rgb-1-11.jpg\" class=\"attachment-large size-large\" alt=\"\" srcset=\"https:\/\/naturalpoland.com\/wp-content\/uploads\/ue_efrr_rgb-1-11.jpg 348w, https:\/\/naturalpoland.com\/wp-content\/uploads\/ue_efrr_rgb-1-11-300x98.jpg 300w\" sizes=\"(max-width: 348px) 100vw, 348px\" \/>\t\t\t\t\t\t\n\t\t\t\t\t<\/div>\n\t\t\t\t\t\t<\/a>\t\t\n<style>\n#image_208071682 {\n  width: 100%;\n}\n<\/style>\n\t<\/div>\n\t\n\n\n\t\t<\/div>\n\t\t\t\t\t<\/div>\n\n\t\n\n<\/div>\n\n\t\t<\/div>\n\t\t\t\t\n<style>\n#col-2113446260 > .col-inner {\n  padding: 40px 0px 0px 0px;\n  margin: 100px 0px 0px 0px;\n}\n<\/style>\n\t<\/div>\n\n\t\n\n<\/div>\n\n\t\t<\/div>\n\t\t\t\t\n<style>\n#col-986207727 > .col-inner {\n  padding: 50px 0px 0px 0px;\n}\n<\/style>\n\t<\/div>\n\n\t\n\n\t<div id=\"col-436642589\" class=\"col hide-for-small medium-5 small-12 large-5\"  >\n\t\t\t\t<div class=\"col-inner dark\" style=\"background-color:rgb(255, 255, 255);\" >\n\t\t\t\n\t\t\t\n\n\n\n<div class=\"pipedriveWebForms\" data-pd-webforms=\"https:\/\/webforms.pipedrive.com\/f\/6NbZyW0Zc4HlU7WUFaGDQFEdYB9Cuevwb6HVJ8jokIfSLoYTcYe0RK3mfN2KQwc2QP\"><script src=\"https:\/\/webforms.pipedrive.com\/f\/loader\"><\/script><\/div>\n\n\n\t\t<\/div>\n\t\t\t\t\n<style>\n#col-436642589 > .col-inner {\n  padding: 30px 25px 0px 25px;\n}\n<\/style>\n\t<\/div>\n\n\t\n\n<\/div>\n\n\t\t<\/div>\n\n\t\t\n<style>\n#section_755524778 {\n  padding-top: 30px;\n  padding-bottom: 30px;\n  min-height: 922px;\n}\n#section_755524778 .section-bg-overlay {\n  background-color: rgba(0, 0, 0, 0.605);\n}\n<\/style>\n\t<\/section>\n\t\n\n\t<section class=\"section hide-for-small\" id=\"section_1046368258\">\n\t\t<div class=\"section-bg fill\" >\n\t\t\t\t\t\t\t\t\t\n\t\t\t\n\n\t\t<\/div>\n\n\t\t\n\n\t\t<div class=\"section-content relative\">\n\t\t\t\n\n<div class=\"container section-title-container\" style=\"margin-top:50px;\"><h3 class=\"section-title section-title-normal\"><b aria-hidden=\"true\"><\/b><span class=\"section-title-main\" style=\"font-size:147%;color:rgb(32, 74, 79);\">NOVEDADES:<\/span><b aria-hidden=\"true\"><\/b><\/h3><\/div>\n\n<div class=\"woocommerce columns-5 \"><div class=\"products row row-small large-columns-5 medium-columns-3 small-columns-2 has-equal-box-heights equalize-box\">\n<div class=\"product-small col has-hover product type-product post-21207 status-publish first instock product_cat-materias-primas-para-cosmeticos product_cat-peptidos has-post-thumbnail shipping-taxable product-type-simple\">\n\t<div class=\"col-inner\">\n\t\n<div class=\"badge-container absolute left top z-1\">\n\n<\/div>\n\t<div class=\"product-small box \">\n\t\t<div class=\"box-image\">\n\t\t\t<div class=\"image-fade_in_back\">\n\t\t\t\t<a href=\"https:\/\/naturalpoland.com\/es\/productos\/productos-para-la-industria-cosmetica\/materias-primas-para-cosmeticos\/peptidos-cobre\/\">\n\t\t\t\t\t<img decoding=\"async\" width=\"247\" height=\"247\" src=\"https:\/\/naturalpoland.com\/wp-content\/uploads\/peptydy-miedziowe-247x247.webp\" class=\"attachment-woocommerce_thumbnail size-woocommerce_thumbnail\" alt=\"peptydy miedziowe\" srcset=\"https:\/\/naturalpoland.com\/wp-content\/uploads\/peptydy-miedziowe-247x247.webp 247w, https:\/\/naturalpoland.com\/wp-content\/uploads\/peptydy-miedziowe-300x300.webp 300w, https:\/\/naturalpoland.com\/wp-content\/uploads\/peptydy-miedziowe-150x150.webp 150w, https:\/\/naturalpoland.com\/wp-content\/uploads\/peptydy-miedziowe-510x510.webp 510w, https:\/\/naturalpoland.com\/wp-content\/uploads\/peptydy-miedziowe-100x100.webp 100w, https:\/\/naturalpoland.com\/wp-content\/uploads\/peptydy-miedziowe.webp 619w\" sizes=\"(max-width: 247px) 100vw, 247px\" \/><img decoding=\"async\" width=\"247\" height=\"247\" src=\"https:\/\/naturalpoland.com\/wp-content\/uploads\/peptydy-miedziowe-247x247.jpg\" class=\"show-on-hover absolute fill hide-for-small back-image\" alt=\"p\u00e9ptidos de cobre\" aria-hidden=\"true\" srcset=\"https:\/\/naturalpoland.com\/wp-content\/uploads\/peptydy-miedziowe-247x247.jpg 247w, https:\/\/naturalpoland.com\/wp-content\/uploads\/peptydy-miedziowe-100x100.jpg 100w, https:\/\/naturalpoland.com\/wp-content\/uploads\/peptydy-miedziowe-510x510.jpg 510w, https:\/\/naturalpoland.com\/wp-content\/uploads\/peptydy-miedziowe-300x300.jpg 300w, https:\/\/naturalpoland.com\/wp-content\/uploads\/peptydy-miedziowe-150x150.jpg 150w, https:\/\/naturalpoland.com\/wp-content\/uploads\/peptydy-miedziowe.jpg 600w\" sizes=\"(max-width: 247px) 100vw, 247px\" \/>\t\t\t\t<\/a>\n\t\t\t<\/div>\n\t\t\t<div class=\"image-tools is-small top right show-on-hover\">\n\t\t\t\t\t\t\t<\/div>\n\t\t\t<div class=\"image-tools is-small hide-for-small bottom left show-on-hover\">\n\t\t\t\t\t\t\t<\/div>\n\t\t\t<div class=\"image-tools grid-tools text-center hide-for-small bottom hover-slide-in show-on-hover\">\n\t\t\t\t\t\t\t<\/div>\n\t\t\t\t\t<\/div>\n\n\t\t<div class=\"box-text box-text-products\">\n\t\t\t<div class=\"title-wrapper\">\t\t<p class=\"category uppercase is-smaller no-text-overflow product-cat op-8\">\n\t\t\tMaterias primas cosm\u00e9ticas\t\t<\/p>\n\t<p class=\"name product-title woocommerce-loop-product__title\"><a href=\"https:\/\/naturalpoland.com\/es\/productos\/productos-para-la-industria-cosmetica\/materias-primas-para-cosmeticos\/peptidos-cobre\/\" class=\"woocommerce-LoopProduct-link woocommerce-loop-product__link\">P\u00e9ptidos de cobre<\/a><\/p><\/div><div class=\"price-wrapper\"><\/div>\t\t<\/div>\n\t<\/div>\n\t\t<\/div>\n<\/div><div class=\"product-small col has-hover product type-product post-11424 status-publish instock product_cat-mantecas-cosmeticas has-post-thumbnail shipping-taxable product-type-simple\">\n\t<div class=\"col-inner\">\n\t\n<div class=\"badge-container absolute left top z-1\">\n\n<\/div>\n\t<div class=\"product-small box \">\n\t\t<div class=\"box-image\">\n\t\t\t<div class=\"image-fade_in_back\">\n\t\t\t\t<a href=\"https:\/\/naturalpoland.com\/es\/productos\/productos-para-la-industria-cosmetica\/mantecas-cosmeticas\/mantequilla-de-cocoa\/\">\n\t\t\t\t\t<img decoding=\"async\" width=\"247\" height=\"247\" src=\"https:\/\/naturalpoland.com\/wp-content\/uploads\/maslo-kakaowe-247x247.webp\" class=\"attachment-woocommerce_thumbnail size-woocommerce_thumbnail\" alt=\"mas\u0142o kakaowe\" srcset=\"https:\/\/naturalpoland.com\/wp-content\/uploads\/maslo-kakaowe-247x247.webp 247w, https:\/\/naturalpoland.com\/wp-content\/uploads\/maslo-kakaowe-300x300.webp 300w, https:\/\/naturalpoland.com\/wp-content\/uploads\/maslo-kakaowe-150x150.webp 150w, https:\/\/naturalpoland.com\/wp-content\/uploads\/maslo-kakaowe-510x510.webp 510w, https:\/\/naturalpoland.com\/wp-content\/uploads\/maslo-kakaowe-100x100.webp 100w, https:\/\/naturalpoland.com\/wp-content\/uploads\/maslo-kakaowe.webp 619w\" sizes=\"(max-width: 247px) 100vw, 247px\" \/>\t\t\t\t<\/a>\n\t\t\t<\/div>\n\t\t\t<div class=\"image-tools is-small top right show-on-hover\">\n\t\t\t\t\t\t\t<\/div>\n\t\t\t<div class=\"image-tools is-small hide-for-small bottom left show-on-hover\">\n\t\t\t\t\t\t\t<\/div>\n\t\t\t<div class=\"image-tools grid-tools text-center hide-for-small bottom hover-slide-in show-on-hover\">\n\t\t\t\t\t\t\t<\/div>\n\t\t\t\t\t<\/div>\n\n\t\t<div class=\"box-text box-text-products\">\n\t\t\t<div class=\"title-wrapper\">\t\t<p class=\"category uppercase is-smaller no-text-overflow product-cat op-8\">\n\t\t\tMantecas cosm\u00e9ticas\t\t<\/p>\n\t<p class=\"name product-title woocommerce-loop-product__title\"><a href=\"https:\/\/naturalpoland.com\/es\/productos\/productos-para-la-industria-cosmetica\/mantecas-cosmeticas\/mantequilla-de-cocoa\/\" class=\"woocommerce-LoopProduct-link woocommerce-loop-product__link\">Mantequilla de cocoa<\/a><\/p><\/div><div class=\"price-wrapper\"><\/div>\t\t<\/div>\n\t<\/div>\n\t\t<\/div>\n<\/div><div class=\"product-small col has-hover product type-product post-27271 status-publish instock product_cat-aditivos-para-complementos-alimenticios has-post-thumbnail shipping-taxable product-type-simple\">\n\t<div class=\"col-inner\">\n\t\n<div class=\"badge-container absolute left top z-1\">\n\n<\/div>\n\t<div class=\"product-small box \">\n\t\t<div class=\"box-image\">\n\t\t\t<div class=\"image-fade_in_back\">\n\t\t\t\t<a href=\"https:\/\/naturalpoland.com\/es\/productos\/productos-para-la-industria-farmaceutica-y-medica\/aditivos-para-complementos-alimenticios\/lactoferrina\/\">\n\t\t\t\t\t<img decoding=\"async\" width=\"247\" height=\"247\" src=\"https:\/\/naturalpoland.com\/wp-content\/uploads\/laktoferyna-1-247x247.png\" class=\"attachment-woocommerce_thumbnail size-woocommerce_thumbnail\" alt=\"lactoferrina\" srcset=\"https:\/\/naturalpoland.com\/wp-content\/uploads\/laktoferyna-1-247x247.png 247w, https:\/\/naturalpoland.com\/wp-content\/uploads\/laktoferyna-1-300x300.png 300w, https:\/\/naturalpoland.com\/wp-content\/uploads\/laktoferyna-1-150x150.png 150w, https:\/\/naturalpoland.com\/wp-content\/uploads\/laktoferyna-1-510x510.png 510w, https:\/\/naturalpoland.com\/wp-content\/uploads\/laktoferyna-1-100x100.png 100w, https:\/\/naturalpoland.com\/wp-content\/uploads\/laktoferyna-1.png 618w\" sizes=\"(max-width: 247px) 100vw, 247px\" \/>\t\t\t\t<\/a>\n\t\t\t<\/div>\n\t\t\t<div class=\"image-tools is-small top right show-on-hover\">\n\t\t\t\t\t\t\t<\/div>\n\t\t\t<div class=\"image-tools is-small hide-for-small bottom left show-on-hover\">\n\t\t\t\t\t\t\t<\/div>\n\t\t\t<div class=\"image-tools grid-tools text-center hide-for-small bottom hover-slide-in show-on-hover\">\n\t\t\t\t\t\t\t<\/div>\n\t\t\t\t\t<\/div>\n\n\t\t<div class=\"box-text box-text-products\">\n\t\t\t<div class=\"title-wrapper\">\t\t<p class=\"category uppercase is-smaller no-text-overflow product-cat op-8\">\n\t\t\tAditivos para suplementos diet\u00e9ticos\t\t<\/p>\n\t<p class=\"name product-title woocommerce-loop-product__title\"><a href=\"https:\/\/naturalpoland.com\/es\/productos\/productos-para-la-industria-farmaceutica-y-medica\/aditivos-para-complementos-alimenticios\/lactoferrina\/\" class=\"woocommerce-LoopProduct-link woocommerce-loop-product__link\">Lactoferrina<\/a><\/p><\/div><div class=\"price-wrapper\"><\/div>\t\t<\/div>\n\t<\/div>\n\t\t<\/div>\n<\/div><div class=\"product-small col has-hover product type-product post-11137 status-publish instock product_cat-aditivos-para-complementos-alimenticios product_cat-aminoacidos has-post-thumbnail shipping-taxable product-type-simple\">\n\t<div class=\"col-inner\">\n\t\n<div class=\"badge-container absolute left top z-1\">\n\n<\/div>\n\t<div class=\"product-small box \">\n\t\t<div class=\"box-image\">\n\t\t\t<div class=\"image-fade_in_back\">\n\t\t\t\t<a href=\"https:\/\/naturalpoland.com\/es\/productos\/productos-para-la-industria-farmaceutica-y-medica\/aminoacidos\/l-teanina-2\/\">\n\t\t\t\t\t<img decoding=\"async\" width=\"247\" height=\"247\" src=\"https:\/\/naturalpoland.com\/wp-content\/uploads\/l-teanina-suplement-247x247.webp\" class=\"attachment-woocommerce_thumbnail size-woocommerce_thumbnail\" alt=\"L-teanina w proszku\" srcset=\"https:\/\/naturalpoland.com\/wp-content\/uploads\/l-teanina-suplement-247x247.webp 247w, https:\/\/naturalpoland.com\/wp-content\/uploads\/l-teanina-suplement-300x300.webp 300w, https:\/\/naturalpoland.com\/wp-content\/uploads\/l-teanina-suplement-150x150.webp 150w, https:\/\/naturalpoland.com\/wp-content\/uploads\/l-teanina-suplement-510x510.webp 510w, https:\/\/naturalpoland.com\/wp-content\/uploads\/l-teanina-suplement-100x100.webp 100w, https:\/\/naturalpoland.com\/wp-content\/uploads\/l-teanina-suplement.webp 614w\" sizes=\"(max-width: 247px) 100vw, 247px\" \/>\t\t\t\t<\/a>\n\t\t\t<\/div>\n\t\t\t<div class=\"image-tools is-small top right show-on-hover\">\n\t\t\t\t\t\t\t<\/div>\n\t\t\t<div class=\"image-tools is-small hide-for-small bottom left show-on-hover\">\n\t\t\t\t\t\t\t<\/div>\n\t\t\t<div class=\"image-tools grid-tools text-center hide-for-small bottom hover-slide-in show-on-hover\">\n\t\t\t\t\t\t\t<\/div>\n\t\t\t\t\t<\/div>\n\n\t\t<div class=\"box-text box-text-products\">\n\t\t\t<div class=\"title-wrapper\">\t\t<p class=\"category uppercase is-smaller no-text-overflow product-cat op-8\">\n\t\t\tAditivos para suplementos diet\u00e9ticos\t\t<\/p>\n\t<p class=\"name product-title woocommerce-loop-product__title\"><a href=\"https:\/\/naturalpoland.com\/es\/productos\/productos-para-la-industria-farmaceutica-y-medica\/aminoacidos\/l-teanina-2\/\" class=\"woocommerce-LoopProduct-link woocommerce-loop-product__link\">L-teanina<\/a><\/p><\/div><div class=\"price-wrapper\"><\/div>\t\t<\/div>\n\t<\/div>\n\t\t<\/div>\n<\/div><div class=\"product-small col has-hover product type-product post-12439 status-publish last instock product_cat-aditivos-para-complementos-alimenticios has-post-thumbnail shipping-taxable product-type-simple\">\n\t<div class=\"col-inner\">\n\t\n<div class=\"badge-container absolute left top z-1\">\n\n<\/div>\n\t<div class=\"product-small box \">\n\t\t<div class=\"box-image\">\n\t\t\t<div class=\"image-fade_in_back\">\n\t\t\t\t<a href=\"https:\/\/naturalpoland.com\/es\/productos\/productos-para-la-industria-farmaceutica-y-medica\/aditivos-para-complementos-alimenticios\/indol-3-carbinol\/\">\n\t\t\t\t\t<img decoding=\"async\" width=\"247\" height=\"200\" src=\"https:\/\/naturalpoland.com\/wp-content\/uploads\/2021\/05\/indole-3-carbinol-247x200.jpg\" class=\"attachment-woocommerce_thumbnail size-woocommerce_thumbnail\" alt=\"Indol-3-carbinol\" \/>\t\t\t\t<\/a>\n\t\t\t<\/div>\n\t\t\t<div class=\"image-tools is-small top right show-on-hover\">\n\t\t\t\t\t\t\t<\/div>\n\t\t\t<div class=\"image-tools is-small hide-for-small bottom left show-on-hover\">\n\t\t\t\t\t\t\t<\/div>\n\t\t\t<div class=\"image-tools grid-tools text-center hide-for-small bottom hover-slide-in show-on-hover\">\n\t\t\t\t\t\t\t<\/div>\n\t\t\t\t\t<\/div>\n\n\t\t<div class=\"box-text box-text-products\">\n\t\t\t<div class=\"title-wrapper\">\t\t<p class=\"category uppercase is-smaller no-text-overflow product-cat op-8\">\n\t\t\tAditivos para suplementos diet\u00e9ticos\t\t<\/p>\n\t<p class=\"name product-title woocommerce-loop-product__title\"><a href=\"https:\/\/naturalpoland.com\/es\/productos\/productos-para-la-industria-farmaceutica-y-medica\/aditivos-para-complementos-alimenticios\/indol-3-carbinol\/\" class=\"woocommerce-LoopProduct-link woocommerce-loop-product__link\">Indol-3-carbinol<\/a><\/p><\/div><div class=\"price-wrapper\"><\/div>\t\t<\/div>\n\t<\/div>\n\t\t<\/div>\n<\/div><div class=\"product-small col has-hover product type-product post-23511 status-publish first instock product_cat-extractos-de-setas has-post-thumbnail shipping-taxable product-type-simple\">\n\t<div class=\"col-inner\">\n\t\n<div class=\"badge-container absolute left top z-1\">\n\n<\/div>\n\t<div class=\"product-small box \">\n\t\t<div class=\"box-image\">\n\t\t\t<div class=\"image-fade_in_back\">\n\t\t\t\t<a href=\"https:\/\/naturalpoland.com\/es\/productos\/productos-para-la-industria-farmaceutica-y-medica\/extractos-de-setas\/blyscope-subcorn-chaga\/\">\n\t\t\t\t\t<img decoding=\"async\" width=\"247\" height=\"247\" src=\"https:\/\/naturalpoland.com\/wp-content\/uploads\/ekstrakt-z-chaga-247x247.webp\" class=\"attachment-woocommerce_thumbnail size-woocommerce_thumbnail\" alt=\"ekstrakt proszkowy z grzyb\u00f3w chaga\" srcset=\"https:\/\/naturalpoland.com\/wp-content\/uploads\/ekstrakt-z-chaga-247x247.webp 247w, https:\/\/naturalpoland.com\/wp-content\/uploads\/ekstrakt-z-chaga-300x300.webp 300w, https:\/\/naturalpoland.com\/wp-content\/uploads\/ekstrakt-z-chaga-150x150.webp 150w, https:\/\/naturalpoland.com\/wp-content\/uploads\/ekstrakt-z-chaga-768x768.webp 768w, https:\/\/naturalpoland.com\/wp-content\/uploads\/ekstrakt-z-chaga-510x510.webp 510w, https:\/\/naturalpoland.com\/wp-content\/uploads\/ekstrakt-z-chaga-100x100.webp 100w, https:\/\/naturalpoland.com\/wp-content\/uploads\/ekstrakt-z-chaga.webp 1024w\" sizes=\"(max-width: 247px) 100vw, 247px\" \/><img decoding=\"async\" width=\"247\" height=\"247\" src=\"https:\/\/naturalpoland.com\/wp-content\/uploads\/chaga-247x247.jpg\" class=\"show-on-hover absolute fill hide-for-small back-image\" alt=\"setas chaga\" aria-hidden=\"true\" srcset=\"https:\/\/naturalpoland.com\/wp-content\/uploads\/chaga-247x247.jpg 247w, https:\/\/naturalpoland.com\/wp-content\/uploads\/chaga-100x100.jpg 100w, https:\/\/naturalpoland.com\/wp-content\/uploads\/chaga-510x510.jpg 510w, https:\/\/naturalpoland.com\/wp-content\/uploads\/chaga-300x300.jpg 300w, https:\/\/naturalpoland.com\/wp-content\/uploads\/chaga-150x150.jpg 150w, https:\/\/naturalpoland.com\/wp-content\/uploads\/chaga.jpg 600w\" sizes=\"(max-width: 247px) 100vw, 247px\" \/>\t\t\t\t<\/a>\n\t\t\t<\/div>\n\t\t\t<div class=\"image-tools is-small top right show-on-hover\">\n\t\t\t\t\t\t\t<\/div>\n\t\t\t<div class=\"image-tools is-small hide-for-small bottom left show-on-hover\">\n\t\t\t\t\t\t\t<\/div>\n\t\t\t<div class=\"image-tools grid-tools text-center hide-for-small bottom hover-slide-in show-on-hover\">\n\t\t\t\t\t\t\t<\/div>\n\t\t\t\t\t<\/div>\n\n\t\t<div class=\"box-text box-text-products\">\n\t\t\t<div class=\"title-wrapper\">\t\t<p class=\"category uppercase is-smaller no-text-overflow product-cat op-8\">\n\t\t\tExtractos de setas\t\t<\/p>\n\t<p class=\"name product-title woocommerce-loop-product__title\"><a href=\"https:\/\/naturalpoland.com\/es\/productos\/productos-para-la-industria-farmaceutica-y-medica\/extractos-de-setas\/blyscope-subcorn-chaga\/\" class=\"woocommerce-LoopProduct-link woocommerce-loop-product__link\">Hilera subcortical (Chaga)<\/a><\/p><\/div><div class=\"price-wrapper\"><\/div>\t\t<\/div>\n\t<\/div>\n\t\t<\/div>\n<\/div><div class=\"product-small col has-hover product type-product post-10797 status-publish instock product_cat-aditivos-para-complementos-alimenticios product_cat-materias-primas-para-cosmeticos has-post-thumbnail shipping-taxable product-type-simple\">\n\t<div class=\"col-inner\">\n\t\n<div class=\"badge-container absolute left top z-1\">\n\n<\/div>\n\t<div class=\"product-small box \">\n\t\t<div class=\"box-image\">\n\t\t\t<div class=\"image-fade_in_back\">\n\t\t\t\t<a href=\"https:\/\/naturalpoland.com\/es\/productos\/productos-para-la-industria-farmaceutica-y-medica\/aditivos-para-complementos-alimenticios\/acido-hialuronico\/\">\n\t\t\t\t\t<img decoding=\"async\" width=\"247\" height=\"247\" src=\"https:\/\/naturalpoland.com\/wp-content\/uploads\/hialuronian-sodu-247x247.webp\" class=\"attachment-woocommerce_thumbnail size-woocommerce_thumbnail\" alt=\"hialuronato de sodio\" srcset=\"https:\/\/naturalpoland.com\/wp-content\/uploads\/hialuronian-sodu-247x247.webp 247w, https:\/\/naturalpoland.com\/wp-content\/uploads\/hialuronian-sodu-300x300.webp 300w, https:\/\/naturalpoland.com\/wp-content\/uploads\/hialuronian-sodu-150x150.webp 150w, https:\/\/naturalpoland.com\/wp-content\/uploads\/hialuronian-sodu-510x510.webp 510w, https:\/\/naturalpoland.com\/wp-content\/uploads\/hialuronian-sodu-100x100.webp 100w, https:\/\/naturalpoland.com\/wp-content\/uploads\/hialuronian-sodu.webp 590w\" sizes=\"(max-width: 247px) 100vw, 247px\" \/>\t\t\t\t<\/a>\n\t\t\t<\/div>\n\t\t\t<div class=\"image-tools is-small top right show-on-hover\">\n\t\t\t\t\t\t\t<\/div>\n\t\t\t<div class=\"image-tools is-small hide-for-small bottom left show-on-hover\">\n\t\t\t\t\t\t\t<\/div>\n\t\t\t<div class=\"image-tools grid-tools text-center hide-for-small bottom hover-slide-in show-on-hover\">\n\t\t\t\t\t\t\t<\/div>\n\t\t\t\t\t<\/div>\n\n\t\t<div class=\"box-text box-text-products\">\n\t\t\t<div class=\"title-wrapper\">\t\t<p class=\"category uppercase is-smaller no-text-overflow product-cat op-8\">\n\t\t\tAditivos para suplementos diet\u00e9ticos\t\t<\/p>\n\t<p class=\"name product-title woocommerce-loop-product__title\"><a href=\"https:\/\/naturalpoland.com\/es\/productos\/productos-para-la-industria-farmaceutica-y-medica\/aditivos-para-complementos-alimenticios\/acido-hialuronico\/\" class=\"woocommerce-LoopProduct-link woocommerce-loop-product__link\">Hialuronato de sodio<\/a><\/p><\/div><div class=\"price-wrapper\"><\/div>\t\t<\/div>\n\t<\/div>\n\t\t<\/div>\n<\/div><div class=\"product-small col has-hover product type-product post-12241 status-publish instock product_cat-extractos-de-plantas has-post-thumbnail shipping-taxable product-type-simple\">\n\t<div class=\"col-inner\">\n\t\n<div class=\"badge-container absolute left top z-1\">\n\n<\/div>\n\t<div class=\"product-small box \">\n\t\t<div class=\"box-image\">\n\t\t\t<div class=\"image-fade_in_back\">\n\t\t\t\t<a href=\"https:\/\/naturalpoland.com\/es\/productos\/extractos-de-plantas\/extracto-de-ginkgo-biloba\/\">\n\t\t\t\t\t<img decoding=\"async\" width=\"247\" height=\"247\" src=\"https:\/\/naturalpoland.com\/wp-content\/uploads\/ekstrakt-ginkgo-biloba-247x247.webp\" class=\"attachment-woocommerce_thumbnail size-woocommerce_thumbnail\" alt=\"Ekstrakt z li\u015bci Ginkgo biloba\" srcset=\"https:\/\/naturalpoland.com\/wp-content\/uploads\/ekstrakt-ginkgo-biloba-247x247.webp 247w, https:\/\/naturalpoland.com\/wp-content\/uploads\/ekstrakt-ginkgo-biloba-300x300.webp 300w, https:\/\/naturalpoland.com\/wp-content\/uploads\/ekstrakt-ginkgo-biloba-150x150.webp 150w, https:\/\/naturalpoland.com\/wp-content\/uploads\/ekstrakt-ginkgo-biloba-510x510.webp 510w, https:\/\/naturalpoland.com\/wp-content\/uploads\/ekstrakt-ginkgo-biloba-100x100.webp 100w, https:\/\/naturalpoland.com\/wp-content\/uploads\/ekstrakt-ginkgo-biloba.webp 614w\" sizes=\"(max-width: 247px) 100vw, 247px\" \/><img decoding=\"async\" width=\"247\" height=\"247\" src=\"https:\/\/naturalpoland.com\/wp-content\/uploads\/2021\/05\/ginkgo-biloba-extract-247x247.jpg\" class=\"show-on-hover absolute fill hide-for-small back-image\" alt=\"Mi\u0142orz\u0105b japo\u0144ski\" aria-hidden=\"true\" srcset=\"https:\/\/naturalpoland.com\/wp-content\/uploads\/2021\/05\/ginkgo-biloba-extract-247x247.jpg 247w, https:\/\/naturalpoland.com\/wp-content\/uploads\/2021\/05\/ginkgo-biloba-extract-100x100.jpg 100w\" sizes=\"(max-width: 247px) 100vw, 247px\" \/>\t\t\t\t<\/a>\n\t\t\t<\/div>\n\t\t\t<div class=\"image-tools is-small top right show-on-hover\">\n\t\t\t\t\t\t\t<\/div>\n\t\t\t<div class=\"image-tools is-small hide-for-small bottom left show-on-hover\">\n\t\t\t\t\t\t\t<\/div>\n\t\t\t<div class=\"image-tools grid-tools text-center hide-for-small bottom hover-slide-in show-on-hover\">\n\t\t\t\t\t\t\t<\/div>\n\t\t\t\t\t<\/div>\n\n\t\t<div class=\"box-text box-text-products\">\n\t\t\t<div class=\"title-wrapper\">\t\t<p class=\"category uppercase is-smaller no-text-overflow product-cat op-8\">\n\t\t\tExtractos vegetales\t\t<\/p>\n\t<p class=\"name product-title woocommerce-loop-product__title\"><a href=\"https:\/\/naturalpoland.com\/es\/productos\/extractos-de-plantas\/extracto-de-ginkgo-biloba\/\" class=\"woocommerce-LoopProduct-link woocommerce-loop-product__link\">Extracto de ginkgo biloba<\/a><\/p><\/div><div class=\"price-wrapper\"><\/div>\t\t<\/div>\n\t<\/div>\n\t\t<\/div>\n<\/div><div class=\"product-small col has-hover product type-product post-11872 status-publish instock product_cat-aceites-alimentarios product_cat-aceites-alimentarios-y-cosmeticos product_cat-aceites-cosmeticos has-post-thumbnail shipping-taxable product-type-simple\">\n\t<div class=\"col-inner\">\n\t\n<div class=\"badge-container absolute left top z-1\">\n\n<\/div>\n\t<div class=\"product-small box \">\n\t\t<div class=\"box-image\">\n\t\t\t<div class=\"image-fade_in_back\">\n\t\t\t\t<a href=\"https:\/\/naturalpoland.com\/es\/productos\/productos-para-la-industria-cosmetica\/aceites-cosmeticos\/aceite-de-semilla-de-espino-amarillo\/\">\n\t\t\t\t\t<img decoding=\"async\" width=\"247\" height=\"247\" src=\"https:\/\/naturalpoland.com\/wp-content\/uploads\/olej-z-nasion-rokitnika-247x247.jpg\" class=\"attachment-woocommerce_thumbnail size-woocommerce_thumbnail\" alt=\"Aceite de semilla de espino amarillo\" srcset=\"https:\/\/naturalpoland.com\/wp-content\/uploads\/olej-z-nasion-rokitnika-247x247.jpg 247w, https:\/\/naturalpoland.com\/wp-content\/uploads\/olej-z-nasion-rokitnika-100x100.jpg 100w, https:\/\/naturalpoland.com\/wp-content\/uploads\/olej-z-nasion-rokitnika-150x150.jpg 150w\" sizes=\"(max-width: 247px) 100vw, 247px\" \/>\t\t\t\t<\/a>\n\t\t\t<\/div>\n\t\t\t<div class=\"image-tools is-small top right show-on-hover\">\n\t\t\t\t\t\t\t<\/div>\n\t\t\t<div class=\"image-tools is-small hide-for-small bottom left show-on-hover\">\n\t\t\t\t\t\t\t<\/div>\n\t\t\t<div class=\"image-tools grid-tools text-center hide-for-small bottom hover-slide-in show-on-hover\">\n\t\t\t\t\t\t\t<\/div>\n\t\t\t\t\t<\/div>\n\n\t\t<div class=\"box-text box-text-products\">\n\t\t\t<div class=\"title-wrapper\">\t\t<p class=\"category uppercase is-smaller no-text-overflow product-cat op-8\">\n\t\t\tAceites alimentarios\t\t<\/p>\n\t<p class=\"name product-title woocommerce-loop-product__title\"><a href=\"https:\/\/naturalpoland.com\/es\/productos\/productos-para-la-industria-cosmetica\/aceites-cosmeticos\/aceite-de-semilla-de-espino-amarillo\/\" class=\"woocommerce-LoopProduct-link woocommerce-loop-product__link\">Aceite de semilla de espino amarillo<\/a><\/p><\/div><div class=\"price-wrapper\"><\/div>\t\t<\/div>\n\t<\/div>\n\t\t<\/div>\n<\/div><div class=\"product-small col has-hover product type-product post-11402 status-publish last instock product_cat-aceites-alimentarios-y-cosmeticos product_cat-aceites-cosmeticos has-post-thumbnail shipping-taxable product-type-simple\">\n\t<div class=\"col-inner\">\n\t\n<div class=\"badge-container absolute left top z-1\">\n\n<\/div>\n\t<div class=\"product-small box \">\n\t\t<div class=\"box-image\">\n\t\t\t<div class=\"image-fade_in_back\">\n\t\t\t\t<a href=\"https:\/\/naturalpoland.com\/es\/productos\/productos-para-la-industria-cosmetica\/aceites-cosmeticos\/aceite-de-argan\/\">\n\t\t\t\t\t<img decoding=\"async\" width=\"247\" height=\"247\" src=\"https:\/\/naturalpoland.com\/wp-content\/uploads\/argan-oil-247x247.webp\" class=\"attachment-woocommerce_thumbnail size-woocommerce_thumbnail\" alt=\"olej arganowy\" srcset=\"https:\/\/naturalpoland.com\/wp-content\/uploads\/argan-oil-247x247.webp 247w, https:\/\/naturalpoland.com\/wp-content\/uploads\/argan-oil-300x300.webp 300w, https:\/\/naturalpoland.com\/wp-content\/uploads\/argan-oil-150x150.webp 150w, https:\/\/naturalpoland.com\/wp-content\/uploads\/argan-oil-510x510.webp 510w, https:\/\/naturalpoland.com\/wp-content\/uploads\/argan-oil-100x100.webp 100w, https:\/\/naturalpoland.com\/wp-content\/uploads\/argan-oil.webp 619w\" sizes=\"(max-width: 247px) 100vw, 247px\" \/><img decoding=\"async\" width=\"247\" height=\"247\" src=\"https:\/\/naturalpoland.com\/wp-content\/uploads\/olej-arganowy-natural-poland-247x247.jpg\" class=\"show-on-hover absolute fill hide-for-small back-image\" alt=\"aceite de arg\u00e1n natural polonia\" aria-hidden=\"true\" srcset=\"https:\/\/naturalpoland.com\/wp-content\/uploads\/olej-arganowy-natural-poland-247x247.jpg 247w, https:\/\/naturalpoland.com\/wp-content\/uploads\/olej-arganowy-natural-poland-100x100.jpg 100w, https:\/\/naturalpoland.com\/wp-content\/uploads\/olej-arganowy-natural-poland-510x510.jpg 510w, https:\/\/naturalpoland.com\/wp-content\/uploads\/olej-arganowy-natural-poland-300x300.jpg 300w, https:\/\/naturalpoland.com\/wp-content\/uploads\/olej-arganowy-natural-poland-150x150.jpg 150w, https:\/\/naturalpoland.com\/wp-content\/uploads\/olej-arganowy-natural-poland.jpg 650w\" sizes=\"(max-width: 247px) 100vw, 247px\" \/>\t\t\t\t<\/a>\n\t\t\t<\/div>\n\t\t\t<div class=\"image-tools is-small top right show-on-hover\">\n\t\t\t\t\t\t\t<\/div>\n\t\t\t<div class=\"image-tools is-small hide-for-small bottom left show-on-hover\">\n\t\t\t\t\t\t\t<\/div>\n\t\t\t<div class=\"image-tools grid-tools text-center hide-for-small bottom hover-slide-in show-on-hover\">\n\t\t\t\t\t\t\t<\/div>\n\t\t\t\t\t<\/div>\n\n\t\t<div class=\"box-text box-text-products\">\n\t\t\t<div class=\"title-wrapper\">\t\t<p class=\"category uppercase is-smaller no-text-overflow product-cat op-8\">\n\t\t\tAceites alimentarios y cosm\u00e9ticos\t\t<\/p>\n\t<p class=\"name product-title woocommerce-loop-product__title\"><a href=\"https:\/\/naturalpoland.com\/es\/productos\/productos-para-la-industria-cosmetica\/aceites-cosmeticos\/aceite-de-argan\/\" class=\"woocommerce-LoopProduct-link woocommerce-loop-product__link\">Aceite de arg\u00e1n<\/a><\/p><\/div><div class=\"price-wrapper\"><\/div>\t\t<\/div>\n\t<\/div>\n\t\t<\/div>\n<\/div><\/div><!-- row -->\n<\/div>\n\n\n\t\t<\/div>\n\n\t\t\n<style>\n#section_1046368258 {\n  padding-top: 30px;\n  padding-bottom: 30px;\n}\n<\/style>\n\t<\/section>\n\t\n\n\t<section class=\"section\" id=\"section_884556700\">\n\t\t<div class=\"section-bg fill\" >\n\t\t\t\t\t\t\t\t\t<div class=\"section-bg-overlay absolute fill\"><\/div>\n\t\t\t\n\n\t\t<\/div>\n\n\t\t\n\n\t\t<div class=\"section-content relative\">\n\t\t\t\n\n<div class=\"row row-large align-middle\"  id=\"row-418557076\">\n\n\n\t<div id=\"col-416533183\" class=\"col medium-6 small-12 large-6\"  >\n\t\t\t\t<div class=\"col-inner\"  >\n\t\t\t\n\t\t\t\n\n\t<div class=\"img has-hover hide-for-small x md-x lg-x y md-y lg-y\" id=\"image_54490903\">\n\t\t\t\t\t\t\t\t<div class=\"img-inner image-cover dark\" style=\"padding-top:90%;\">\n\t\t\t<img decoding=\"async\" width=\"495\" height=\"455\" src=\"https:\/\/naturalpoland.com\/wp-content\/uploads\/natural-poland-hurtowy-dystrybutor-surowcow-1.jpg\" class=\"attachment-large size-large\" alt=\"Natural Poland Team\" srcset=\"https:\/\/naturalpoland.com\/wp-content\/uploads\/natural-poland-hurtowy-dystrybutor-surowcow-1.jpg 495w, https:\/\/naturalpoland.com\/wp-content\/uploads\/natural-poland-hurtowy-dystrybutor-surowcow-1-300x276.jpg 300w\" sizes=\"(max-width: 495px) 100vw, 495px\" \/>\t\t\t\t\t\t\n\t\t\t\t\t<\/div>\n\t\t\t\t\t\t\t\t\n<style>\n#image_54490903 {\n  width: 100%;\n}\n<\/style>\n\t<\/div>\n\t\n\n\n\t\t<\/div>\n\t\t\t\t\t<\/div>\n\n\t\n\n\t<div id=\"col-243477622\" class=\"col medium-6 small-12 large-6\"  >\n\t\t\t\t<div class=\"col-inner text-left\"  >\n\t\t\t\n\t\t\t\n\n\t<div id=\"text-552408264\" class=\"text\">\n\t\t\n\n<h1>Natural Poland <\/h1>\n<p>Nuestra misi\u00f3n es proporcionar a las empresas los mejores productos de todo el mundo. Nos dedicamos principalmente a la <strong>importaci\u00f3n de materias primas para la industria<\/strong>:  <\/p>\n<ul>\n<li><strong>alimentaria, <\/strong><\/li>\n<li><strong>cosm\u00e9tica <\/strong><\/li>\n<li><strong>farmac\u00e9utica<\/strong>.<\/li>\n<\/ul>\n<p>Nuestros empleados, ubicados en varios rincones del mundo, buscan constantemente proveedores de confianza que ofrezcan las mejores materias primas y aditivos a precios competitivos. A\u00f1os de cooperaci\u00f3n con productores internacionales nos permiten ampliar constantemente la gama de nuestros productos, de modo que somos capaces de satisfacer casi cualquiera de tus pedidos. <\/p>\n\t\t\n<style>\n#text-552408264 {\n  color: rgb(0,0,0);\n}\n#text-552408264 > * {\n  color: rgb(0,0,0);\n}\n<\/style>\n\t<\/div>\n\t\n<a href=\"\/produkty\" class=\"button primary\" >\n\t\t<span>VER NUESTRA OFERTA<\/span>\n\t<\/a>\n\n\n\n\t\t<\/div>\n\t\t\t\t\t<\/div>\n\n\t\n\n<\/div>\n\n\t\t<\/div>\n\n\t\t\n<style>\n#section_884556700 {\n  padding-top: 60px;\n  padding-bottom: 60px;\n  background-color: #204a4f;\n}\n#section_884556700 .section-bg-overlay {\n  background-color: rgba(255, 255, 255, 0.85);\n}\n<\/style>\n\t<\/section>\n\t\n\n\t<section class=\"section\" id=\"section_374122443\">\n\t\t<div class=\"section-bg fill\" >\n\t\t\t\t\t\t\t\t\t<div class=\"section-bg-overlay absolute fill\"><\/div>\n\t\t\t\n\n\t\t<\/div>\n\n\t\t\n\n\t\t<div class=\"section-content relative\">\n\t\t\t\n\n<div class=\"container section-title-container\" style=\"margin-top:50px;\"><h3 class=\"section-title section-title-normal\"><b aria-hidden=\"true\"><\/b><span class=\"section-title-main\" style=\"font-size:147%;color:rgb(32, 74, 79);\">REUN\u00c1MONOS EN LA FERIA:<\/span><b aria-hidden=\"true\"><\/b><\/h3><\/div>\n\n<div class=\"row\"  id=\"row-1667556342\">\n\n\n\t<div id=\"col-272132044\" class=\"col small-12 large-12\"  >\n\t\t\t\t<div class=\"col-inner\"  >\n\t\t\t\n\t\t\t\n\n<div class=\"trade-shows-section\">\n<table class=\"trade-table\">\n<thead>\n<tr>\n<th>Fecha<\/th>\n<th>Evento<\/th>\n<th>Ubicaci\u00f3n<\/th>\n<\/tr>\n<\/thead>\n<tbody>\n<tr>\n<td>05\u201307.05.2026<\/td>\n<td>Vitafoods Europe 2026<\/td>\n<td>Barcelona, Espa\u00f1a<\/td>\n<\/tr>\n<tr>\n<td>07\u201309.05.2026<\/td>\n<td>Beauty Istanbul 2026<\/td>\n<td>Estambul, Turqu\u00eda<\/td>\n<\/tr>\n<tr>\n<td>10\u201311.06.2026<\/td>\n<td>CosmeticBusiness 2026<\/td>\n<td>M\u00fanich, Alemania<\/td>\n<\/tr>\n<tr>\n<td>05\u201307.05.2026<\/td>\n<td>Pharmacy Expo 2026<\/td>\n<td>Varsovia, Polonia<\/td>\n<\/tr>\n<tr>\n<td>16\u201318.06.2026<\/td>\n<td>PCI Days 2026<\/td>\n<td>Varsovia, Polonia<\/td>\n<\/tr>\n<tr>\n<td>01\u201305.09.2026<\/td>\n<td>Vitafoods Asia 2026<\/td>\n<td>Bangkok, Tailandia<\/td>\n<\/tr>\n<tr>\n<td>23\u201324.09.2026<\/td>\n<td>HPCI Poland 2026<\/td>\n<td>Varsovia, Polonia<\/td>\n<\/tr>\n<tr>\n<td>28\u201329.09.2026<\/td>\n<td>Natexpo 2026<\/td>\n<td>Lyon, Francia<\/td>\n<\/tr>\n<\/tbody>\n<\/table>\n<\/div>\n\n\n\t\t<\/div>\n\t\t\t\t\t<\/div>\n\n\t\n\n<\/div>\n\n\t\t<\/div>\n\n\t\t\n<style>\n#section_374122443 {\n  padding-top: 60px;\n  padding-bottom: 60px;\n  background-color: rgb(193, 193, 193);\n}\n#section_374122443 .section-bg-overlay {\n  background-color: rgba(255, 255, 255, 0.85);\n}\n<\/style>\n\t<\/section>\n\t\n\n\t<section class=\"section hide-for-small\" id=\"section_866099708\">\n\t\t<div class=\"section-bg fill\" >\n\t\t\t\t\t\t\t\t\t\n\t\t\t\n\n\t\t<\/div>\n\n\t\t\n\n\t\t<div class=\"section-content relative\">\n\t\t\t\n\n<div class=\"container section-title-container\" style=\"margin-top:50px;\"><h3 class=\"section-title section-title-normal\"><b aria-hidden=\"true\"><\/b><span class=\"section-title-main\" style=\"font-size:147%;color:rgb(32, 74, 79);\">CATEGOR\u00cdAS POPULARES:<\/span><b aria-hidden=\"true\"><\/b><\/h3><\/div>\n\n  <div class=\"banner-grid-wrapper\">\n  <div id=\"banner-grid-1785404337\" class=\"banner-grid row row-grid row-small\" data-packery-options=\"\">\n                      \n\n<div class=\"col grid-col large-6 grid-col-2-3\" ><div class=\"col-inner\">\n\n\n  <div class=\"banner has-hover\" id=\"banner-109858702\">\n          <div class=\"banner-inner fill\">\n        <div class=\"banner-bg fill\" >\n            <img decoding=\"async\" width=\"1000\" height=\"522\" src=\"https:\/\/naturalpoland.com\/wp-content\/uploads\/Antyoksydacyjne-dzialanie-oleju-z-opuncji-figowej-1.jpg\" class=\"bg attachment-large size-large\" alt=\"Antyoksydacyjne dzia\u0142anie oleju z opuncji figowej\" \/>                        <div class=\"overlay\"><\/div>            \n                    <\/div>\n\t\t\n        <div class=\"banner-layers container\">\n            <a class=\"fill\" href=\"https:\/\/naturalpoland.com\/es\/categor\u00eda\/aceites-alimentarios-y-cosmeticos\/\"><div class=\"fill banner-link\"><\/div><\/a>            \n\n   <div id=\"text-box-487889244\" class=\"text-box banner-layer x50 md-x50 lg-x50 y50 md-y50 lg-y50 res-text\">\n                                <div class=\"text-box-content text dark\">\n              \n              <div class=\"text-inner text-center\">\n                  \n\n\t<div id=\"text-3144689594\" class=\"text\">\n\t\t\n\n<h3 class=\"uppercase\">&nbsp;ACEITES ALIMENTARIOS Y ACEITES COSM\u00c9TICOS<\/h3>\n\t\t\n<style>\n#text-3144689594 {\n  font-size: 1rem;\n  line-height: 2.1;\n  text-align: center;\n}\n<\/style>\n\t<\/div>\n\t\n\n              <\/div>\n           <\/div>\n                            \n<style>\n#text-box-487889244 {\n  width: 60%;\n}\n#text-box-487889244 .text-box-content {\n  font-size: 100%;\n}\n<\/style>\n    <\/div>\n \n\n        <\/div>\n      <\/div>\n\n            \n<style>\n#banner-109858702 {\n  padding-top: 500px;\n}\n#banner-109858702 .overlay {\n  background-color: rgba(0,0,0,.5);\n}\n<\/style>\n  <\/div>\n\n\n\n<\/div><\/div>\n<div class=\"col grid-col large-6 grid-col-1-2\" ><div class=\"col-inner\">\n\n\n  <div class=\"banner has-hover\" id=\"banner-982619158\">\n          <div class=\"banner-inner fill\">\n        <div class=\"banner-bg fill\" >\n            <img decoding=\"async\" width=\"650\" height=\"650\" src=\"https:\/\/naturalpoland.com\/wp-content\/uploads\/ekstrakt-grzybowy-reishi.jpg\" class=\"bg attachment-large size-large\" alt=\"Reishi (Ganoderma lucidum)\" \/>                        <div class=\"overlay\"><\/div>            \n                    <\/div>\n\t\t\n        <div class=\"banner-layers container\">\n            <a class=\"fill\" href=\"https:\/\/naturalpoland.com\/es\/categor\u00eda\/productos-para-la-industria-farmaceutica-y-medica\/extractos-de-setas\/\"><div class=\"fill banner-link\"><\/div><\/a>            \n\n   <div id=\"text-box-2120504871\" class=\"text-box banner-layer x50 md-x50 lg-x50 y50 md-y50 lg-y50 res-text\">\n                                <div class=\"text-box-content text dark\">\n              \n              <div class=\"text-inner text-center\">\n                  \n\n\t<div id=\"text-1986615545\" class=\"text\">\n\t\t\n\n<h3 class=\"uppercase\">&nbsp;EXTRACTOS DE SETAS<\/h3>\n\t\t\n<style>\n#text-1986615545 {\n  font-size: 1rem;\n}\n<\/style>\n\t<\/div>\n\t\n\n              <\/div>\n           <\/div>\n                            \n<style>\n#text-box-2120504871 {\n  width: 60%;\n}\n#text-box-2120504871 .text-box-content {\n  font-size: 100%;\n}\n<\/style>\n    <\/div>\n \n\n        <\/div>\n      <\/div>\n\n            \n<style>\n#banner-982619158 {\n  padding-top: 500px;\n}\n#banner-982619158 .overlay {\n  background-color: rgba(0, 0, 0, 0.5);\n}\n<\/style>\n  <\/div>\n\n\n\n<\/div><\/div>\n<div class=\"col grid-col large-3 grid-col-1-2\" ><div class=\"col-inner\">\n\n\n  <div class=\"banner has-hover\" id=\"banner-29332340\">\n          <div class=\"banner-inner fill\">\n        <div class=\"banner-bg fill\" >\n            <img decoding=\"async\" width=\"600\" height=\"600\" src=\"https:\/\/naturalpoland.com\/wp-content\/uploads\/peptydy-miedziowe.jpg\" class=\"bg attachment-large size-large\" alt=\"p\u00e9ptidos de cobre\" \/>                        <div class=\"overlay\"><\/div>            \n                    <\/div>\n\t\t\n        <div class=\"banner-layers container\">\n            <a class=\"fill\" href=\"https:\/\/naturalpoland.com\/es\/categor\u00eda\/productos-para-la-industria-cosmetica\/peptidos\/\"><div class=\"fill banner-link\"><\/div><\/a>            \n\n   <div id=\"text-box-1684873370\" class=\"text-box banner-layer x50 md-x50 lg-x50 y50 md-y50 lg-y50 res-text\">\n                                <div class=\"text-box-content text dark\">\n              \n              <div class=\"text-inner text-center\">\n                  \n\n\t<div id=\"text-53997790\" class=\"text\">\n\t\t\n\n<h3 class=\"uppercase\">P\u00c9PTIDOS<\/h3>\n\t\t\n<style>\n#text-53997790 {\n  font-size: 1rem;\n}\n<\/style>\n\t<\/div>\n\t\n\n              <\/div>\n           <\/div>\n                            \n<style>\n#text-box-1684873370 {\n  width: 60%;\n}\n#text-box-1684873370 .text-box-content {\n  font-size: 100%;\n}\n<\/style>\n    <\/div>\n \n\n        <\/div>\n      <\/div>\n\n            \n<style>\n#banner-29332340 {\n  padding-top: 500px;\n}\n#banner-29332340 .overlay {\n  background-color: rgba(0, 0, 0, 0.5);\n}\n<\/style>\n  <\/div>\n\n\n\n<\/div><\/div>\n<div class=\"col grid-col large-3 grid-col-1-2\" ><div class=\"col-inner\">\n\n\n  <div class=\"banner has-hover\" id=\"banner-797636128\">\n          <div class=\"banner-inner fill\">\n        <div class=\"banner-bg fill\" >\n            <img decoding=\"async\" width=\"609\" height=\"609\" src=\"https:\/\/naturalpoland.com\/wp-content\/uploads\/hydrolaty-kosmetyczne.webp\" class=\"bg attachment-large size-large\" alt=\"hydrolaty\" \/>                        <div class=\"overlay\"><\/div>            \n                    <\/div>\n\t\t\n        <div class=\"banner-layers container\">\n            <a class=\"fill\" href=\"https:\/\/naturalpoland.com\/es\/categor\u00eda\/productos-para-la-industria-cosmetica\/aguas-florales\/\"><div class=\"fill banner-link\"><\/div><\/a>            \n\n   <div id=\"text-box-8031009\" class=\"text-box banner-layer x50 md-x50 lg-x50 y50 md-y50 lg-y50 res-text\">\n                                <div class=\"text-box-content text dark\">\n              \n              <div class=\"text-inner text-center\">\n                  \n\n\t<div id=\"text-880433607\" class=\"text\">\n\t\t\n\n<h3 class=\"uppercase\">HIDR\u00d3LATOS<\/h3>\n\t\t\n<style>\n#text-880433607 {\n  font-size: 0.8rem;\n}\n<\/style>\n\t<\/div>\n\t\n\n              <\/div>\n           <\/div>\n                            \n<style>\n#text-box-8031009 {\n  width: 60%;\n}\n#text-box-8031009 .text-box-content {\n  font-size: 100%;\n}\n<\/style>\n    <\/div>\n \n\n        <\/div>\n      <\/div>\n\n            \n<style>\n#banner-797636128 {\n  padding-top: 500px;\n}\n#banner-797636128 .overlay {\n  background-color: rgba(0, 0, 0, 0.5);\n}\n<\/style>\n  <\/div>\n\n\n\n<\/div><\/div>\n<div class=\"col grid-col large-6 grid-col-1-3\" ><div class=\"col-inner\">\n\n\n  <div class=\"banner has-hover\" id=\"banner-680134126\">\n          <div class=\"banner-inner fill\">\n        <div class=\"banner-bg fill\" >\n            <img decoding=\"async\" width=\"600\" height=\"600\" src=\"https:\/\/naturalpoland.com\/wp-content\/uploads\/Ekstrakt-z-ashwagandhy.jpg\" class=\"bg attachment-large size-large\" alt=\"Extracto de ashwagandha\" \/>                        <div class=\"overlay\"><\/div>            \n                    <\/div>\n\t\t\n        <div class=\"banner-layers container\">\n            <a class=\"fill\" href=\"https:\/\/naturalpoland.com\/es\/categor\u00eda\/extractos-de-plantas\/\"><div class=\"fill banner-link\"><\/div><\/a>            \n\n   <div id=\"text-box-1439001467\" class=\"text-box banner-layer x50 md-x50 lg-x50 y50 md-y50 lg-y50 res-text\">\n                                <div class=\"text-box-content text dark\">\n              \n              <div class=\"text-inner text-center\">\n                  \n\n\t<div id=\"text-990662231\" class=\"text\">\n\t\t\n\n<h3 class=\"uppercase\">EXTRACTOS VEGETALES<\/h3>\n\t\t\n<style>\n#text-990662231 {\n  font-size: 1rem;\n  color: rgb(255,255,255);\n}\n#text-990662231 > * {\n  color: rgb(255,255,255);\n}\n<\/style>\n\t<\/div>\n\t\n\n              <\/div>\n           <\/div>\n                            \n<style>\n#text-box-1439001467 {\n  width: 60%;\n}\n#text-box-1439001467 .text-box-content {\n  font-size: 100%;\n}\n<\/style>\n    <\/div>\n \n\n        <\/div>\n      <\/div>\n\n            \n<style>\n#banner-680134126 {\n  padding-top: 500px;\n}\n#banner-680134126 .overlay {\n  background-color: rgba(0, 0, 0, 0.5);\n}\n<\/style>\n  <\/div>\n\n\n\n<\/div><\/div>\n\n            <\/div>\n    <style>\n    #banner-grid-1785404337 .grid-col-1{height: 600px}\n    #banner-grid-1785404337 .grid-col-1-2{height: 300px}\n    #banner-grid-1785404337 .grid-col-1-3{height:200px}\n    #banner-grid-1785404337 .grid-col-2-3{height: 400px}\n    #banner-grid-1785404337 .grid-col-1-4{height: 150px}\n    #banner-grid-1785404337 .grid-col-3-4{height: 450px}\n\n\n    \n    \n\n  <\/style>\n    <\/div>\n  \n\n\t\t<\/div>\n\n\t\t\n<style>\n#section_866099708 {\n  padding-top: 30px;\n  padding-bottom: 30px;\n}\n<\/style>\n\t<\/section>\n\t\n\n\t<section class=\"section dark show-for-small\" id=\"section_1239448683\">\n\t\t<div class=\"section-bg fill\" >\n\t\t\t\t\t\t\t\t\t\n\t\t\t\n\n\t\t<\/div>\n\n\t\t\n\n\t\t<div class=\"section-content relative\">\n\t\t\t\n\n<div class=\"row\"  id=\"row-1531544368\">\n\n\n\t<div id=\"col-1486104642\" class=\"col small-12 large-12\"  >\n\t\t\t\t<div class=\"col-inner\"  >\n\t\t\t\n\t\t\t\n\n<h1 class=\"uppercase\"><span style=\"font-size: 150%;\"><strong>DISTRIBUIDOR MAYORISTA DE MATERIAS PRIMAS&nbsp;<\/strong><\/span><\/h1>\n<h2>para la industria alimentaria, cosm\u00e9tica y&nbsp;farmac\u00e9utica<\/h2>\n<p>Invitamos a contactar<\/p>\n<a href=\"tel:+48221121097\" class=\"button primary is-large\" >\n\t<i class=\"icon-phone\" aria-hidden=\"true\"><\/i>\t<span>LLAMAR AL +48 22 112 10 97<\/span>\n\t<\/a>\n\n\n<div class=\"row\"  id=\"row-821034020\">\n\n\n\t<div id=\"col-105796933\" class=\"col small-12 large-12\"  >\n\t\t\t\t<div class=\"col-inner text-center\" style=\"background-color:rgb(255, 255, 255);\" >\n\t\t\t\n\t\t\t\n\n<div class=\"row\"  id=\"row-1198765114\">\n\n\n\t<div id=\"col-902897363\" class=\"col medium-3 small-4 large-3\"  >\n\t\t\t\t<div class=\"col-inner text-right\"  >\n\t\t\t\n\t\t\t\n\n\t<div class=\"img has-hover x md-x lg-x y md-y lg-y\" id=\"image_1133325531\">\n\t\t<a class=\"\" href=\"https:\/\/naturalpoland.com\/es\/artykuly\/noticias\/desarrollo-de-la-presencia-internacional-de-la-marca-polonia-natural\/\" target=\"_blank\" rel=\"noopener\" >\t\t\t\t\t\t<div class=\"img-inner dark\" style=\"margin:10px 0px 0px 0px;\">\n\t\t\t<img decoding=\"async\" width=\"218\" height=\"137\" src=\"https:\/\/naturalpoland.com\/wp-content\/uploads\/logo_fe_smart_growth_rgb-1-12.jpg\" class=\"attachment-large size-large\" alt=\"\" \/>\t\t\t\t\t\t\n\t\t\t\t\t<\/div>\n\t\t\t\t\t\t<\/a>\t\t\n<style>\n#image_1133325531 {\n  width: 100%;\n}\n@media (min-width:550px) {\n  #image_1133325531 {\n    width: 100%;\n  }\n}\n<\/style>\n\t<\/div>\n\t\n\n\n\t\t<\/div>\n\t\t\t\t\t<\/div>\n\n\t\n\n\t<div id=\"col-33739639\" class=\"col medium-4 small-4 large-4\"  >\n\t\t\t\t<div class=\"col-inner\"  >\n\t\t\t\n\t\t\t\n\n\t<div class=\"img has-hover x md-x lg-x y md-y lg-y\" id=\"image_1745087897\">\n\t\t<a class=\"\" href=\"https:\/\/naturalpoland.com\/es\/artykuly\/noticias\/desarrollo-de-la-presencia-internacional-de-la-marca-polonia-natural\/\" target=\"_blank\" rel=\"noopener\" >\t\t\t\t\t\t<div class=\"img-inner dark\" >\n\t\t\t<img decoding=\"async\" width=\"107\" height=\"99\" src=\"https:\/\/naturalpoland.com\/wp-content\/uploads\/znak_barw_rp_pion_szara_ramka_rgb_urzadzenia_mobilne_engl-10.jpg\" class=\"attachment-large size-large\" alt=\"\" \/>\t\t\t\t\t\t\n\t\t\t\t\t<\/div>\n\t\t\t\t\t\t<\/a>\t\t\n<style>\n#image_1745087897 {\n  width: 100%;\n}\n@media (min-width:550px) {\n  #image_1745087897 {\n    width: 100%;\n  }\n}\n<\/style>\n\t<\/div>\n\t\n\n\n\t\t<\/div>\n\t\t\t\t\t<\/div>\n\n\t\n\n\t<div id=\"col-916173678\" class=\"col medium-4 small-4 large-4\"  >\n\t\t\t\t<div class=\"col-inner text-left\"  >\n\t\t\t\n\t\t\t\n\n\t<div class=\"img has-hover x md-x lg-x y md-y lg-y\" id=\"image_629031452\">\n\t\t<a class=\"\" href=\"https:\/\/naturalpoland.com\/es\/artykuly\/noticias\/desarrollo-de-la-presencia-internacional-de-la-marca-polonia-natural\/\" target=\"_blank\" rel=\"noopener\" >\t\t\t\t\t\t<div class=\"img-inner dark\" style=\"margin:5px 0px 0px 0px;\">\n\t\t\t<img decoding=\"async\" width=\"115\" height=\"99\" src=\"https:\/\/naturalpoland.com\/wp-content\/uploads\/ue_efrr_rgb-1-22.jpg\" class=\"attachment-large size-large\" alt=\"\" \/>\t\t\t\t\t\t\n\t\t\t\t\t<\/div>\n\t\t\t\t\t\t<\/a>\t\t\n<style>\n#image_629031452 {\n  width: 100%;\n}\n@media (min-width:550px) {\n  #image_629031452 {\n    width: 100%;\n  }\n}\n<\/style>\n\t<\/div>\n\t\n\n\n\t\t<\/div>\n\t\t\t\t\t<\/div>\n\n\t\n\n<\/div>\n\n\t\t<\/div>\n\t\t\t\t\n<style>\n#col-105796933 > .col-inner {\n  padding: 20px 0px 0px 0px;\n  margin: 20px 0px 0px 0px;\n}\n@media (min-width:550px) {\n  #col-105796933 > .col-inner {\n    padding: 20px 0px 0px 0px;\n  }\n}\n<\/style>\n\t<\/div>\n\n\t\n\n<\/div>\n\n\t\t<\/div>\n\t\t\t\t\t<\/div>\n\n\t\n\n<\/div>\n\n\t\t<\/div>\n\n\t\t\n<style>\n#section_1239448683 {\n  padding-top: 40px;\n  padding-bottom: 40px;\n  margin-bottom: 0px;\n  background-color: rgb(40, 40, 40);\n}\n<\/style>\n\t<\/section>\n\t\n\n\t<section class=\"section hide-for-small\" id=\"section_2064070157\">\n\t\t<div class=\"section-bg fill\" >\n\t\t\t\t\t\t\t\t\t<div class=\"section-bg-overlay absolute fill\"><\/div>\n\t\t\t\n\n\t\t<\/div>\n\n\t\t\n\n\t\t<div class=\"section-content relative\">\n\t\t\t\n\n<div class=\"row row-large align-middle\"  id=\"row-1026535080\">\n\n\n\t<div id=\"col-2139618471\" class=\"col medium-6 small-12 large-6\"  >\n\t\t\t\t<div class=\"col-inner text-left\"  >\n\t\t\t\n\t\t\t\n\n\t<div id=\"text-4228994586\" class=\"text\">\n\t\t\n\n<h3>Importaci\u00f3n, exportaci\u00f3n y distribuci\u00f3n de productos de todo el mundo &nbsp;<\/h3>\n<p>Hablamos polaco, ingl\u00e9s, espa\u00f1ol, \u00e1rabe, urdu, hindi, ruso y chino. Conocemos bien los mercados locales: limitaciones ling\u00fc\u00edsticas ni culturales no existen para nosotros. A menudo llegamos a zonas que son inaccesibles para los dem\u00e1s, pero que no suponen ning\u00fan problema para nosotros. Algunas materias primas s\u00f3lo las podemos conseguir nosotros (por ejemplo, el aceite de rosa mosqueta de calidad alimentaria, las hojas de mirto lim\u00f3n secas y cortadas). Podemos organizar la entrega desde cualquier rinc\u00f3n del mundo.    <\/p>\n\t\t\n<style>\n#text-4228994586 {\n  color: rgb(0,0,0);\n}\n#text-4228994586 > * {\n  color: rgb(0,0,0);\n}\n<\/style>\n\t<\/div>\n\t\n<a href=\"https:\/\/naturalpoland.com\/es\/kontakt\/\" class=\"button primary\" >\n\t\t<span>Invitamos a contactar<\/span>\n\t<\/a>\n\n\n\n\t\t<\/div>\n\t\t\t\t\t<\/div>\n\n\t\n\n\t<div id=\"col-865204741\" class=\"col medium-6 small-12 large-6\"  >\n\t\t\t\t<div class=\"col-inner\"  >\n\t\t\t\n\t\t\t\n\n\t<div class=\"img has-hover x md-x lg-x y md-y lg-y\" id=\"image_2086140401\">\n\t\t\t\t\t\t\t\t<div class=\"img-inner dark\" >\n\t\t\t<img decoding=\"async\" width=\"495\" height=\"347\" src=\"https:\/\/naturalpoland.com\/wp-content\/uploads\/dystrybutor-surowcow-z-calego-swiata.jpg\" class=\"attachment-large size-large\" alt=\"dystrybutor surowcow z calego swiata\" srcset=\"https:\/\/naturalpoland.com\/wp-content\/uploads\/dystrybutor-surowcow-z-calego-swiata.jpg 495w, https:\/\/naturalpoland.com\/wp-content\/uploads\/dystrybutor-surowcow-z-calego-swiata-300x210.jpg 300w\" sizes=\"(max-width: 495px) 100vw, 495px\" \/>\t\t\t\t\t\t\n\t\t\t\t\t<\/div>\n\t\t\t\t\t\t\t\t\n<style>\n#image_2086140401 {\n  width: 100%;\n}\n<\/style>\n\t<\/div>\n\t\n\n\n\t\t<\/div>\n\t\t\t\t\t<\/div>\n\n\t\n\n<\/div>\n\n\t\t<\/div>\n\n\t\t\n<style>\n#section_2064070157 {\n  padding-top: 60px;\n  padding-bottom: 60px;\n  background-color: rgb(32, 74, 79);\n}\n#section_2064070157 .section-bg-overlay {\n  background-color: rgba(255, 255, 255, 0.85);\n}\n<\/style>\n\t<\/section>\n\t\n\n\t<section class=\"section\" id=\"section_944208622\">\n\t\t<div class=\"section-bg fill\" >\n\t\t\t\t\t\t\t\t\t\n\t\t\t\n\n\t\t<\/div>\n\n\t\t\n\n\t\t<div class=\"section-content relative\">\n\t\t\t\n\n<div class=\"container section-title-container\" style=\"margin-top:50px;\"><h3 class=\"section-title section-title-normal\"><b aria-hidden=\"true\"><\/b><span class=\"section-title-main\" style=\"font-size:147%;color:rgb(32, 74, 79);\">ART\u00cdCULOS:<\/span><b aria-hidden=\"true\"><\/b><\/h3><\/div>\n\n\n  \n    <div class=\"row large-columns-3 medium-columns-1 small-columns-1 slider row-slider slider-nav-reveal slider-nav-push\"  data-flickity-options='{&quot;imagesLoaded&quot;: true, &quot;groupCells&quot;: &quot;100%&quot;, &quot;dragThreshold&quot; : 5, &quot;cellAlign&quot;: &quot;left&quot;,&quot;wrapAround&quot;: true,&quot;prevNextButtons&quot;: true,&quot;percentPosition&quot;: true,&quot;pageDots&quot;: false, &quot;rightToLeft&quot;: false, &quot;autoPlay&quot; : false}' >\n\n  <div class=\"col post-item\" >\n\t\t\t<div class=\"col-inner\">\n\t\t\t\t<div class=\"box box-normal box-text-bottom box-blog-post has-hover\">\n            \t\t\t\t\t<div class=\"box-image\" >\n  \t\t\t\t\t\t<div class=\"image-cover\" style=\"padding-top:56.25%;\">\n\t\t\t\t\t\t\t<a href=\"https:\/\/naturalpoland.com\/es\/artykuly\/materias-primas-cosmeticas\/tensioactivos-en-las-formulaciones-cosmeticas-modernas\/\" class=\"plain\" aria-label=\"Tensioactivos en las formulaciones cosm\u00e9ticas modernas\">\n\t\t\t\t\t\t\t\t<img decoding=\"async\" width=\"300\" height=\"168\" src=\"https:\/\/naturalpoland.com\/wp-content\/uploads\/surfaktanty-300x168.jpg\" class=\"attachment-medium size-medium wp-post-image\" alt=\"tensioactivos\" srcset=\"https:\/\/naturalpoland.com\/wp-content\/uploads\/surfaktanty-300x168.jpg 300w, https:\/\/naturalpoland.com\/wp-content\/uploads\/surfaktanty-1024x573.jpg 1024w, https:\/\/naturalpoland.com\/wp-content\/uploads\/surfaktanty-768x430.jpg 768w, https:\/\/naturalpoland.com\/wp-content\/uploads\/surfaktanty-510x286.jpg 510w, https:\/\/naturalpoland.com\/wp-content\/uploads\/surfaktanty.jpg 1200w\" sizes=\"(max-width: 300px) 100vw, 300px\" \/>\t\t\t\t\t\t\t<\/a>\n  \t\t\t\t\t\t\t  \t\t\t\t\t\t\t  \t\t\t\t\t\t<\/div>\n  \t\t\t\t\t\t  \t\t\t\t\t<\/div>\n          \t\t\t\t\t<div class=\"box-text text-center\" >\n\t\t\t\t\t<div class=\"box-text-inner blog-post-inner\">\n\n\t\t\t\t\t\n\t\t\t\t\t\t\t\t\t\t<h5 class=\"post-title is-large \">\n\t\t\t\t\t\t<a href=\"https:\/\/naturalpoland.com\/es\/artykuly\/materias-primas-cosmeticas\/tensioactivos-en-las-formulaciones-cosmeticas-modernas\/\" class=\"plain\">Tensioactivos en las formulaciones cosm\u00e9ticas modernas<\/a>\n\t\t\t\t\t<\/h5>\n\t\t\t\t\t\t\t\t\t\t<div class=\"is-divider\"><\/div>\n\t\t\t\t\t\t\t\t\t\t<p class=\"from_the_blog_excerpt \">\n\t\t\t\t\t\tLos tensioactivos, tambi\u00e9n conocidos como agentes tensioactivos o sustancias de superficie activa, constituyen un grupo [...]\t\t\t\t\t<\/p>\n\t\t\t\t\t                    \n\t\t\t\t\t\n\t\t\t\t\t\n\t\t\t\t\t<\/div>\n\t\t\t\t\t<\/div>\n\t\t\t\t\t\t\t\t\t\t\t\t\t\t\t\t<div class=\"badge absolute top post-date badge-outline\">\n\t\t\t\t\t\t\t<div class=\"badge-inner\">\n\t\t\t\t\t\t\t\t<span class=\"post-date-day\">22<\/span><br>\n\t\t\t\t\t\t\t\t<span class=\"post-date-month is-xsmall\">Ene<\/span>\n\t\t\t\t\t\t\t<\/div>\n\t\t\t\t\t\t<\/div>\n\t\t\t\t\t\t\t\t\t<\/div>\n\t\t\t<\/div>\n\t\t<\/div><div class=\"col post-item\" >\n\t\t\t<div class=\"col-inner\">\n\t\t\t\t<div class=\"box box-normal box-text-bottom box-blog-post has-hover\">\n            \t\t\t\t\t<div class=\"box-image\" >\n  \t\t\t\t\t\t<div class=\"image-cover\" style=\"padding-top:56.25%;\">\n\t\t\t\t\t\t\t<a href=\"https:\/\/naturalpoland.com\/es\/artykuly\/materias-primas-cosmeticas\/esteres-en-la-cosmetica-aplicacion-en-la-creacion-de-formulaciones-duraderas-y-eficaces\/\" class=\"plain\" aria-label=\"\u00c9steres en la cosm\u00e9tica &#8211; aplicaci\u00f3n en la creaci\u00f3n de formulaciones duraderas y eficaces\">\n\t\t\t\t\t\t\t\t<img decoding=\"async\" width=\"300\" height=\"168\" src=\"https:\/\/naturalpoland.com\/wp-content\/uploads\/estry-w-kosmetyce-300x168.jpg\" class=\"attachment-medium size-medium wp-post-image\" alt=\"estry w kosmetyce\" srcset=\"https:\/\/naturalpoland.com\/wp-content\/uploads\/estry-w-kosmetyce-300x168.jpg 300w, https:\/\/naturalpoland.com\/wp-content\/uploads\/estry-w-kosmetyce-1024x574.jpg 1024w, https:\/\/naturalpoland.com\/wp-content\/uploads\/estry-w-kosmetyce-768x431.jpg 768w, https:\/\/naturalpoland.com\/wp-content\/uploads\/estry-w-kosmetyce-510x286.jpg 510w, https:\/\/naturalpoland.com\/wp-content\/uploads\/estry-w-kosmetyce.jpg 1200w\" sizes=\"(max-width: 300px) 100vw, 300px\" \/>\t\t\t\t\t\t\t<\/a>\n  \t\t\t\t\t\t\t  \t\t\t\t\t\t\t  \t\t\t\t\t\t<\/div>\n  \t\t\t\t\t\t  \t\t\t\t\t<\/div>\n          \t\t\t\t\t<div class=\"box-text text-center\" >\n\t\t\t\t\t<div class=\"box-text-inner blog-post-inner\">\n\n\t\t\t\t\t\n\t\t\t\t\t\t\t\t\t\t<h5 class=\"post-title is-large \">\n\t\t\t\t\t\t<a href=\"https:\/\/naturalpoland.com\/es\/artykuly\/materias-primas-cosmeticas\/esteres-en-la-cosmetica-aplicacion-en-la-creacion-de-formulaciones-duraderas-y-eficaces\/\" class=\"plain\">\u00c9steres en la cosm\u00e9tica &#8211; aplicaci\u00f3n en la creaci\u00f3n de formulaciones duraderas y eficaces<\/a>\n\t\t\t\t\t<\/h5>\n\t\t\t\t\t\t\t\t\t\t<div class=\"is-divider\"><\/div>\n\t\t\t\t\t\t\t\t\t\t<p class=\"from_the_blog_excerpt \">\n\t\t\t\t\t\tLos \u00e9steres se encuentran entre los ingredientes m\u00e1s importantes utilizados en la formulaci\u00f3n de productos [...]\t\t\t\t\t<\/p>\n\t\t\t\t\t                    \n\t\t\t\t\t\n\t\t\t\t\t\n\t\t\t\t\t<\/div>\n\t\t\t\t\t<\/div>\n\t\t\t\t\t\t\t\t\t\t\t\t\t\t\t\t<div class=\"badge absolute top post-date badge-outline\">\n\t\t\t\t\t\t\t<div class=\"badge-inner\">\n\t\t\t\t\t\t\t\t<span class=\"post-date-day\">30<\/span><br>\n\t\t\t\t\t\t\t\t<span class=\"post-date-month is-xsmall\">May<\/span>\n\t\t\t\t\t\t\t<\/div>\n\t\t\t\t\t\t<\/div>\n\t\t\t\t\t\t\t\t\t<\/div>\n\t\t\t<\/div>\n\t\t<\/div><div class=\"col post-item\" >\n\t\t\t<div class=\"col-inner\">\n\t\t\t\t<div class=\"box box-normal box-text-bottom box-blog-post has-hover\">\n            \t\t\t\t\t<div class=\"box-image\" >\n  \t\t\t\t\t\t<div class=\"image-cover\" style=\"padding-top:56.25%;\">\n\t\t\t\t\t\t\t<a href=\"https:\/\/naturalpoland.com\/es\/artykuly\/productos-de-africa\/kigelia-africana-natures-underrated-marvel\/\" class=\"plain\" aria-label=\"Kigelia Africana: La Maravilla Infravalorada De La Naturaleza. Sus Or\u00edgenes M\u00edsticos Y Su Significado Etnobot\u00e1nico\">\n\t\t\t\t\t\t\t\t<img decoding=\"async\" width=\"300\" height=\"179\" src=\"https:\/\/naturalpoland.com\/wp-content\/uploads\/kigelia-africana-300x179.jpg\" class=\"attachment-medium size-medium wp-post-image\" alt=\"Kigelia Africana\" srcset=\"https:\/\/naturalpoland.com\/wp-content\/uploads\/kigelia-africana-300x179.jpg 300w, https:\/\/naturalpoland.com\/wp-content\/uploads\/kigelia-africana-768x458.jpg 768w, https:\/\/naturalpoland.com\/wp-content\/uploads\/kigelia-africana-510x304.jpg 510w, https:\/\/naturalpoland.com\/wp-content\/uploads\/kigelia-africana.jpg 1024w\" sizes=\"(max-width: 300px) 100vw, 300px\" \/>\t\t\t\t\t\t\t<\/a>\n  \t\t\t\t\t\t\t  \t\t\t\t\t\t\t  \t\t\t\t\t\t<\/div>\n  \t\t\t\t\t\t  \t\t\t\t\t<\/div>\n          \t\t\t\t\t<div class=\"box-text text-center\" >\n\t\t\t\t\t<div class=\"box-text-inner blog-post-inner\">\n\n\t\t\t\t\t\n\t\t\t\t\t\t\t\t\t\t<h5 class=\"post-title is-large \">\n\t\t\t\t\t\t<a href=\"https:\/\/naturalpoland.com\/es\/artykuly\/productos-de-africa\/kigelia-africana-natures-underrated-marvel\/\" class=\"plain\">Kigelia Africana: La Maravilla Infravalorada De La Naturaleza. Sus Or\u00edgenes M\u00edsticos Y Su Significado Etnobot\u00e1nico<\/a>\n\t\t\t\t\t<\/h5>\n\t\t\t\t\t\t\t\t\t\t<div class=\"is-divider\"><\/div>\n\t\t\t\t\t\t\t\t\t\t<p class=\"from_the_blog_excerpt \">\n\t\t\t\t\t\tLos extractos de Kigelia Africana se han convertido en una soluci\u00f3n muy buscada en las [...]\t\t\t\t\t<\/p>\n\t\t\t\t\t                    \n\t\t\t\t\t\n\t\t\t\t\t\n\t\t\t\t\t<\/div>\n\t\t\t\t\t<\/div>\n\t\t\t\t\t\t\t\t\t\t\t\t\t\t\t\t<div class=\"badge absolute top post-date badge-outline\">\n\t\t\t\t\t\t\t<div class=\"badge-inner\">\n\t\t\t\t\t\t\t\t<span class=\"post-date-day\">20<\/span><br>\n\t\t\t\t\t\t\t\t<span class=\"post-date-month is-xsmall\">Dic<\/span>\n\t\t\t\t\t\t\t<\/div>\n\t\t\t\t\t\t<\/div>\n\t\t\t\t\t\t\t\t\t<\/div>\n\t\t\t<\/div>\n\t\t<\/div><div class=\"col post-item\" >\n\t\t\t<div class=\"col-inner\">\n\t\t\t\t<div class=\"box box-normal box-text-bottom box-blog-post has-hover\">\n            \t\t\t\t\t<div class=\"box-image\" >\n  \t\t\t\t\t\t<div class=\"image-cover\" style=\"padding-top:56.25%;\">\n\t\t\t\t\t\t\t<a href=\"https:\/\/naturalpoland.com\/es\/artykuly\/productos-naturales\/jakie-wlasciwosci-i-witaminy-maja-owoce-kaki\/\" class=\"plain\" aria-label=\"Propiedades y vitaminas del caqui\">\n\t\t\t\t\t\t\t\t<img decoding=\"async\" width=\"300\" height=\"168\" src=\"https:\/\/naturalpoland.com\/wp-content\/uploads\/owoce-kaki-300x168.webp\" class=\"attachment-medium size-medium wp-post-image\" alt=\"owoce kaki\" srcset=\"https:\/\/naturalpoland.com\/wp-content\/uploads\/owoce-kaki-300x168.webp 300w, https:\/\/naturalpoland.com\/wp-content\/uploads\/owoce-kaki-1024x574.webp 1024w, https:\/\/naturalpoland.com\/wp-content\/uploads\/owoce-kaki-768x430.webp 768w, https:\/\/naturalpoland.com\/wp-content\/uploads\/owoce-kaki-510x286.webp 510w, https:\/\/naturalpoland.com\/wp-content\/uploads\/owoce-kaki.webp 1456w\" sizes=\"(max-width: 300px) 100vw, 300px\" \/>\t\t\t\t\t\t\t<\/a>\n  \t\t\t\t\t\t\t  \t\t\t\t\t\t\t  \t\t\t\t\t\t<\/div>\n  \t\t\t\t\t\t  \t\t\t\t\t<\/div>\n          \t\t\t\t\t<div class=\"box-text text-center\" >\n\t\t\t\t\t<div class=\"box-text-inner blog-post-inner\">\n\n\t\t\t\t\t\n\t\t\t\t\t\t\t\t\t\t<h5 class=\"post-title is-large \">\n\t\t\t\t\t\t<a href=\"https:\/\/naturalpoland.com\/es\/artykuly\/productos-naturales\/jakie-wlasciwosci-i-witaminy-maja-owoce-kaki\/\" class=\"plain\">Propiedades y vitaminas del caqui<\/a>\n\t\t\t\t\t<\/h5>\n\t\t\t\t\t\t\t\t\t\t<div class=\"is-divider\"><\/div>\n\t\t\t\t\t\t\t\t\t\t<p class=\"from_the_blog_excerpt \">\n\t\t\t\t\t\tEl caqui, tambi\u00e9n conocido como kaki o caqui oriental, no es s\u00f3lo un atractivo complemento [...]\t\t\t\t\t<\/p>\n\t\t\t\t\t                    \n\t\t\t\t\t\n\t\t\t\t\t\n\t\t\t\t\t<\/div>\n\t\t\t\t\t<\/div>\n\t\t\t\t\t\t\t\t\t\t\t\t\t\t\t\t<div class=\"badge absolute top post-date badge-outline\">\n\t\t\t\t\t\t\t<div class=\"badge-inner\">\n\t\t\t\t\t\t\t\t<span class=\"post-date-day\">15<\/span><br>\n\t\t\t\t\t\t\t\t<span class=\"post-date-month is-xsmall\">Nov<\/span>\n\t\t\t\t\t\t\t<\/div>\n\t\t\t\t\t\t<\/div>\n\t\t\t\t\t\t\t\t\t<\/div>\n\t\t\t<\/div>\n\t\t<\/div><div class=\"col post-item\" >\n\t\t\t<div class=\"col-inner\">\n\t\t\t\t<div class=\"box box-normal box-text-bottom box-blog-post has-hover\">\n            \t\t\t\t\t<div class=\"box-image\" >\n  \t\t\t\t\t\t<div class=\"image-cover\" style=\"padding-top:56.25%;\">\n\t\t\t\t\t\t\t<a href=\"https:\/\/naturalpoland.com\/es\/artykuly\/fosfato-de-sodio-en-los-alimentos\/los-aromas-en-la-produccion-alimentaria\/\" class=\"plain\" aria-label=\"Aromas alimentarios en la producci\u00f3n de alimentos\">\n\t\t\t\t\t\t\t\t<img decoding=\"async\" width=\"300\" height=\"168\" src=\"https:\/\/naturalpoland.com\/wp-content\/uploads\/aromaty-spozywcze-300x168.jpg\" class=\"attachment-medium size-medium wp-post-image\" alt=\"aromaty spo\u017cywcze\" srcset=\"https:\/\/naturalpoland.com\/wp-content\/uploads\/aromaty-spozywcze-300x168.jpg 300w, https:\/\/naturalpoland.com\/wp-content\/uploads\/aromaty-spozywcze-1024x573.jpg 1024w, https:\/\/naturalpoland.com\/wp-content\/uploads\/aromaty-spozywcze-768x430.jpg 768w, https:\/\/naturalpoland.com\/wp-content\/uploads\/aromaty-spozywcze-510x286.jpg 510w, https:\/\/naturalpoland.com\/wp-content\/uploads\/aromaty-spozywcze.jpg 1200w\" sizes=\"(max-width: 300px) 100vw, 300px\" \/>\t\t\t\t\t\t\t<\/a>\n  \t\t\t\t\t\t\t  \t\t\t\t\t\t\t  \t\t\t\t\t\t<\/div>\n  \t\t\t\t\t\t  \t\t\t\t\t<\/div>\n          \t\t\t\t\t<div class=\"box-text text-center\" >\n\t\t\t\t\t<div class=\"box-text-inner blog-post-inner\">\n\n\t\t\t\t\t\n\t\t\t\t\t\t\t\t\t\t<h5 class=\"post-title is-large \">\n\t\t\t\t\t\t<a href=\"https:\/\/naturalpoland.com\/es\/artykuly\/fosfato-de-sodio-en-los-alimentos\/los-aromas-en-la-produccion-alimentaria\/\" class=\"plain\">Aromas alimentarios en la producci\u00f3n de alimentos<\/a>\n\t\t\t\t\t<\/h5>\n\t\t\t\t\t\t\t\t\t\t<div class=\"is-divider\"><\/div>\n\t\t\t\t\t\t\t\t\t\t<p class=\"from_the_blog_excerpt \">\n\t\t\t\t\t\tLa finalidad de los aromas alimentarios es impartir o potenciar el sabor y el aroma [...]\t\t\t\t\t<\/p>\n\t\t\t\t\t                    \n\t\t\t\t\t\n\t\t\t\t\t\n\t\t\t\t\t<\/div>\n\t\t\t\t\t<\/div>\n\t\t\t\t\t\t\t\t\t\t\t\t\t\t\t\t<div class=\"badge absolute top post-date badge-outline\">\n\t\t\t\t\t\t\t<div class=\"badge-inner\">\n\t\t\t\t\t\t\t\t<span class=\"post-date-day\">21<\/span><br>\n\t\t\t\t\t\t\t\t<span class=\"post-date-month is-xsmall\">Oct<\/span>\n\t\t\t\t\t\t\t<\/div>\n\t\t\t\t\t\t<\/div>\n\t\t\t\t\t\t\t\t\t<\/div>\n\t\t\t<\/div>\n\t\t<\/div><div class=\"col post-item\" >\n\t\t\t<div class=\"col-inner\">\n\t\t\t\t<div class=\"box box-normal box-text-bottom box-blog-post has-hover\">\n            \t\t\t\t\t<div class=\"box-image\" >\n  \t\t\t\t\t\t<div class=\"image-cover\" style=\"padding-top:56.25%;\">\n\t\t\t\t\t\t\t<a href=\"https:\/\/naturalpoland.com\/es\/artykuly\/productos-naturales\/aloe-vera-las-cronicas-verdes-de-africa\/\" class=\"plain\" aria-label=\"Aloe Vera: Las Cr\u00f3nicas Verdes de \u00c1frica\">\n\t\t\t\t\t\t\t\t<img decoding=\"async\" width=\"300\" height=\"179\" src=\"https:\/\/naturalpoland.com\/wp-content\/uploads\/aloe-vera-in-africa-300x179.jpg\" class=\"attachment-medium size-medium wp-post-image\" alt=\"aloe vera in Africa\" srcset=\"https:\/\/naturalpoland.com\/wp-content\/uploads\/aloe-vera-in-africa-300x179.jpg 300w, https:\/\/naturalpoland.com\/wp-content\/uploads\/aloe-vera-in-africa-510x304.jpg 510w, https:\/\/naturalpoland.com\/wp-content\/uploads\/aloe-vera-in-africa-768x458.jpg 768w, https:\/\/naturalpoland.com\/wp-content\/uploads\/aloe-vera-in-africa.jpg 1024w\" sizes=\"(max-width: 300px) 100vw, 300px\" \/>\t\t\t\t\t\t\t<\/a>\n  \t\t\t\t\t\t\t  \t\t\t\t\t\t\t  \t\t\t\t\t\t<\/div>\n  \t\t\t\t\t\t  \t\t\t\t\t<\/div>\n          \t\t\t\t\t<div class=\"box-text text-center\" >\n\t\t\t\t\t<div class=\"box-text-inner blog-post-inner\">\n\n\t\t\t\t\t\n\t\t\t\t\t\t\t\t\t\t<h5 class=\"post-title is-large \">\n\t\t\t\t\t\t<a href=\"https:\/\/naturalpoland.com\/es\/artykuly\/productos-naturales\/aloe-vera-las-cronicas-verdes-de-africa\/\" class=\"plain\">Aloe Vera: Las Cr\u00f3nicas Verdes de \u00c1frica<\/a>\n\t\t\t\t\t<\/h5>\n\t\t\t\t\t\t\t\t\t\t<div class=\"is-divider\"><\/div>\n\t\t\t\t\t\t\t\t\t\t<p class=\"from_the_blog_excerpt \">\n\t\t\t\t\t\tLas vastas extensiones de \u00c1frica est\u00e1n llenas de historias, no solo de civilizaciones desaparecidas, sino [...]\t\t\t\t\t<\/p>\n\t\t\t\t\t                    \n\t\t\t\t\t\n\t\t\t\t\t\n\t\t\t\t\t<\/div>\n\t\t\t\t\t<\/div>\n\t\t\t\t\t\t\t\t\t\t\t\t\t\t\t\t<div class=\"badge absolute top post-date badge-outline\">\n\t\t\t\t\t\t\t<div class=\"badge-inner\">\n\t\t\t\t\t\t\t\t<span class=\"post-date-day\">16<\/span><br>\n\t\t\t\t\t\t\t\t<span class=\"post-date-month is-xsmall\">Sep<\/span>\n\t\t\t\t\t\t\t<\/div>\n\t\t\t\t\t\t<\/div>\n\t\t\t\t\t\t\t\t\t<\/div>\n\t\t\t<\/div>\n\t\t<\/div><div class=\"col post-item\" >\n\t\t\t<div class=\"col-inner\">\n\t\t\t\t<div class=\"box box-normal box-text-bottom box-blog-post has-hover\">\n            \t\t\t\t\t<div class=\"box-image\" >\n  \t\t\t\t\t\t<div class=\"image-cover\" style=\"padding-top:56.25%;\">\n\t\t\t\t\t\t\t<a href=\"https:\/\/naturalpoland.com\/es\/artykuly\/productos-naturales\/propiedades-y-usos-de-la-angelica\/\" class=\"plain\" aria-label=\"Propiedades y Usos de la Ang\u00e9lica\">\n\t\t\t\t\t\t\t\t<img decoding=\"async\" width=\"300\" height=\"179\" src=\"https:\/\/naturalpoland.com\/wp-content\/uploads\/wlasciwosci-arcydzie\u0328gla-300x179.jpg\" class=\"attachment-medium size-medium wp-post-image\" alt=\"w\u0142a\u015bciwo\u015bci arcydzi\u0119gla\" srcset=\"https:\/\/naturalpoland.com\/wp-content\/uploads\/wlasciwosci-arcydzie\u0328gla-300x179.jpg 300w, https:\/\/naturalpoland.com\/wp-content\/uploads\/wlasciwosci-arcydzie\u0328gla-768x458.jpg 768w, https:\/\/naturalpoland.com\/wp-content\/uploads\/wlasciwosci-arcydzie\u0328gla-510x304.jpg 510w, https:\/\/naturalpoland.com\/wp-content\/uploads\/wlasciwosci-arcydzie\u0328gla.jpg 1024w\" sizes=\"(max-width: 300px) 100vw, 300px\" \/>\t\t\t\t\t\t\t<\/a>\n  \t\t\t\t\t\t\t  \t\t\t\t\t\t\t  \t\t\t\t\t\t<\/div>\n  \t\t\t\t\t\t  \t\t\t\t\t<\/div>\n          \t\t\t\t\t<div class=\"box-text text-center\" >\n\t\t\t\t\t<div class=\"box-text-inner blog-post-inner\">\n\n\t\t\t\t\t\n\t\t\t\t\t\t\t\t\t\t<h5 class=\"post-title is-large \">\n\t\t\t\t\t\t<a href=\"https:\/\/naturalpoland.com\/es\/artykuly\/productos-naturales\/propiedades-y-usos-de-la-angelica\/\" class=\"plain\">Propiedades y Usos de la Ang\u00e9lica<\/a>\n\t\t\t\t\t<\/h5>\n\t\t\t\t\t\t\t\t\t\t<div class=\"is-divider\"><\/div>\n\t\t\t\t\t\t\t\t\t\t<p class=\"from_the_blog_excerpt \">\n\t\t\t\t\t\tLa Ang\u00e9lica es conocida en la medicina popular y tradicional desde hace miles de a\u00f1os. [...]\t\t\t\t\t<\/p>\n\t\t\t\t\t                    \n\t\t\t\t\t\n\t\t\t\t\t\n\t\t\t\t\t<\/div>\n\t\t\t\t\t<\/div>\n\t\t\t\t\t\t\t\t\t\t\t\t\t\t\t\t<div class=\"badge absolute top post-date badge-outline\">\n\t\t\t\t\t\t\t<div class=\"badge-inner\">\n\t\t\t\t\t\t\t\t<span class=\"post-date-day\">01<\/span><br>\n\t\t\t\t\t\t\t\t<span class=\"post-date-month is-xsmall\">Jul<\/span>\n\t\t\t\t\t\t\t<\/div>\n\t\t\t\t\t\t<\/div>\n\t\t\t\t\t\t\t\t\t<\/div>\n\t\t\t<\/div>\n\t\t<\/div><div class=\"col post-item\" >\n\t\t\t<div class=\"col-inner\">\n\t\t\t\t<div class=\"box box-normal box-text-bottom box-blog-post has-hover\">\n            \t\t\t\t\t<div class=\"box-image\" >\n  \t\t\t\t\t\t<div class=\"image-cover\" style=\"padding-top:56.25%;\">\n\t\t\t\t\t\t\t<a href=\"https:\/\/naturalpoland.com\/es\/artykuly\/suplementos-dieteticos\/que-es-el-acido-butirico-y-que-propiedades-tiene\/\" class=\"plain\" aria-label=\"\u00bfQu\u00e9 es el \u00e1cido but\u00edrico y qu\u00e9 propiedades tiene?\">\n\t\t\t\t\t\t\t\t<img decoding=\"async\" width=\"300\" height=\"179\" src=\"https:\/\/naturalpoland.com\/wp-content\/uploads\/kwas-maslowy-300x179.jpg\" class=\"attachment-medium size-medium wp-post-image\" alt=\"kwas mas\u0142owy\" srcset=\"https:\/\/naturalpoland.com\/wp-content\/uploads\/kwas-maslowy-300x179.jpg 300w, https:\/\/naturalpoland.com\/wp-content\/uploads\/kwas-maslowy-510x304.jpg 510w, https:\/\/naturalpoland.com\/wp-content\/uploads\/kwas-maslowy-768x458.jpg 768w, https:\/\/naturalpoland.com\/wp-content\/uploads\/kwas-maslowy.jpg 1024w\" sizes=\"(max-width: 300px) 100vw, 300px\" \/>\t\t\t\t\t\t\t<\/a>\n  \t\t\t\t\t\t\t  \t\t\t\t\t\t\t  \t\t\t\t\t\t<\/div>\n  \t\t\t\t\t\t  \t\t\t\t\t<\/div>\n          \t\t\t\t\t<div class=\"box-text text-center\" >\n\t\t\t\t\t<div class=\"box-text-inner blog-post-inner\">\n\n\t\t\t\t\t\n\t\t\t\t\t\t\t\t\t\t<h5 class=\"post-title is-large \">\n\t\t\t\t\t\t<a href=\"https:\/\/naturalpoland.com\/es\/artykuly\/suplementos-dieteticos\/que-es-el-acido-butirico-y-que-propiedades-tiene\/\" class=\"plain\">\u00bfQu\u00e9 es el \u00e1cido but\u00edrico y qu\u00e9 propiedades tiene?<\/a>\n\t\t\t\t\t<\/h5>\n\t\t\t\t\t\t\t\t\t\t<div class=\"is-divider\"><\/div>\n\t\t\t\t\t\t\t\t\t\t<p class=\"from_the_blog_excerpt \">\n\t\t\t\t\t\tEl \u00e1cido but\u00edrico (butyric acid) es un compuesto natural perteneciente a los \u00e1cidos grasos de [...]\t\t\t\t\t<\/p>\n\t\t\t\t\t                    \n\t\t\t\t\t\n\t\t\t\t\t\n\t\t\t\t\t<\/div>\n\t\t\t\t\t<\/div>\n\t\t\t\t\t\t\t\t\t\t\t\t\t\t\t\t<div class=\"badge absolute top post-date badge-outline\">\n\t\t\t\t\t\t\t<div class=\"badge-inner\">\n\t\t\t\t\t\t\t\t<span class=\"post-date-day\">24<\/span><br>\n\t\t\t\t\t\t\t\t<span class=\"post-date-month is-xsmall\">Abr<\/span>\n\t\t\t\t\t\t\t<\/div>\n\t\t\t\t\t\t<\/div>\n\t\t\t\t\t\t\t\t\t<\/div>\n\t\t\t<\/div>\n\t\t<\/div><\/div>\n\n\n\t\t<\/div>\n\n\t\t\n<style>\n#section_944208622 {\n  padding-top: 30px;\n  padding-bottom: 30px;\n}\n<\/style>\n\t<\/section>\n\t\n\n","protected":false},"excerpt":{"rendered":"","protected":false},"author":1,"featured_media":0,"parent":0,"menu_order":0,"comment_status":"closed","ping_status":"closed","template":"page-blank.php","meta":{"_acf_changed":false,"footnotes":""},"class_list":["post-6113","page","type-page","status-publish","hentry"],"acf":[],"yoast_head":"<!-- This site is optimized with the Yoast SEO plugin v27.5 - https:\/\/yoast.com\/product\/yoast-seo-wordpress\/ -->\n<title>NATURAL POLAND - Distribuidor mayorista de materias primas naturales<\/title>\n<meta name=\"description\" content=\"Suministramos a las empresas materias primas cosm\u00e9ticas, alimentarias y farmac\u00e9uticas directamente desde los fabricantes de todo el mundo. Cantidades al por mayor, cooperaci\u00f3n B2B\" \/>\n<meta name=\"robots\" content=\"index, follow, max-snippet:-1, max-image-preview:large, max-video-preview:-1\" \/>\n<link rel=\"canonical\" href=\"https:\/\/naturalpoland.com\/es\/\" \/>\n<meta property=\"og:locale\" content=\"es_ES\" \/>\n<meta property=\"og:type\" content=\"article\" \/>\n<meta property=\"og:title\" content=\"NATURAL POLAND - Distribuidor mayorista de materias primas naturales\" \/>\n<meta property=\"og:description\" content=\"Suministramos a las empresas materias primas cosm\u00e9ticas, alimentarias y farmac\u00e9uticas directamente desde los fabricantes de todo el mundo. Cantidades al por mayor, cooperaci\u00f3n B2B\" \/>\n<meta property=\"og:url\" content=\"https:\/\/naturalpoland.com\/es\/\" \/>\n<meta property=\"og:site_name\" content=\"NATURAL POLAND - Distribuidor Mayorista de Materias Primas\" \/>\n<meta property=\"article:publisher\" content=\"https:\/\/www.facebook.com\/naturalpoland.b2b\" \/>\n<meta property=\"article:modified_time\" content=\"2026-04-20T13:11:12+00:00\" \/>\n<meta property=\"og:image\" content=\"https:\/\/naturalpoland.com\/wp-content\/uploads\/2021\/05\/natural-poland-icon.png\" \/>\n\t<meta property=\"og:image:width\" content=\"512\" \/>\n\t<meta property=\"og:image:height\" content=\"512\" \/>\n\t<meta property=\"og:image:type\" content=\"image\/png\" \/>\n<script type=\"application\/ld+json\" class=\"yoast-schema-graph\">{\"@context\":\"https:\\\/\\\/schema.org\",\"@graph\":[{\"@type\":\"WebPage\",\"@id\":\"https:\\\/\\\/naturalpoland.com\\\/es\\\/\",\"url\":\"https:\\\/\\\/naturalpoland.com\\\/es\\\/\",\"name\":\"NATURAL POLAND - Distribuidor mayorista de materias primas naturales\",\"isPartOf\":{\"@id\":\"https:\\\/\\\/naturalpoland.com\\\/es\\\/#website\"},\"datePublished\":\"2021-08-18T13:01:40+00:00\",\"dateModified\":\"2026-04-20T13:11:12+00:00\",\"description\":\"Suministramos a las empresas materias primas cosm\u00e9ticas, alimentarias y farmac\u00e9uticas directamente desde los fabricantes de todo el mundo. Cantidades al por mayor, cooperaci\u00f3n B2B\",\"breadcrumb\":{\"@id\":\"https:\\\/\\\/naturalpoland.com\\\/es\\\/#breadcrumb\"},\"inLanguage\":\"es\",\"potentialAction\":[{\"@type\":\"ReadAction\",\"target\":[\"https:\\\/\\\/naturalpoland.com\\\/es\\\/\"]}]},{\"@type\":\"BreadcrumbList\",\"@id\":\"https:\\\/\\\/naturalpoland.com\\\/es\\\/#breadcrumb\",\"itemListElement\":[{\"@type\":\"ListItem\",\"position\":1,\"name\":\"Inicio\",\"item\":\"https:\\\/\\\/naturalpoland.com\\\/es\\\/\"},{\"@type\":\"ListItem\",\"position\":2,\"name\":\"P\u00e1gina principal\"}]},{\"@type\":\"WebSite\",\"@id\":\"https:\\\/\\\/naturalpoland.com\\\/es\\\/#website\",\"url\":\"https:\\\/\\\/naturalpoland.com\\\/es\\\/\",\"name\":\"NATURAL POLAND - Distribuidor Mayorista de Materias Primas\",\"description\":\"Surowce dla przemys\u0142u spo\u017cywczego, kosmetycznego i farmaceutycznego\",\"publisher\":{\"@id\":\"https:\\\/\\\/naturalpoland.com\\\/es\\\/#organization\"},\"potentialAction\":[{\"@type\":\"SearchAction\",\"target\":{\"@type\":\"EntryPoint\",\"urlTemplate\":\"https:\\\/\\\/naturalpoland.com\\\/es\\\/?s={search_term_string}\"},\"query-input\":{\"@type\":\"PropertyValueSpecification\",\"valueRequired\":true,\"valueName\":\"search_term_string\"}}],\"inLanguage\":\"es\"},{\"@type\":\"Organization\",\"@id\":\"https:\\\/\\\/naturalpoland.com\\\/es\\\/#organization\",\"name\":\"Natural Poland\",\"url\":\"https:\\\/\\\/naturalpoland.com\\\/es\\\/\",\"logo\":{\"@type\":\"ImageObject\",\"inLanguage\":\"es\",\"@id\":\"https:\\\/\\\/naturalpoland.com\\\/es\\\/#\\\/schema\\\/logo\\\/image\\\/\",\"url\":\"https:\\\/\\\/naturalpoland.com\\\/wp-content\\\/uploads\\\/2021\\\/05\\\/natural-poland-icon.png\",\"contentUrl\":\"https:\\\/\\\/naturalpoland.com\\\/wp-content\\\/uploads\\\/2021\\\/05\\\/natural-poland-icon.png\",\"width\":512,\"height\":512,\"caption\":\"Natural Poland\"},\"image\":{\"@id\":\"https:\\\/\\\/naturalpoland.com\\\/es\\\/#\\\/schema\\\/logo\\\/image\\\/\"},\"sameAs\":[\"https:\\\/\\\/www.facebook.com\\\/naturalpoland.b2b\",\"https:\\\/\\\/pl.linkedin.com\\\/company\\\/natural-poland\",\"https:\\\/\\\/www.youtube.com\\\/channel\\\/UCgeGGkvOMahZo-xu_MSEWxg\"]}]}<\/script>\n<!-- \/ Yoast SEO plugin. -->","yoast_head_json":{"title":"NATURAL POLAND - Distribuidor mayorista de materias primas naturales","description":"Suministramos a las empresas materias primas cosm\u00e9ticas, alimentarias y farmac\u00e9uticas directamente desde los fabricantes de todo el mundo. Cantidades al por mayor, cooperaci\u00f3n B2B","robots":{"index":"index","follow":"follow","max-snippet":"max-snippet:-1","max-image-preview":"max-image-preview:large","max-video-preview":"max-video-preview:-1"},"canonical":"https:\/\/naturalpoland.com\/es\/","og_locale":"es_ES","og_type":"article","og_title":"NATURAL POLAND - Distribuidor mayorista de materias primas naturales","og_description":"Suministramos a las empresas materias primas cosm\u00e9ticas, alimentarias y farmac\u00e9uticas directamente desde los fabricantes de todo el mundo. Cantidades al por mayor, cooperaci\u00f3n B2B","og_url":"https:\/\/naturalpoland.com\/es\/","og_site_name":"NATURAL POLAND - Distribuidor Mayorista de Materias Primas","article_publisher":"https:\/\/www.facebook.com\/naturalpoland.b2b","article_modified_time":"2026-04-20T13:11:12+00:00","og_image":[{"width":512,"height":512,"url":"https:\/\/naturalpoland.com\/wp-content\/uploads\/2021\/05\/natural-poland-icon.png","type":"image\/png"}],"schema":{"@context":"https:\/\/schema.org","@graph":[{"@type":"WebPage","@id":"https:\/\/naturalpoland.com\/es\/","url":"https:\/\/naturalpoland.com\/es\/","name":"NATURAL POLAND - Distribuidor mayorista de materias primas naturales","isPartOf":{"@id":"https:\/\/naturalpoland.com\/es\/#website"},"datePublished":"2021-08-18T13:01:40+00:00","dateModified":"2026-04-20T13:11:12+00:00","description":"Suministramos a las empresas materias primas cosm\u00e9ticas, alimentarias y farmac\u00e9uticas directamente desde los fabricantes de todo el mundo. Cantidades al por mayor, cooperaci\u00f3n B2B","breadcrumb":{"@id":"https:\/\/naturalpoland.com\/es\/#breadcrumb"},"inLanguage":"es","potentialAction":[{"@type":"ReadAction","target":["https:\/\/naturalpoland.com\/es\/"]}]},{"@type":"BreadcrumbList","@id":"https:\/\/naturalpoland.com\/es\/#breadcrumb","itemListElement":[{"@type":"ListItem","position":1,"name":"Inicio","item":"https:\/\/naturalpoland.com\/es\/"},{"@type":"ListItem","position":2,"name":"P\u00e1gina principal"}]},{"@type":"WebSite","@id":"https:\/\/naturalpoland.com\/es\/#website","url":"https:\/\/naturalpoland.com\/es\/","name":"NATURAL POLAND - Distribuidor Mayorista de Materias Primas","description":"Surowce dla przemys\u0142u spo\u017cywczego, kosmetycznego i farmaceutycznego","publisher":{"@id":"https:\/\/naturalpoland.com\/es\/#organization"},"potentialAction":[{"@type":"SearchAction","target":{"@type":"EntryPoint","urlTemplate":"https:\/\/naturalpoland.com\/es\/?s={search_term_string}"},"query-input":{"@type":"PropertyValueSpecification","valueRequired":true,"valueName":"search_term_string"}}],"inLanguage":"es"},{"@type":"Organization","@id":"https:\/\/naturalpoland.com\/es\/#organization","name":"Natural Poland","url":"https:\/\/naturalpoland.com\/es\/","logo":{"@type":"ImageObject","inLanguage":"es","@id":"https:\/\/naturalpoland.com\/es\/#\/schema\/logo\/image\/","url":"https:\/\/naturalpoland.com\/wp-content\/uploads\/2021\/05\/natural-poland-icon.png","contentUrl":"https:\/\/naturalpoland.com\/wp-content\/uploads\/2021\/05\/natural-poland-icon.png","width":512,"height":512,"caption":"Natural Poland"},"image":{"@id":"https:\/\/naturalpoland.com\/es\/#\/schema\/logo\/image\/"},"sameAs":["https:\/\/www.facebook.com\/naturalpoland.b2b","https:\/\/pl.linkedin.com\/company\/natural-poland","https:\/\/www.youtube.com\/channel\/UCgeGGkvOMahZo-xu_MSEWxg"]}]}},"_links":{"self":[{"href":"https:\/\/naturalpoland.com\/es\/wp-json\/wp\/v2\/pages\/6113","targetHints":{"allow":["GET"]}}],"collection":[{"href":"https:\/\/naturalpoland.com\/es\/wp-json\/wp\/v2\/pages"}],"about":[{"href":"https:\/\/naturalpoland.com\/es\/wp-json\/wp\/v2\/types\/page"}],"author":[{"embeddable":true,"href":"https:\/\/naturalpoland.com\/es\/wp-json\/wp\/v2\/users\/1"}],"replies":[{"embeddable":true,"href":"https:\/\/naturalpoland.com\/es\/wp-json\/wp\/v2\/comments?post=6113"}],"version-history":[{"count":1,"href":"https:\/\/naturalpoland.com\/es\/wp-json\/wp\/v2\/pages\/6113\/revisions"}],"predecessor-version":[{"id":47497,"href":"https:\/\/naturalpoland.com\/es\/wp-json\/wp\/v2\/pages\/6113\/revisions\/47497"}],"wp:attachment":[{"href":"https:\/\/naturalpoland.com\/es\/wp-json\/wp\/v2\/media?parent=6113"}],"curies":[{"name":"wp","href":"https:\/\/api.w.org\/{rel}","templated":true}]}}