{"id":48092,"date":"2026-04-03T13:44:25","date_gmt":"2026-04-03T11:44:25","guid":{"rendered":"https:\/\/naturalpoland.com\/produkty\/sin categor\u00eda\/cafe-verde-molido\/"},"modified":"2026-04-28T13:01:42","modified_gmt":"2026-04-28T11:01:42","slug":"cafe-verde-molido","status":"publish","type":"product","link":"https:\/\/naturalpoland.com\/es\/productos\/productos-vegetales\/cafe-verde-molido\/","title":{"rendered":"Caf\u00e9 verde molido"},"content":{"rendered":"<h2>Propiedades y acci\u00f3n del caf\u00e9 verde molido:<\/h2>\n<p>El caf\u00e9 verde molido se presenta como un polvo fino de color gris verdoso y olor caracter\u00edstico. La materia prima se produce en Polonia a partir de granos originarios de Brasil. <\/p>\n<p>La materia prima contiene compuestos bioactivos naturales, principalmente <strong>\u00e1cidos clorog\u00e9nicos<\/strong> y <strong>cafe\u00edna<\/strong>, utilizados en productos orientados al metabolismo energ\u00e9tico.<\/p>\n<p>El <strong>\u00e1cido clorog\u00e9nico<\/strong> pertenece al grupo de los polifenoles y presenta propiedades antioxidantes. En los suplementos diet\u00e9ticos, desempe\u00f1a un papel de apoyo en el metabolismo de la glucosa y los l\u00edpidos. <\/p>\n<p>En cosm\u00e9tica, el caf\u00e9 verde molido tiene un efecto reafirmante y suavizante. Gracias a la cafe\u00edna, esta materia prima se utiliza en preparaciones destinadas al cuidado de la piel que requiere una mejora de la tensi\u00f3n y en productos anticelul\u00edticos. Adem\u00e1s, sus propiedades antioxidantes apoyan la protecci\u00f3n de la piel contra los factores ambientales.  <\/p>\n<p>La materia prima tambi\u00e9n puede actuar como ingrediente exfoliante en peelings mec\u00e1nicos, ayudando a eliminar las c\u00e9lulas muertas de la piel y a mejorar su aspecto.<\/p>\n<h2>Aplicaci\u00f3n del caf\u00e9 verde molido:<\/h2>\n<p>El caf\u00e9 verde molido se utiliza en:<\/p>\n<ul>\n<li>suplementos diet\u00e9ticos (productos que apoyan el metabolismo),<\/li>\n<li>alimentos funcionales y bebidas,<\/li>\n<li>cosm\u00e9ticos anticelul\u00edticos y reafirmantes,<\/li>\n<li>peelings y productos exfoliantes,<\/li>\n<li>cosm\u00e9ticos naturales y vegetales.<\/li>\n<\/ul>\n<p>Gracias a su forma de polvo, puede incorporarse f\u00e1cilmente a formulaciones secas y semis\u00f3lidas.<\/p>\n","protected":false},"excerpt":{"rendered":"<p>El <strong>caf\u00e9 verde molido<\/strong> se obtiene de granos de caf\u00e9 sin tostar de <em>Coffea arabica<\/em>. A diferencia del caf\u00e9 tostado, conserva el perfil natural de los ingredientes activos presentes en la materia prima. La materia prima est\u00e1 destinada a aplicaciones en suplementos diet\u00e9ticos y en cosm\u00e9tica.  <\/p>\n","protected":false},"featured_media":48093,"template":"","meta":{"_acf_changed":false},"product_brand":[],"product_cat":[1082],"product_tag":[],"class_list":{"0":"post-48092","1":"product","2":"type-product","3":"status-publish","4":"has-post-thumbnail","6":"product_cat-productos-vegetales","8":"first","9":"instock","10":"shipping-taxable","11":"product-type-simple"},"acf":[],"yoast_head":"<!-- This site is optimized with the Yoast SEO plugin v27.5 - https:\/\/yoast.com\/product\/yoast-seo-wordpress\/ -->\n<title>Caf\u00e9 verde molido - Distribuidor mayorista<\/title>\n<meta name=\"description\" content=\"Caf\u00e9 verde molido (Coffea arabica), rico en cafe\u00edna y polifenoles; utilizado en suplementos, cosm\u00e9ticos anticelul\u00edticos y productos funcionales\" \/>\n<meta name=\"robots\" content=\"index, follow, max-snippet:-1, max-image-preview:large, max-video-preview:-1\" \/>\n<link rel=\"canonical\" href=\"https:\/\/naturalpoland.com\/es\/productos\/productos-vegetales\/cafe-verde-molido\/\" \/>\n<meta property=\"og:locale\" content=\"es_ES\" \/>\n<meta property=\"og:type\" content=\"article\" \/>\n<meta property=\"og:title\" content=\"Caf\u00e9 verde molido - Distribuidor mayorista\" \/>\n<meta property=\"og:description\" content=\"Caf\u00e9 verde molido (Coffea arabica), rico en cafe\u00edna y polifenoles; utilizado en suplementos, cosm\u00e9ticos anticelul\u00edticos y productos funcionales\" \/>\n<meta property=\"og:url\" content=\"https:\/\/naturalpoland.com\/es\/productos\/productos-vegetales\/cafe-verde-molido\/\" \/>\n<meta property=\"og:site_name\" content=\"NATURAL POLAND - Distribuidor Mayorista de Materias Primas\" \/>\n<meta property=\"article:publisher\" content=\"https:\/\/www.facebook.com\/naturalpoland.b2b\" \/>\n<meta property=\"article:modified_time\" content=\"2026-04-28T11:01:42+00:00\" \/>\n<meta property=\"og:image\" content=\"https:\/\/naturalpoland.com\/wp-content\/uploads\/mielona-kawa-zielona.png\" \/>\n\t<meta property=\"og:image:width\" content=\"1024\" \/>\n\t<meta property=\"og:image:height\" content=\"1024\" \/>\n\t<meta property=\"og:image:type\" content=\"image\/png\" \/>\n<script type=\"application\/ld+json\" class=\"yoast-schema-graph\">{\"@context\":\"https:\\\/\\\/schema.org\",\"@graph\":[{\"@type\":\"WebPage\",\"@id\":\"https:\\\/\\\/naturalpoland.com\\\/es\\\/productos\\\/productos-vegetales\\\/cafe-verde-molido\\\/\",\"url\":\"https:\\\/\\\/naturalpoland.com\\\/es\\\/productos\\\/productos-vegetales\\\/cafe-verde-molido\\\/\",\"name\":\"Caf\u00e9 verde molido - Distribuidor mayorista\",\"isPartOf\":{\"@id\":\"https:\\\/\\\/naturalpoland.com\\\/es\\\/#website\"},\"primaryImageOfPage\":{\"@id\":\"https:\\\/\\\/naturalpoland.com\\\/es\\\/productos\\\/productos-vegetales\\\/cafe-verde-molido\\\/#primaryimage\"},\"image\":{\"@id\":\"https:\\\/\\\/naturalpoland.com\\\/es\\\/productos\\\/productos-vegetales\\\/cafe-verde-molido\\\/#primaryimage\"},\"thumbnailUrl\":\"https:\\\/\\\/naturalpoland.com\\\/wp-content\\\/uploads\\\/mielona-kawa-zielona.png\",\"datePublished\":\"2026-04-03T11:44:25+00:00\",\"dateModified\":\"2026-04-28T11:01:42+00:00\",\"description\":\"Caf\u00e9 verde molido (Coffea arabica), rico en cafe\u00edna y polifenoles; utilizado en suplementos, cosm\u00e9ticos anticelul\u00edticos y productos funcionales\",\"breadcrumb\":{\"@id\":\"https:\\\/\\\/naturalpoland.com\\\/es\\\/productos\\\/productos-vegetales\\\/cafe-verde-molido\\\/#breadcrumb\"},\"inLanguage\":\"es\",\"potentialAction\":[{\"@type\":\"ReadAction\",\"target\":[\"https:\\\/\\\/naturalpoland.com\\\/es\\\/productos\\\/productos-vegetales\\\/cafe-verde-molido\\\/\"]}]},{\"@type\":\"ImageObject\",\"inLanguage\":\"es\",\"@id\":\"https:\\\/\\\/naturalpoland.com\\\/es\\\/productos\\\/productos-vegetales\\\/cafe-verde-molido\\\/#primaryimage\",\"url\":\"https:\\\/\\\/naturalpoland.com\\\/wp-content\\\/uploads\\\/mielona-kawa-zielona.png\",\"contentUrl\":\"https:\\\/\\\/naturalpoland.com\\\/wp-content\\\/uploads\\\/mielona-kawa-zielona.png\",\"width\":1024,\"height\":1024,\"caption\":\"caf\u00e9 verde molido\"},{\"@type\":\"BreadcrumbList\",\"@id\":\"https:\\\/\\\/naturalpoland.com\\\/es\\\/productos\\\/productos-vegetales\\\/cafe-verde-molido\\\/#breadcrumb\",\"itemListElement\":[{\"@type\":\"ListItem\",\"position\":1,\"name\":\"Inicio\",\"item\":\"https:\\\/\\\/naturalpoland.com\\\/es\\\/\"},{\"@type\":\"ListItem\",\"position\":2,\"name\":\"Productos\",\"item\":\"https:\\\/\\\/naturalpoland.com\\\/es\\\/productos\\\/\"},{\"@type\":\"ListItem\",\"position\":3,\"name\":\"Caf\u00e9 verde molido\"}]},{\"@type\":\"WebSite\",\"@id\":\"https:\\\/\\\/naturalpoland.com\\\/es\\\/#website\",\"url\":\"https:\\\/\\\/naturalpoland.com\\\/es\\\/\",\"name\":\"NATURAL POLAND - Distribuidor Mayorista de Materias Primas\",\"description\":\"Surowce dla przemys\u0142u spo\u017cywczego, kosmetycznego i farmaceutycznego\",\"publisher\":{\"@id\":\"https:\\\/\\\/naturalpoland.com\\\/es\\\/#organization\"},\"potentialAction\":[{\"@type\":\"SearchAction\",\"target\":{\"@type\":\"EntryPoint\",\"urlTemplate\":\"https:\\\/\\\/naturalpoland.com\\\/es\\\/?s={search_term_string}\"},\"query-input\":{\"@type\":\"PropertyValueSpecification\",\"valueRequired\":true,\"valueName\":\"search_term_string\"}}],\"inLanguage\":\"es\"},{\"@type\":\"Organization\",\"@id\":\"https:\\\/\\\/naturalpoland.com\\\/es\\\/#organization\",\"name\":\"Natural Poland\",\"url\":\"https:\\\/\\\/naturalpoland.com\\\/es\\\/\",\"logo\":{\"@type\":\"ImageObject\",\"inLanguage\":\"es\",\"@id\":\"https:\\\/\\\/naturalpoland.com\\\/es\\\/#\\\/schema\\\/logo\\\/image\\\/\",\"url\":\"https:\\\/\\\/naturalpoland.com\\\/wp-content\\\/uploads\\\/2021\\\/05\\\/natural-poland-icon.png\",\"contentUrl\":\"https:\\\/\\\/naturalpoland.com\\\/wp-content\\\/uploads\\\/2021\\\/05\\\/natural-poland-icon.png\",\"width\":512,\"height\":512,\"caption\":\"Natural Poland\"},\"image\":{\"@id\":\"https:\\\/\\\/naturalpoland.com\\\/es\\\/#\\\/schema\\\/logo\\\/image\\\/\"},\"sameAs\":[\"https:\\\/\\\/www.facebook.com\\\/naturalpoland.b2b\",\"https:\\\/\\\/pl.linkedin.com\\\/company\\\/natural-poland\",\"https:\\\/\\\/www.youtube.com\\\/channel\\\/UCgeGGkvOMahZo-xu_MSEWxg\"]}]}<\/script>\n<!-- \/ Yoast SEO plugin. -->","yoast_head_json":{"title":"Caf\u00e9 verde molido - Distribuidor mayorista","description":"Caf\u00e9 verde molido (Coffea arabica), rico en cafe\u00edna y polifenoles; utilizado en suplementos, cosm\u00e9ticos anticelul\u00edticos y productos funcionales","robots":{"index":"index","follow":"follow","max-snippet":"max-snippet:-1","max-image-preview":"max-image-preview:large","max-video-preview":"max-video-preview:-1"},"canonical":"https:\/\/naturalpoland.com\/es\/productos\/productos-vegetales\/cafe-verde-molido\/","og_locale":"es_ES","og_type":"article","og_title":"Caf\u00e9 verde molido - Distribuidor mayorista","og_description":"Caf\u00e9 verde molido (Coffea arabica), rico en cafe\u00edna y polifenoles; utilizado en suplementos, cosm\u00e9ticos anticelul\u00edticos y productos funcionales","og_url":"https:\/\/naturalpoland.com\/es\/productos\/productos-vegetales\/cafe-verde-molido\/","og_site_name":"NATURAL POLAND - Distribuidor Mayorista de Materias Primas","article_publisher":"https:\/\/www.facebook.com\/naturalpoland.b2b","article_modified_time":"2026-04-28T11:01:42+00:00","og_image":[{"width":1024,"height":1024,"url":"https:\/\/naturalpoland.com\/wp-content\/uploads\/mielona-kawa-zielona.png","type":"image\/png"}],"schema":{"@context":"https:\/\/schema.org","@graph":[{"@type":"WebPage","@id":"https:\/\/naturalpoland.com\/es\/productos\/productos-vegetales\/cafe-verde-molido\/","url":"https:\/\/naturalpoland.com\/es\/productos\/productos-vegetales\/cafe-verde-molido\/","name":"Caf\u00e9 verde molido - Distribuidor mayorista","isPartOf":{"@id":"https:\/\/naturalpoland.com\/es\/#website"},"primaryImageOfPage":{"@id":"https:\/\/naturalpoland.com\/es\/productos\/productos-vegetales\/cafe-verde-molido\/#primaryimage"},"image":{"@id":"https:\/\/naturalpoland.com\/es\/productos\/productos-vegetales\/cafe-verde-molido\/#primaryimage"},"thumbnailUrl":"https:\/\/naturalpoland.com\/wp-content\/uploads\/mielona-kawa-zielona.png","datePublished":"2026-04-03T11:44:25+00:00","dateModified":"2026-04-28T11:01:42+00:00","description":"Caf\u00e9 verde molido (Coffea arabica), rico en cafe\u00edna y polifenoles; utilizado en suplementos, cosm\u00e9ticos anticelul\u00edticos y productos funcionales","breadcrumb":{"@id":"https:\/\/naturalpoland.com\/es\/productos\/productos-vegetales\/cafe-verde-molido\/#breadcrumb"},"inLanguage":"es","potentialAction":[{"@type":"ReadAction","target":["https:\/\/naturalpoland.com\/es\/productos\/productos-vegetales\/cafe-verde-molido\/"]}]},{"@type":"ImageObject","inLanguage":"es","@id":"https:\/\/naturalpoland.com\/es\/productos\/productos-vegetales\/cafe-verde-molido\/#primaryimage","url":"https:\/\/naturalpoland.com\/wp-content\/uploads\/mielona-kawa-zielona.png","contentUrl":"https:\/\/naturalpoland.com\/wp-content\/uploads\/mielona-kawa-zielona.png","width":1024,"height":1024,"caption":"caf\u00e9 verde molido"},{"@type":"BreadcrumbList","@id":"https:\/\/naturalpoland.com\/es\/productos\/productos-vegetales\/cafe-verde-molido\/#breadcrumb","itemListElement":[{"@type":"ListItem","position":1,"name":"Inicio","item":"https:\/\/naturalpoland.com\/es\/"},{"@type":"ListItem","position":2,"name":"Productos","item":"https:\/\/naturalpoland.com\/es\/productos\/"},{"@type":"ListItem","position":3,"name":"Caf\u00e9 verde molido"}]},{"@type":"WebSite","@id":"https:\/\/naturalpoland.com\/es\/#website","url":"https:\/\/naturalpoland.com\/es\/","name":"NATURAL POLAND - Distribuidor Mayorista de Materias Primas","description":"Surowce dla przemys\u0142u spo\u017cywczego, kosmetycznego i farmaceutycznego","publisher":{"@id":"https:\/\/naturalpoland.com\/es\/#organization"},"potentialAction":[{"@type":"SearchAction","target":{"@type":"EntryPoint","urlTemplate":"https:\/\/naturalpoland.com\/es\/?s={search_term_string}"},"query-input":{"@type":"PropertyValueSpecification","valueRequired":true,"valueName":"search_term_string"}}],"inLanguage":"es"},{"@type":"Organization","@id":"https:\/\/naturalpoland.com\/es\/#organization","name":"Natural Poland","url":"https:\/\/naturalpoland.com\/es\/","logo":{"@type":"ImageObject","inLanguage":"es","@id":"https:\/\/naturalpoland.com\/es\/#\/schema\/logo\/image\/","url":"https:\/\/naturalpoland.com\/wp-content\/uploads\/2021\/05\/natural-poland-icon.png","contentUrl":"https:\/\/naturalpoland.com\/wp-content\/uploads\/2021\/05\/natural-poland-icon.png","width":512,"height":512,"caption":"Natural Poland"},"image":{"@id":"https:\/\/naturalpoland.com\/es\/#\/schema\/logo\/image\/"},"sameAs":["https:\/\/www.facebook.com\/naturalpoland.b2b","https:\/\/pl.linkedin.com\/company\/natural-poland","https:\/\/www.youtube.com\/channel\/UCgeGGkvOMahZo-xu_MSEWxg"]}]}},"_links":{"self":[{"href":"https:\/\/naturalpoland.com\/es\/wp-json\/wp\/v2\/product\/48092","targetHints":{"allow":["GET"]}}],"collection":[{"href":"https:\/\/naturalpoland.com\/es\/wp-json\/wp\/v2\/product"}],"about":[{"href":"https:\/\/naturalpoland.com\/es\/wp-json\/wp\/v2\/types\/product"}],"wp:featuredmedia":[{"embeddable":true,"href":"https:\/\/naturalpoland.com\/es\/wp-json\/wp\/v2\/media\/48093"}],"wp:attachment":[{"href":"https:\/\/naturalpoland.com\/es\/wp-json\/wp\/v2\/media?parent=48092"}],"wp:term":[{"taxonomy":"product_brand","embeddable":true,"href":"https:\/\/naturalpoland.com\/es\/wp-json\/wp\/v2\/product_brand?post=48092"},{"taxonomy":"product_cat","embeddable":true,"href":"https:\/\/naturalpoland.com\/es\/wp-json\/wp\/v2\/product_cat?post=48092"},{"taxonomy":"product_tag","embeddable":true,"href":"https:\/\/naturalpoland.com\/es\/wp-json\/wp\/v2\/product_tag?post=48092"}],"curies":[{"name":"wp","href":"https:\/\/api.w.org\/{rel}","templated":true}]}}