{"id":24338,"date":"2023-07-20T10:54:49","date_gmt":"2023-07-20T13:32:26","guid":{"rendered":"https:\/\/naturalpoland.com\/produkty\/Ei-luokiteltu\/inaktivoidut-probiootit\/"},"modified":"2023-07-20T15:32:26","modified_gmt":"2023-07-20T13:32:26","slug":"probiootti-aktivoitu","status":"publish","type":"product","link":"https:\/\/naturalpoland.com\/fi\/tuotteet\/kosmetiikkateollisuuden-tuotteet\/probiootit\/probiootti-aktivoitu\/","title":{"rendered":"Inaktivoidut probiootit"},"content":{"rendered":"<p>Vaikka inaktivoidut probiootit ovat &#8221;inaktiivisia&#8221;, niiden kyky vuorovaikuttaa ihon mikrobiomin kanssa s\u00e4ilyy ennallaan. Ne eiv\u00e4t asu iholla kuten <strong><br \/>\n  <a href=\"https:\/\/naturalpoland.com\/fi\/tuotteet\/kosmetiikkateollisuuden-tuotteet\/probiootit\/probiootit\/\">el\u00e4v\u00e4t probiootit<\/a><br \/>\n<\/strong>mutta ne luovat suotuisan ymp\u00e4rist\u00f6n terveille bakteereille ja auttavat yll\u00e4pit\u00e4m\u00e4\u00e4n ihon luonnollista tasapainoa.<\/p>\n<p>Tyndalisoidut probiootit tarjoavat monia etuja iholle. Niill\u00e4 on tulehdusta ehk\u00e4isev\u00e4 vaikutus, joka lievitt\u00e4\u00e4 \u00e4rsytyst\u00e4 ja punoitusta, mik\u00e4 tekee niist\u00e4 erinomaisen ainesosan herk\u00e4lle iholle, joka on altis tulehduksille tai jolla on aknen tai ekseeman kaltaisia ongelmia. Vuorovaikutuksessa ihon mikrobiomin kanssa probiootit vahvistavat ihon luonnollista suojaa, auttavat s\u00e4ilytt\u00e4m\u00e4\u00e4n kosteutta ja suojaavat negatiivisilta ulkoisilta tekij\u00f6ilt\u00e4.<\/p>\n<p>Inaktivoidut probiootit voidaan helposti sis\u00e4llytt\u00e4\u00e4 erilaisiin kosmeettisiin valmisteisiin. Voiteisiin, seerumeihin, naamioihin tai voiteisiin lis\u00e4ttyn\u00e4 ne luovat tuotteita, jotka kirjaimellisesti &#8221;ruokkivat&#8221; ihoa ja antavat sille ainesosia, joita se tarvitsee pysy\u00e4kseen terveen\u00e4 ja kauniina.<\/p>\n","protected":false},"excerpt":{"rendered":"<p>Probiootit ovat tunnettuja suoliston terveytt\u00e4 edist\u00e4vist\u00e4 hy\u00f6dyist\u00e4\u00e4n, mutta yh\u00e4 useammat tieteelliset tutkimustulokset osoittavat niiden merkityksen my\u00f6s ihon terveydelle. <strong>Tyndalisoidut<\/strong> <strong>probiootit<\/strong>, jotka tunnetaan my\u00f6s <strong>inaktivoituina probiootteina<\/strong>, edustavat innovatiivista aikakautta kosmetiikassa.<\/p>\n","protected":false},"featured_media":24301,"template":"","meta":{"_acf_changed":false},"product_brand":[],"product_cat":[2090],"product_tag":[],"class_list":{"0":"post-24338","1":"product","2":"type-product","3":"status-publish","4":"has-post-thumbnail","6":"product_cat-probiootit","8":"first","9":"instock","10":"shipping-taxable","11":"product-type-simple"},"acf":[],"yoast_head":"<!-- This site is optimized with the Yoast SEO plugin v27.5 - https:\/\/yoast.com\/product\/yoast-seo-wordpress\/ -->\n<title>Inaktivoidut probiootit - Tukkudistribuutio<\/title>\n<meta name=\"description\" content=\"Inaktivoidut probiootit on innovatiivinen kosmeettinen ainesosa, joka yll\u00e4pit\u00e4\u00e4 ihon mikrobiomin tasapainoa ja lievitt\u00e4\u00e4 \u00e4rsytyst\u00e4.\" \/>\n<meta name=\"robots\" content=\"index, follow, max-snippet:-1, max-image-preview:large, max-video-preview:-1\" \/>\n<link rel=\"canonical\" href=\"https:\/\/naturalpoland.com\/fi\/tuotteet\/kosmetiikkateollisuuden-tuotteet\/probiootit\/probiootti-aktivoitu\/\" \/>\n<meta property=\"og:locale\" content=\"fi_FI\" \/>\n<meta property=\"og:type\" content=\"article\" \/>\n<meta property=\"og:title\" content=\"Inaktivoidut probiootit - Tukkudistribuutio\" \/>\n<meta property=\"og:description\" content=\"Inaktivoidut probiootit on innovatiivinen kosmeettinen ainesosa, joka yll\u00e4pit\u00e4\u00e4 ihon mikrobiomin tasapainoa ja lievitt\u00e4\u00e4 \u00e4rsytyst\u00e4.\" \/>\n<meta property=\"og:url\" content=\"https:\/\/naturalpoland.com\/fi\/tuotteet\/kosmetiikkateollisuuden-tuotteet\/probiootit\/probiootti-aktivoitu\/\" \/>\n<meta property=\"og:site_name\" content=\"NATURAL POLAND - RAAKA-AINEIDEN TUKKUJAKELIJA\" \/>\n<meta property=\"article:publisher\" content=\"https:\/\/www.facebook.com\/naturalpoland.b2b\" \/>\n<meta property=\"og:image\" content=\"https:\/\/naturalpoland.com\/wp-content\/uploads\/tyndallized-probiotics.png\" \/>\n\t<meta property=\"og:image:width\" content=\"595\" \/>\n\t<meta property=\"og:image:height\" content=\"595\" \/>\n\t<meta property=\"og:image:type\" content=\"image\/png\" \/>\n<script type=\"application\/ld+json\" class=\"yoast-schema-graph\">{\"@context\":\"https:\\\/\\\/schema.org\",\"@graph\":[{\"@type\":\"WebPage\",\"@id\":\"https:\\\/\\\/naturalpoland.com\\\/fi\\\/tuotteet\\\/kosmetiikkateollisuuden-tuotteet\\\/probiootit\\\/probiootti-aktivoitu\\\/\",\"url\":\"https:\\\/\\\/naturalpoland.com\\\/fi\\\/tuotteet\\\/kosmetiikkateollisuuden-tuotteet\\\/probiootit\\\/probiootti-aktivoitu\\\/\",\"name\":\"Inaktivoidut probiootit - Tukkudistribuutio\",\"isPartOf\":{\"@id\":\"https:\\\/\\\/naturalpoland.com\\\/fi\\\/#website\"},\"primaryImageOfPage\":{\"@id\":\"https:\\\/\\\/naturalpoland.com\\\/fi\\\/tuotteet\\\/kosmetiikkateollisuuden-tuotteet\\\/probiootit\\\/probiootti-aktivoitu\\\/#primaryimage\"},\"image\":{\"@id\":\"https:\\\/\\\/naturalpoland.com\\\/fi\\\/tuotteet\\\/kosmetiikkateollisuuden-tuotteet\\\/probiootit\\\/probiootti-aktivoitu\\\/#primaryimage\"},\"thumbnailUrl\":\"https:\\\/\\\/naturalpoland.com\\\/wp-content\\\/uploads\\\/tyndallized-probiotics.png\",\"datePublished\":\"2023-07-20T13:32:26+00:00\",\"description\":\"Inaktivoidut probiootit on innovatiivinen kosmeettinen ainesosa, joka yll\u00e4pit\u00e4\u00e4 ihon mikrobiomin tasapainoa ja lievitt\u00e4\u00e4 \u00e4rsytyst\u00e4.\",\"breadcrumb\":{\"@id\":\"https:\\\/\\\/naturalpoland.com\\\/fi\\\/tuotteet\\\/kosmetiikkateollisuuden-tuotteet\\\/probiootit\\\/probiootti-aktivoitu\\\/#breadcrumb\"},\"inLanguage\":\"fi\",\"potentialAction\":[{\"@type\":\"ReadAction\",\"target\":[\"https:\\\/\\\/naturalpoland.com\\\/fi\\\/tuotteet\\\/kosmetiikkateollisuuden-tuotteet\\\/probiootit\\\/probiootti-aktivoitu\\\/\"]}]},{\"@type\":\"ImageObject\",\"inLanguage\":\"fi\",\"@id\":\"https:\\\/\\\/naturalpoland.com\\\/fi\\\/tuotteet\\\/kosmetiikkateollisuuden-tuotteet\\\/probiootit\\\/probiootti-aktivoitu\\\/#primaryimage\",\"url\":\"https:\\\/\\\/naturalpoland.com\\\/wp-content\\\/uploads\\\/tyndallized-probiotics.png\",\"contentUrl\":\"https:\\\/\\\/naturalpoland.com\\\/wp-content\\\/uploads\\\/tyndallized-probiotics.png\",\"width\":595,\"height\":595,\"caption\":\"inaktivoidut probiootit\"},{\"@type\":\"BreadcrumbList\",\"@id\":\"https:\\\/\\\/naturalpoland.com\\\/fi\\\/tuotteet\\\/kosmetiikkateollisuuden-tuotteet\\\/probiootit\\\/probiootti-aktivoitu\\\/#breadcrumb\",\"itemListElement\":[{\"@type\":\"ListItem\",\"position\":1,\"name\":\"Etusivu\",\"item\":\"https:\\\/\\\/naturalpoland.com\\\/fi\\\/\"},{\"@type\":\"ListItem\",\"position\":2,\"name\":\"Tuotteet\",\"item\":\"https:\\\/\\\/naturalpoland.com\\\/fi\\\/tuotteet\\\/\"},{\"@type\":\"ListItem\",\"position\":3,\"name\":\"Inaktivoidut probiootit\"}]},{\"@type\":\"WebSite\",\"@id\":\"https:\\\/\\\/naturalpoland.com\\\/fi\\\/#website\",\"url\":\"https:\\\/\\\/naturalpoland.com\\\/fi\\\/\",\"name\":\"NATURAL POLAND - RAAKA-AINEIDEN TUKKUJAKELIJA\",\"description\":\"Surowce dla przemys\u0142u spo\u017cywczego, kosmetycznego i farmaceutycznego\",\"publisher\":{\"@id\":\"https:\\\/\\\/naturalpoland.com\\\/fi\\\/#organization\"},\"potentialAction\":[{\"@type\":\"SearchAction\",\"target\":{\"@type\":\"EntryPoint\",\"urlTemplate\":\"https:\\\/\\\/naturalpoland.com\\\/fi\\\/?s={search_term_string}\"},\"query-input\":{\"@type\":\"PropertyValueSpecification\",\"valueRequired\":true,\"valueName\":\"search_term_string\"}}],\"inLanguage\":\"fi\"},{\"@type\":\"Organization\",\"@id\":\"https:\\\/\\\/naturalpoland.com\\\/fi\\\/#organization\",\"name\":\"Natural Poland\",\"url\":\"https:\\\/\\\/naturalpoland.com\\\/fi\\\/\",\"logo\":{\"@type\":\"ImageObject\",\"inLanguage\":\"fi\",\"@id\":\"https:\\\/\\\/naturalpoland.com\\\/fi\\\/#\\\/schema\\\/logo\\\/image\\\/\",\"url\":\"https:\\\/\\\/naturalpoland.com\\\/wp-content\\\/uploads\\\/2021\\\/05\\\/natural-poland-icon.png\",\"contentUrl\":\"https:\\\/\\\/naturalpoland.com\\\/wp-content\\\/uploads\\\/2021\\\/05\\\/natural-poland-icon.png\",\"width\":512,\"height\":512,\"caption\":\"Natural Poland\"},\"image\":{\"@id\":\"https:\\\/\\\/naturalpoland.com\\\/fi\\\/#\\\/schema\\\/logo\\\/image\\\/\"},\"sameAs\":[\"https:\\\/\\\/www.facebook.com\\\/naturalpoland.b2b\",\"https:\\\/\\\/pl.linkedin.com\\\/company\\\/natural-poland\",\"https:\\\/\\\/www.youtube.com\\\/channel\\\/UCgeGGkvOMahZo-xu_MSEWxg\"]}]}<\/script>\n<!-- \/ Yoast SEO plugin. -->","yoast_head_json":{"title":"Inaktivoidut probiootit - Tukkudistribuutio","description":"Inaktivoidut probiootit on innovatiivinen kosmeettinen ainesosa, joka yll\u00e4pit\u00e4\u00e4 ihon mikrobiomin tasapainoa ja lievitt\u00e4\u00e4 \u00e4rsytyst\u00e4.","robots":{"index":"index","follow":"follow","max-snippet":"max-snippet:-1","max-image-preview":"max-image-preview:large","max-video-preview":"max-video-preview:-1"},"canonical":"https:\/\/naturalpoland.com\/fi\/tuotteet\/kosmetiikkateollisuuden-tuotteet\/probiootit\/probiootti-aktivoitu\/","og_locale":"fi_FI","og_type":"article","og_title":"Inaktivoidut probiootit - Tukkudistribuutio","og_description":"Inaktivoidut probiootit on innovatiivinen kosmeettinen ainesosa, joka yll\u00e4pit\u00e4\u00e4 ihon mikrobiomin tasapainoa ja lievitt\u00e4\u00e4 \u00e4rsytyst\u00e4.","og_url":"https:\/\/naturalpoland.com\/fi\/tuotteet\/kosmetiikkateollisuuden-tuotteet\/probiootit\/probiootti-aktivoitu\/","og_site_name":"NATURAL POLAND - RAAKA-AINEIDEN TUKKUJAKELIJA","article_publisher":"https:\/\/www.facebook.com\/naturalpoland.b2b","og_image":[{"width":595,"height":595,"url":"https:\/\/naturalpoland.com\/wp-content\/uploads\/tyndallized-probiotics.png","type":"image\/png"}],"schema":{"@context":"https:\/\/schema.org","@graph":[{"@type":"WebPage","@id":"https:\/\/naturalpoland.com\/fi\/tuotteet\/kosmetiikkateollisuuden-tuotteet\/probiootit\/probiootti-aktivoitu\/","url":"https:\/\/naturalpoland.com\/fi\/tuotteet\/kosmetiikkateollisuuden-tuotteet\/probiootit\/probiootti-aktivoitu\/","name":"Inaktivoidut probiootit - Tukkudistribuutio","isPartOf":{"@id":"https:\/\/naturalpoland.com\/fi\/#website"},"primaryImageOfPage":{"@id":"https:\/\/naturalpoland.com\/fi\/tuotteet\/kosmetiikkateollisuuden-tuotteet\/probiootit\/probiootti-aktivoitu\/#primaryimage"},"image":{"@id":"https:\/\/naturalpoland.com\/fi\/tuotteet\/kosmetiikkateollisuuden-tuotteet\/probiootit\/probiootti-aktivoitu\/#primaryimage"},"thumbnailUrl":"https:\/\/naturalpoland.com\/wp-content\/uploads\/tyndallized-probiotics.png","datePublished":"2023-07-20T13:32:26+00:00","description":"Inaktivoidut probiootit on innovatiivinen kosmeettinen ainesosa, joka yll\u00e4pit\u00e4\u00e4 ihon mikrobiomin tasapainoa ja lievitt\u00e4\u00e4 \u00e4rsytyst\u00e4.","breadcrumb":{"@id":"https:\/\/naturalpoland.com\/fi\/tuotteet\/kosmetiikkateollisuuden-tuotteet\/probiootit\/probiootti-aktivoitu\/#breadcrumb"},"inLanguage":"fi","potentialAction":[{"@type":"ReadAction","target":["https:\/\/naturalpoland.com\/fi\/tuotteet\/kosmetiikkateollisuuden-tuotteet\/probiootit\/probiootti-aktivoitu\/"]}]},{"@type":"ImageObject","inLanguage":"fi","@id":"https:\/\/naturalpoland.com\/fi\/tuotteet\/kosmetiikkateollisuuden-tuotteet\/probiootit\/probiootti-aktivoitu\/#primaryimage","url":"https:\/\/naturalpoland.com\/wp-content\/uploads\/tyndallized-probiotics.png","contentUrl":"https:\/\/naturalpoland.com\/wp-content\/uploads\/tyndallized-probiotics.png","width":595,"height":595,"caption":"inaktivoidut probiootit"},{"@type":"BreadcrumbList","@id":"https:\/\/naturalpoland.com\/fi\/tuotteet\/kosmetiikkateollisuuden-tuotteet\/probiootit\/probiootti-aktivoitu\/#breadcrumb","itemListElement":[{"@type":"ListItem","position":1,"name":"Etusivu","item":"https:\/\/naturalpoland.com\/fi\/"},{"@type":"ListItem","position":2,"name":"Tuotteet","item":"https:\/\/naturalpoland.com\/fi\/tuotteet\/"},{"@type":"ListItem","position":3,"name":"Inaktivoidut probiootit"}]},{"@type":"WebSite","@id":"https:\/\/naturalpoland.com\/fi\/#website","url":"https:\/\/naturalpoland.com\/fi\/","name":"NATURAL POLAND - RAAKA-AINEIDEN TUKKUJAKELIJA","description":"Surowce dla przemys\u0142u spo\u017cywczego, kosmetycznego i farmaceutycznego","publisher":{"@id":"https:\/\/naturalpoland.com\/fi\/#organization"},"potentialAction":[{"@type":"SearchAction","target":{"@type":"EntryPoint","urlTemplate":"https:\/\/naturalpoland.com\/fi\/?s={search_term_string}"},"query-input":{"@type":"PropertyValueSpecification","valueRequired":true,"valueName":"search_term_string"}}],"inLanguage":"fi"},{"@type":"Organization","@id":"https:\/\/naturalpoland.com\/fi\/#organization","name":"Natural Poland","url":"https:\/\/naturalpoland.com\/fi\/","logo":{"@type":"ImageObject","inLanguage":"fi","@id":"https:\/\/naturalpoland.com\/fi\/#\/schema\/logo\/image\/","url":"https:\/\/naturalpoland.com\/wp-content\/uploads\/2021\/05\/natural-poland-icon.png","contentUrl":"https:\/\/naturalpoland.com\/wp-content\/uploads\/2021\/05\/natural-poland-icon.png","width":512,"height":512,"caption":"Natural Poland"},"image":{"@id":"https:\/\/naturalpoland.com\/fi\/#\/schema\/logo\/image\/"},"sameAs":["https:\/\/www.facebook.com\/naturalpoland.b2b","https:\/\/pl.linkedin.com\/company\/natural-poland","https:\/\/www.youtube.com\/channel\/UCgeGGkvOMahZo-xu_MSEWxg"]}]}},"_links":{"self":[{"href":"https:\/\/naturalpoland.com\/fi\/wp-json\/wp\/v2\/product\/24338","targetHints":{"allow":["GET"]}}],"collection":[{"href":"https:\/\/naturalpoland.com\/fi\/wp-json\/wp\/v2\/product"}],"about":[{"href":"https:\/\/naturalpoland.com\/fi\/wp-json\/wp\/v2\/types\/product"}],"wp:featuredmedia":[{"embeddable":true,"href":"https:\/\/naturalpoland.com\/fi\/wp-json\/wp\/v2\/media\/24301"}],"wp:attachment":[{"href":"https:\/\/naturalpoland.com\/fi\/wp-json\/wp\/v2\/media?parent=24338"}],"wp:term":[{"taxonomy":"product_brand","embeddable":true,"href":"https:\/\/naturalpoland.com\/fi\/wp-json\/wp\/v2\/product_brand?post=24338"},{"taxonomy":"product_cat","embeddable":true,"href":"https:\/\/naturalpoland.com\/fi\/wp-json\/wp\/v2\/product_cat?post=24338"},{"taxonomy":"product_tag","embeddable":true,"href":"https:\/\/naturalpoland.com\/fi\/wp-json\/wp\/v2\/product_tag?post=24338"}],"curies":[{"name":"wp","href":"https:\/\/api.w.org\/{rel}","templated":true}]}}