{"id":40768,"date":"2025-04-15T09:51:27","date_gmt":"2025-04-16T13:22:34","guid":{"rendered":"https:\/\/naturalpoland.com\/produkty\/non class\u00e9\/gel-daloe-vera-en-poudre\/"},"modified":"2025-04-16T15:22:34","modified_gmt":"2025-04-16T13:22:34","slug":"gel-daloe-vera-en-poudre","status":"publish","type":"product","link":"https:\/\/naturalpoland.com\/fr\/produkty\/produits-pour-les-industries-pharmaceutiques-et-medicales\/additifs-de-complements-alimentaires\/gel-daloe-vera-en-poudre\/","title":{"rendered":"Gel d&rsquo;aloe vera en poudre"},"content":{"rendered":"<p>Gr\u00e2ce \u00e0 la <strong>lyophilisation<\/strong> &#8211; une m\u00e9thode de s\u00e9chage par cong\u00e9lation &#8211; on obtient une poudre fine, blanche ou l\u00e9g\u00e8rement cr\u00e9meuse, \u00e0 l&rsquo;odeur et au go\u00fbt caract\u00e9ristiques, qui conserve un maximum de composants actifs de la plante. L&rsquo;extrait que nous proposons pr\u00e9sente un facteur de concentration \u00e9lev\u00e9 et une standardisation pour les <strong>polysaccharides<\/strong> et les <strong>groupes O-ac\u00e9tyl<\/strong>. <\/p>\n<h3>Propri\u00e9t\u00e9s<\/h3>\n<p>Les propri\u00e9t\u00e9s de la poudre de gel d&rsquo;aloe vera sont dues \u00e0 sa teneur \u00e9lev\u00e9e en polysaccharides bioactifs et en groupes O-ac\u00e9tyl. Ces derniers conf\u00e8rent \u00e0 la mati\u00e8re premi\u00e8re des propri\u00e9t\u00e9s anti-inflammatoires, immunomodulatrices et d\u00e9toxifiantes. Elle contribue \u00e0 apaiser les irritations gastro-intestinales, \u00e0 soutenir la fonction intestinale et \u00e0 maintenir l&rsquo;\u00e9quilibre de la microflore intestinale.  <\/p>\n<h3>Application<\/h3>\n<p>La mati\u00e8re premi\u00e8re est utilis\u00e9e dans la production de compl\u00e9ments alimentaires sous forme de g\u00e9lules, de comprim\u00e9s, de poudres pour la pr\u00e9paration de boissons et de shots fonctionnels. Les produits sont destin\u00e9s aux personnes souffrant d&rsquo;une baisse de l&rsquo;immunit\u00e9, de probl\u00e8mes digestifs, de conditions inflammatoires, ainsi qu&rsquo;aux personnes ayant un tube digestif sensible ou un mode de vie charg\u00e9. <\/p>\n","protected":false},"excerpt":{"rendered":"<p>Le gel d&rsquo;aloe vera en poudre <strong data-start=\"0\" data-end=\"82\">lyophilis\u00e9e <\/strong> est une mati\u00e8re v\u00e9g\u00e9tale hautement concentr\u00e9e extraite de la partie interne des feuilles d&rsquo;<em>Aloe barbadensis Miller.<\/em><\/p>\n","protected":false},"featured_media":40645,"template":"","meta":{"_acf_changed":false},"product_brand":[],"product_cat":[1300],"product_tag":[],"class_list":{"0":"post-40768","1":"product","2":"type-product","3":"status-publish","4":"has-post-thumbnail","6":"product_cat-additifs-de-complements-alimentaires","7":"pa_czesc-rosliny-partie-interne-des-feuilles","9":"first","10":"instock","11":"shipping-taxable","12":"product-type-simple"},"acf":[],"yoast_head":"<!-- This site is optimized with the Yoast SEO plugin v27.4 - https:\/\/yoast.com\/product\/yoast-seo-wordpress\/ -->\n<title>Gel d&#039;aloe vera en poudre - Distributeur en gros<\/title>\n<meta name=\"description\" content=\"La poudre de gel d&#039;aloe vera est un ingr\u00e9dient appr\u00e9ci\u00e9 dans les suppl\u00e9ments de soutien digestif et immunitaire et les produits fonctionnels.\" \/>\n<meta name=\"robots\" content=\"index, follow, max-snippet:-1, max-image-preview:large, max-video-preview:-1\" \/>\n<link rel=\"canonical\" href=\"https:\/\/naturalpoland.com\/fr\/produkty\/produits-pour-les-industries-pharmaceutiques-et-medicales\/additifs-de-complements-alimentaires\/gel-daloe-vera-en-poudre\/\" \/>\n<meta property=\"og:locale\" content=\"fr_FR\" \/>\n<meta property=\"og:type\" content=\"article\" \/>\n<meta property=\"og:title\" content=\"Gel d&#039;aloe vera en poudre - Distributeur en gros\" \/>\n<meta property=\"og:description\" content=\"La poudre de gel d&#039;aloe vera est un ingr\u00e9dient appr\u00e9ci\u00e9 dans les suppl\u00e9ments de soutien digestif et immunitaire et les produits fonctionnels.\" \/>\n<meta property=\"og:url\" content=\"https:\/\/naturalpoland.com\/fr\/produkty\/produits-pour-les-industries-pharmaceutiques-et-medicales\/additifs-de-complements-alimentaires\/gel-daloe-vera-en-poudre\/\" \/>\n<meta property=\"og:site_name\" content=\"NATURAL POLAND - Distributeur de mati\u00e8res premi\u00e8res en gros\" \/>\n<meta property=\"article:publisher\" content=\"https:\/\/www.facebook.com\/naturalpoland.b2b\" \/>\n<meta property=\"og:image\" content=\"https:\/\/naturalpoland.com\/wp-content\/uploads\/aloesowy-zel-w-proszku.webp\" \/>\n\t<meta property=\"og:image:width\" content=\"1024\" \/>\n\t<meta property=\"og:image:height\" content=\"1024\" \/>\n\t<meta property=\"og:image:type\" content=\"image\/webp\" \/>\n<script type=\"application\/ld+json\" class=\"yoast-schema-graph\">{\"@context\":\"https:\\\/\\\/schema.org\",\"@graph\":[{\"@type\":\"WebPage\",\"@id\":\"https:\\\/\\\/naturalpoland.com\\\/fr\\\/produkty\\\/produits-pour-les-industries-pharmaceutiques-et-medicales\\\/additifs-de-complements-alimentaires\\\/gel-daloe-vera-en-poudre\\\/\",\"url\":\"https:\\\/\\\/naturalpoland.com\\\/fr\\\/produkty\\\/produits-pour-les-industries-pharmaceutiques-et-medicales\\\/additifs-de-complements-alimentaires\\\/gel-daloe-vera-en-poudre\\\/\",\"name\":\"Gel d'aloe vera en poudre - Distributeur en gros\",\"isPartOf\":{\"@id\":\"https:\\\/\\\/naturalpoland.com\\\/fr\\\/#website\"},\"primaryImageOfPage\":{\"@id\":\"https:\\\/\\\/naturalpoland.com\\\/fr\\\/produkty\\\/produits-pour-les-industries-pharmaceutiques-et-medicales\\\/additifs-de-complements-alimentaires\\\/gel-daloe-vera-en-poudre\\\/#primaryimage\"},\"image\":{\"@id\":\"https:\\\/\\\/naturalpoland.com\\\/fr\\\/produkty\\\/produits-pour-les-industries-pharmaceutiques-et-medicales\\\/additifs-de-complements-alimentaires\\\/gel-daloe-vera-en-poudre\\\/#primaryimage\"},\"thumbnailUrl\":\"https:\\\/\\\/naturalpoland.com\\\/wp-content\\\/uploads\\\/aloesowy-zel-w-proszku.webp\",\"datePublished\":\"2025-04-16T13:22:34+00:00\",\"description\":\"La poudre de gel d'aloe vera est un ingr\u00e9dient appr\u00e9ci\u00e9 dans les suppl\u00e9ments de soutien digestif et immunitaire et les produits fonctionnels.\",\"breadcrumb\":{\"@id\":\"https:\\\/\\\/naturalpoland.com\\\/fr\\\/produkty\\\/produits-pour-les-industries-pharmaceutiques-et-medicales\\\/additifs-de-complements-alimentaires\\\/gel-daloe-vera-en-poudre\\\/#breadcrumb\"},\"inLanguage\":\"fr-FR\",\"potentialAction\":[{\"@type\":\"ReadAction\",\"target\":[\"https:\\\/\\\/naturalpoland.com\\\/fr\\\/produkty\\\/produits-pour-les-industries-pharmaceutiques-et-medicales\\\/additifs-de-complements-alimentaires\\\/gel-daloe-vera-en-poudre\\\/\"]}]},{\"@type\":\"ImageObject\",\"inLanguage\":\"fr-FR\",\"@id\":\"https:\\\/\\\/naturalpoland.com\\\/fr\\\/produkty\\\/produits-pour-les-industries-pharmaceutiques-et-medicales\\\/additifs-de-complements-alimentaires\\\/gel-daloe-vera-en-poudre\\\/#primaryimage\",\"url\":\"https:\\\/\\\/naturalpoland.com\\\/wp-content\\\/uploads\\\/aloesowy-zel-w-proszku.webp\",\"contentUrl\":\"https:\\\/\\\/naturalpoland.com\\\/wp-content\\\/uploads\\\/aloesowy-zel-w-proszku.webp\",\"width\":1024,\"height\":1024,\"caption\":\"\u017bel aloesowy w proszku\"},{\"@type\":\"BreadcrumbList\",\"@id\":\"https:\\\/\\\/naturalpoland.com\\\/fr\\\/produkty\\\/produits-pour-les-industries-pharmaceutiques-et-medicales\\\/additifs-de-complements-alimentaires\\\/gel-daloe-vera-en-poudre\\\/#breadcrumb\",\"itemListElement\":[{\"@type\":\"ListItem\",\"position\":1,\"name\":\"Accueil\",\"item\":\"https:\\\/\\\/naturalpoland.com\\\/fr\\\/\"},{\"@type\":\"ListItem\",\"position\":2,\"name\":\"Produits\",\"item\":\"https:\\\/\\\/naturalpoland.com\\\/fr\\\/produits\\\/\"},{\"@type\":\"ListItem\",\"position\":3,\"name\":\"Gel d&#8217;aloe vera en poudre\"}]},{\"@type\":\"WebSite\",\"@id\":\"https:\\\/\\\/naturalpoland.com\\\/fr\\\/#website\",\"url\":\"https:\\\/\\\/naturalpoland.com\\\/fr\\\/\",\"name\":\"NATURAL POLAND - Distributeur de mati\u00e8res premi\u00e8res en gros\",\"description\":\"Surowce dla przemys\u0142u spo\u017cywczego, kosmetycznego i farmaceutycznego\",\"publisher\":{\"@id\":\"https:\\\/\\\/naturalpoland.com\\\/fr\\\/#organization\"},\"potentialAction\":[{\"@type\":\"SearchAction\",\"target\":{\"@type\":\"EntryPoint\",\"urlTemplate\":\"https:\\\/\\\/naturalpoland.com\\\/fr\\\/?s={search_term_string}\"},\"query-input\":{\"@type\":\"PropertyValueSpecification\",\"valueRequired\":true,\"valueName\":\"search_term_string\"}}],\"inLanguage\":\"fr-FR\"},{\"@type\":\"Organization\",\"@id\":\"https:\\\/\\\/naturalpoland.com\\\/fr\\\/#organization\",\"name\":\"Natural Poland\",\"url\":\"https:\\\/\\\/naturalpoland.com\\\/fr\\\/\",\"logo\":{\"@type\":\"ImageObject\",\"inLanguage\":\"fr-FR\",\"@id\":\"https:\\\/\\\/naturalpoland.com\\\/fr\\\/#\\\/schema\\\/logo\\\/image\\\/\",\"url\":\"https:\\\/\\\/naturalpoland.com\\\/wp-content\\\/uploads\\\/2021\\\/05\\\/natural-poland-icon.png\",\"contentUrl\":\"https:\\\/\\\/naturalpoland.com\\\/wp-content\\\/uploads\\\/2021\\\/05\\\/natural-poland-icon.png\",\"width\":512,\"height\":512,\"caption\":\"Natural Poland\"},\"image\":{\"@id\":\"https:\\\/\\\/naturalpoland.com\\\/fr\\\/#\\\/schema\\\/logo\\\/image\\\/\"},\"sameAs\":[\"https:\\\/\\\/www.facebook.com\\\/naturalpoland.b2b\",\"https:\\\/\\\/pl.linkedin.com\\\/company\\\/natural-poland\",\"https:\\\/\\\/www.youtube.com\\\/channel\\\/UCgeGGkvOMahZo-xu_MSEWxg\"]}]}<\/script>\n<!-- \/ Yoast SEO plugin. -->","yoast_head_json":{"title":"Gel d'aloe vera en poudre - Distributeur en gros","description":"La poudre de gel d'aloe vera est un ingr\u00e9dient appr\u00e9ci\u00e9 dans les suppl\u00e9ments de soutien digestif et immunitaire et les produits fonctionnels.","robots":{"index":"index","follow":"follow","max-snippet":"max-snippet:-1","max-image-preview":"max-image-preview:large","max-video-preview":"max-video-preview:-1"},"canonical":"https:\/\/naturalpoland.com\/fr\/produkty\/produits-pour-les-industries-pharmaceutiques-et-medicales\/additifs-de-complements-alimentaires\/gel-daloe-vera-en-poudre\/","og_locale":"fr_FR","og_type":"article","og_title":"Gel d'aloe vera en poudre - Distributeur en gros","og_description":"La poudre de gel d'aloe vera est un ingr\u00e9dient appr\u00e9ci\u00e9 dans les suppl\u00e9ments de soutien digestif et immunitaire et les produits fonctionnels.","og_url":"https:\/\/naturalpoland.com\/fr\/produkty\/produits-pour-les-industries-pharmaceutiques-et-medicales\/additifs-de-complements-alimentaires\/gel-daloe-vera-en-poudre\/","og_site_name":"NATURAL POLAND - Distributeur de mati\u00e8res premi\u00e8res en gros","article_publisher":"https:\/\/www.facebook.com\/naturalpoland.b2b","og_image":[{"width":1024,"height":1024,"url":"https:\/\/naturalpoland.com\/wp-content\/uploads\/aloesowy-zel-w-proszku.webp","type":"image\/webp"}],"schema":{"@context":"https:\/\/schema.org","@graph":[{"@type":"WebPage","@id":"https:\/\/naturalpoland.com\/fr\/produkty\/produits-pour-les-industries-pharmaceutiques-et-medicales\/additifs-de-complements-alimentaires\/gel-daloe-vera-en-poudre\/","url":"https:\/\/naturalpoland.com\/fr\/produkty\/produits-pour-les-industries-pharmaceutiques-et-medicales\/additifs-de-complements-alimentaires\/gel-daloe-vera-en-poudre\/","name":"Gel d'aloe vera en poudre - Distributeur en gros","isPartOf":{"@id":"https:\/\/naturalpoland.com\/fr\/#website"},"primaryImageOfPage":{"@id":"https:\/\/naturalpoland.com\/fr\/produkty\/produits-pour-les-industries-pharmaceutiques-et-medicales\/additifs-de-complements-alimentaires\/gel-daloe-vera-en-poudre\/#primaryimage"},"image":{"@id":"https:\/\/naturalpoland.com\/fr\/produkty\/produits-pour-les-industries-pharmaceutiques-et-medicales\/additifs-de-complements-alimentaires\/gel-daloe-vera-en-poudre\/#primaryimage"},"thumbnailUrl":"https:\/\/naturalpoland.com\/wp-content\/uploads\/aloesowy-zel-w-proszku.webp","datePublished":"2025-04-16T13:22:34+00:00","description":"La poudre de gel d'aloe vera est un ingr\u00e9dient appr\u00e9ci\u00e9 dans les suppl\u00e9ments de soutien digestif et immunitaire et les produits fonctionnels.","breadcrumb":{"@id":"https:\/\/naturalpoland.com\/fr\/produkty\/produits-pour-les-industries-pharmaceutiques-et-medicales\/additifs-de-complements-alimentaires\/gel-daloe-vera-en-poudre\/#breadcrumb"},"inLanguage":"fr-FR","potentialAction":[{"@type":"ReadAction","target":["https:\/\/naturalpoland.com\/fr\/produkty\/produits-pour-les-industries-pharmaceutiques-et-medicales\/additifs-de-complements-alimentaires\/gel-daloe-vera-en-poudre\/"]}]},{"@type":"ImageObject","inLanguage":"fr-FR","@id":"https:\/\/naturalpoland.com\/fr\/produkty\/produits-pour-les-industries-pharmaceutiques-et-medicales\/additifs-de-complements-alimentaires\/gel-daloe-vera-en-poudre\/#primaryimage","url":"https:\/\/naturalpoland.com\/wp-content\/uploads\/aloesowy-zel-w-proszku.webp","contentUrl":"https:\/\/naturalpoland.com\/wp-content\/uploads\/aloesowy-zel-w-proszku.webp","width":1024,"height":1024,"caption":"\u017bel aloesowy w proszku"},{"@type":"BreadcrumbList","@id":"https:\/\/naturalpoland.com\/fr\/produkty\/produits-pour-les-industries-pharmaceutiques-et-medicales\/additifs-de-complements-alimentaires\/gel-daloe-vera-en-poudre\/#breadcrumb","itemListElement":[{"@type":"ListItem","position":1,"name":"Accueil","item":"https:\/\/naturalpoland.com\/fr\/"},{"@type":"ListItem","position":2,"name":"Produits","item":"https:\/\/naturalpoland.com\/fr\/produits\/"},{"@type":"ListItem","position":3,"name":"Gel d&#8217;aloe vera en poudre"}]},{"@type":"WebSite","@id":"https:\/\/naturalpoland.com\/fr\/#website","url":"https:\/\/naturalpoland.com\/fr\/","name":"NATURAL POLAND - Distributeur de mati\u00e8res premi\u00e8res en gros","description":"Surowce dla przemys\u0142u spo\u017cywczego, kosmetycznego i farmaceutycznego","publisher":{"@id":"https:\/\/naturalpoland.com\/fr\/#organization"},"potentialAction":[{"@type":"SearchAction","target":{"@type":"EntryPoint","urlTemplate":"https:\/\/naturalpoland.com\/fr\/?s={search_term_string}"},"query-input":{"@type":"PropertyValueSpecification","valueRequired":true,"valueName":"search_term_string"}}],"inLanguage":"fr-FR"},{"@type":"Organization","@id":"https:\/\/naturalpoland.com\/fr\/#organization","name":"Natural Poland","url":"https:\/\/naturalpoland.com\/fr\/","logo":{"@type":"ImageObject","inLanguage":"fr-FR","@id":"https:\/\/naturalpoland.com\/fr\/#\/schema\/logo\/image\/","url":"https:\/\/naturalpoland.com\/wp-content\/uploads\/2021\/05\/natural-poland-icon.png","contentUrl":"https:\/\/naturalpoland.com\/wp-content\/uploads\/2021\/05\/natural-poland-icon.png","width":512,"height":512,"caption":"Natural Poland"},"image":{"@id":"https:\/\/naturalpoland.com\/fr\/#\/schema\/logo\/image\/"},"sameAs":["https:\/\/www.facebook.com\/naturalpoland.b2b","https:\/\/pl.linkedin.com\/company\/natural-poland","https:\/\/www.youtube.com\/channel\/UCgeGGkvOMahZo-xu_MSEWxg"]}]}},"_links":{"self":[{"href":"https:\/\/naturalpoland.com\/fr\/wp-json\/wp\/v2\/product\/40768","targetHints":{"allow":["GET"]}}],"collection":[{"href":"https:\/\/naturalpoland.com\/fr\/wp-json\/wp\/v2\/product"}],"about":[{"href":"https:\/\/naturalpoland.com\/fr\/wp-json\/wp\/v2\/types\/product"}],"wp:featuredmedia":[{"embeddable":true,"href":"https:\/\/naturalpoland.com\/fr\/wp-json\/wp\/v2\/media\/40645"}],"wp:attachment":[{"href":"https:\/\/naturalpoland.com\/fr\/wp-json\/wp\/v2\/media?parent=40768"}],"wp:term":[{"taxonomy":"product_brand","embeddable":true,"href":"https:\/\/naturalpoland.com\/fr\/wp-json\/wp\/v2\/product_brand?post=40768"},{"taxonomy":"product_cat","embeddable":true,"href":"https:\/\/naturalpoland.com\/fr\/wp-json\/wp\/v2\/product_cat?post=40768"},{"taxonomy":"product_tag","embeddable":true,"href":"https:\/\/naturalpoland.com\/fr\/wp-json\/wp\/v2\/product_tag?post=40768"}],"curies":[{"name":"wp","href":"https:\/\/api.w.org\/{rel}","templated":true}]}}