{"id":48076,"date":"2026-04-03T13:44:25","date_gmt":"2026-04-03T11:44:25","guid":{"rendered":"https:\/\/naturalpoland.com\/produkty\/non class\u00e9\/cafe-vert-moulu\/"},"modified":"2026-04-28T13:00:30","modified_gmt":"2026-04-28T11:00:30","slug":"cafe-vert-moulu","status":"publish","type":"product","link":"https:\/\/naturalpoland.com\/fr\/produkty\/produits-vegetaux\/cafe-vert-moulu\/","title":{"rendered":"Caf\u00e9 vert moulu"},"content":{"rendered":"<h2>Propri\u00e9t\u00e9s et action du caf\u00e9 vert moulu :<\/h2>\n<p>Le caf\u00e9 vert moulu se pr\u00e9sente sous forme de poudre fine de couleur gris-vert avec une odeur caract\u00e9ristique. La mati\u00e8re premi\u00e8re est produite en Pologne \u00e0 partir de grains provenant du Br\u00e9sil. <\/p>\n<p>La mati\u00e8re premi\u00e8re contient des compos\u00e9s bioactifs naturels, notamment <strong>des acides chlorog\u00e9niques<\/strong> et de la <strong>caf\u00e9ine<\/strong>, utilis\u00e9s dans les produits ciblant le m\u00e9tabolisme \u00e9nerg\u00e9tique.<\/p>\n<p><strong>L&rsquo;acide chlorog\u00e9nique<\/strong> appartient au groupe des polyph\u00e9nols et pr\u00e9sente des propri\u00e9t\u00e9s antioxydantes. Dans les compl\u00e9ments alimentaires, il joue un r\u00f4le de soutien au m\u00e9tabolisme du glucose et des lipides. <\/p>\n<p>En cosm\u00e9tique, le caf\u00e9 vert moulu a une action raffermissante et lissante. Gr\u00e2ce \u00e0 la caf\u00e9ine, cette mati\u00e8re premi\u00e8re est utilis\u00e9e dans les pr\u00e9parations destin\u00e9es aux soins de la peau n\u00e9cessitant une am\u00e9lioration de la fermet\u00e9 ainsi que dans les produits anticellulite. De plus, les propri\u00e9t\u00e9s antioxydantes contribuent \u00e0 prot\u00e9ger la peau contre les facteurs environnementaux.  <\/p>\n<p>La mati\u00e8re premi\u00e8re peut \u00e9galement servir d&rsquo;ingr\u00e9dient exfoliant dans les gommages m\u00e9caniques, favorisant l&rsquo;\u00e9limination des cellules mortes et l&rsquo;am\u00e9lioration de l&rsquo;aspect de la peau.<\/p>\n<h2>Utilisation du caf\u00e9 vert moulu :<\/h2>\n<p>Le caf\u00e9 vert moulu trouve son application dans :<\/p>\n<ul>\n<li>les compl\u00e9ments alimentaires (produits soutenant le m\u00e9tabolisme),<\/li>\n<li>les aliments fonctionnels et les boissons,<\/li>\n<li>les cosm\u00e9tiques anticellulite et raffermissants,<\/li>\n<li>les gommages et produits exfoliants,<\/li>\n<li>les cosm\u00e9tiques naturels et v\u00e9g\u00e9taux.<\/li>\n<\/ul>\n<p>Gr\u00e2ce \u00e0 sa forme de poudre, il peut \u00eatre facilement incorpor\u00e9 dans les formulations s\u00e8ches et semi-solides.<\/p>\n","protected":false},"excerpt":{"rendered":"<p>Le <strong>caf\u00e9 vert moulu<\/strong> est obtenu \u00e0 partir de grains non torr\u00e9fi\u00e9s de caf\u00e9 <em>Coffea arabica<\/em>. Contrairement au caf\u00e9 torr\u00e9fi\u00e9, il conserve le profil naturel des composants actifs pr\u00e9sents dans la mati\u00e8re premi\u00e8re. La mati\u00e8re premi\u00e8re est destin\u00e9e aux applications dans les compl\u00e9ments alimentaires et en cosm\u00e9tique.  <\/p>\n","protected":false},"featured_media":48078,"template":"","meta":{"_acf_changed":false},"product_brand":[],"product_cat":[1314],"product_tag":[],"class_list":{"0":"post-48076","1":"product","2":"type-product","3":"status-publish","4":"has-post-thumbnail","6":"product_cat-produits-vegetaux","8":"first","9":"instock","10":"shipping-taxable","11":"product-type-simple"},"acf":[],"yoast_head":"<!-- This site is optimized with the Yoast SEO plugin v27.5 - https:\/\/yoast.com\/product\/yoast-seo-wordpress\/ -->\n<title>Caf\u00e9 vert moulu - Distributeur en gros<\/title>\n<meta name=\"description\" content=\"Caf\u00e9 vert moulu (Coffea arabica) riche en caf\u00e9ine et polyph\u00e9nols ; utilis\u00e9 dans les compl\u00e9ments alimentaires, les cosm\u00e9tiques anticellulite et les produits fonctionnels\" \/>\n<meta name=\"robots\" content=\"index, follow, max-snippet:-1, max-image-preview:large, max-video-preview:-1\" \/>\n<link rel=\"canonical\" href=\"https:\/\/naturalpoland.com\/fr\/produkty\/produits-vegetaux\/cafe-vert-moulu\/\" \/>\n<meta property=\"og:locale\" content=\"fr_FR\" \/>\n<meta property=\"og:type\" content=\"article\" \/>\n<meta property=\"og:title\" content=\"Caf\u00e9 vert moulu - Distributeur en gros\" \/>\n<meta property=\"og:description\" content=\"Caf\u00e9 vert moulu (Coffea arabica) riche en caf\u00e9ine et polyph\u00e9nols ; utilis\u00e9 dans les compl\u00e9ments alimentaires, les cosm\u00e9tiques anticellulite et les produits fonctionnels\" \/>\n<meta property=\"og:url\" content=\"https:\/\/naturalpoland.com\/fr\/produkty\/produits-vegetaux\/cafe-vert-moulu\/\" \/>\n<meta property=\"og:site_name\" content=\"NATURAL POLAND - Distributeur de mati\u00e8res premi\u00e8res en gros\" \/>\n<meta property=\"article:publisher\" content=\"https:\/\/www.facebook.com\/naturalpoland.b2b\" \/>\n<meta property=\"article:modified_time\" content=\"2026-04-28T11:00:30+00:00\" \/>\n<meta property=\"og:image\" content=\"https:\/\/naturalpoland.com\/wp-content\/uploads\/mielona-kawa-zielona.png\" \/>\n\t<meta property=\"og:image:width\" content=\"1024\" \/>\n\t<meta property=\"og:image:height\" content=\"1024\" \/>\n\t<meta property=\"og:image:type\" content=\"image\/png\" \/>\n<script type=\"application\/ld+json\" class=\"yoast-schema-graph\">{\"@context\":\"https:\\\/\\\/schema.org\",\"@graph\":[{\"@type\":\"WebPage\",\"@id\":\"https:\\\/\\\/naturalpoland.com\\\/fr\\\/produkty\\\/produits-vegetaux\\\/cafe-vert-moulu\\\/\",\"url\":\"https:\\\/\\\/naturalpoland.com\\\/fr\\\/produkty\\\/produits-vegetaux\\\/cafe-vert-moulu\\\/\",\"name\":\"Caf\u00e9 vert moulu - Distributeur en gros\",\"isPartOf\":{\"@id\":\"https:\\\/\\\/naturalpoland.com\\\/fr\\\/#website\"},\"primaryImageOfPage\":{\"@id\":\"https:\\\/\\\/naturalpoland.com\\\/fr\\\/produkty\\\/produits-vegetaux\\\/cafe-vert-moulu\\\/#primaryimage\"},\"image\":{\"@id\":\"https:\\\/\\\/naturalpoland.com\\\/fr\\\/produkty\\\/produits-vegetaux\\\/cafe-vert-moulu\\\/#primaryimage\"},\"thumbnailUrl\":\"https:\\\/\\\/naturalpoland.com\\\/wp-content\\\/uploads\\\/mielona-kawa-zielona.png\",\"datePublished\":\"2026-04-03T11:44:25+00:00\",\"dateModified\":\"2026-04-28T11:00:30+00:00\",\"description\":\"Caf\u00e9 vert moulu (Coffea arabica) riche en caf\u00e9ine et polyph\u00e9nols ; utilis\u00e9 dans les compl\u00e9ments alimentaires, les cosm\u00e9tiques anticellulite et les produits fonctionnels\",\"breadcrumb\":{\"@id\":\"https:\\\/\\\/naturalpoland.com\\\/fr\\\/produkty\\\/produits-vegetaux\\\/cafe-vert-moulu\\\/#breadcrumb\"},\"inLanguage\":\"fr-FR\",\"potentialAction\":[{\"@type\":\"ReadAction\",\"target\":[\"https:\\\/\\\/naturalpoland.com\\\/fr\\\/produkty\\\/produits-vegetaux\\\/cafe-vert-moulu\\\/\"]}]},{\"@type\":\"ImageObject\",\"inLanguage\":\"fr-FR\",\"@id\":\"https:\\\/\\\/naturalpoland.com\\\/fr\\\/produkty\\\/produits-vegetaux\\\/cafe-vert-moulu\\\/#primaryimage\",\"url\":\"https:\\\/\\\/naturalpoland.com\\\/wp-content\\\/uploads\\\/mielona-kawa-zielona.png\",\"contentUrl\":\"https:\\\/\\\/naturalpoland.com\\\/wp-content\\\/uploads\\\/mielona-kawa-zielona.png\",\"width\":1024,\"height\":1024,\"caption\":\"caf\u00e9 vert moulu\"},{\"@type\":\"BreadcrumbList\",\"@id\":\"https:\\\/\\\/naturalpoland.com\\\/fr\\\/produkty\\\/produits-vegetaux\\\/cafe-vert-moulu\\\/#breadcrumb\",\"itemListElement\":[{\"@type\":\"ListItem\",\"position\":1,\"name\":\"Accueil\",\"item\":\"https:\\\/\\\/naturalpoland.com\\\/fr\\\/\"},{\"@type\":\"ListItem\",\"position\":2,\"name\":\"Produits\",\"item\":\"https:\\\/\\\/naturalpoland.com\\\/fr\\\/produits\\\/\"},{\"@type\":\"ListItem\",\"position\":3,\"name\":\"Caf\u00e9 vert moulu\"}]},{\"@type\":\"WebSite\",\"@id\":\"https:\\\/\\\/naturalpoland.com\\\/fr\\\/#website\",\"url\":\"https:\\\/\\\/naturalpoland.com\\\/fr\\\/\",\"name\":\"NATURAL POLAND - Distributeur de mati\u00e8res premi\u00e8res en gros\",\"description\":\"Surowce dla przemys\u0142u spo\u017cywczego, kosmetycznego i farmaceutycznego\",\"publisher\":{\"@id\":\"https:\\\/\\\/naturalpoland.com\\\/fr\\\/#organization\"},\"potentialAction\":[{\"@type\":\"SearchAction\",\"target\":{\"@type\":\"EntryPoint\",\"urlTemplate\":\"https:\\\/\\\/naturalpoland.com\\\/fr\\\/?s={search_term_string}\"},\"query-input\":{\"@type\":\"PropertyValueSpecification\",\"valueRequired\":true,\"valueName\":\"search_term_string\"}}],\"inLanguage\":\"fr-FR\"},{\"@type\":\"Organization\",\"@id\":\"https:\\\/\\\/naturalpoland.com\\\/fr\\\/#organization\",\"name\":\"Natural Poland\",\"url\":\"https:\\\/\\\/naturalpoland.com\\\/fr\\\/\",\"logo\":{\"@type\":\"ImageObject\",\"inLanguage\":\"fr-FR\",\"@id\":\"https:\\\/\\\/naturalpoland.com\\\/fr\\\/#\\\/schema\\\/logo\\\/image\\\/\",\"url\":\"https:\\\/\\\/naturalpoland.com\\\/wp-content\\\/uploads\\\/2021\\\/05\\\/natural-poland-icon.png\",\"contentUrl\":\"https:\\\/\\\/naturalpoland.com\\\/wp-content\\\/uploads\\\/2021\\\/05\\\/natural-poland-icon.png\",\"width\":512,\"height\":512,\"caption\":\"Natural Poland\"},\"image\":{\"@id\":\"https:\\\/\\\/naturalpoland.com\\\/fr\\\/#\\\/schema\\\/logo\\\/image\\\/\"},\"sameAs\":[\"https:\\\/\\\/www.facebook.com\\\/naturalpoland.b2b\",\"https:\\\/\\\/pl.linkedin.com\\\/company\\\/natural-poland\",\"https:\\\/\\\/www.youtube.com\\\/channel\\\/UCgeGGkvOMahZo-xu_MSEWxg\"]}]}<\/script>\n<!-- \/ Yoast SEO plugin. -->","yoast_head_json":{"title":"Caf\u00e9 vert moulu - Distributeur en gros","description":"Caf\u00e9 vert moulu (Coffea arabica) riche en caf\u00e9ine et polyph\u00e9nols ; utilis\u00e9 dans les compl\u00e9ments alimentaires, les cosm\u00e9tiques anticellulite et les produits fonctionnels","robots":{"index":"index","follow":"follow","max-snippet":"max-snippet:-1","max-image-preview":"max-image-preview:large","max-video-preview":"max-video-preview:-1"},"canonical":"https:\/\/naturalpoland.com\/fr\/produkty\/produits-vegetaux\/cafe-vert-moulu\/","og_locale":"fr_FR","og_type":"article","og_title":"Caf\u00e9 vert moulu - Distributeur en gros","og_description":"Caf\u00e9 vert moulu (Coffea arabica) riche en caf\u00e9ine et polyph\u00e9nols ; utilis\u00e9 dans les compl\u00e9ments alimentaires, les cosm\u00e9tiques anticellulite et les produits fonctionnels","og_url":"https:\/\/naturalpoland.com\/fr\/produkty\/produits-vegetaux\/cafe-vert-moulu\/","og_site_name":"NATURAL POLAND - Distributeur de mati\u00e8res premi\u00e8res en gros","article_publisher":"https:\/\/www.facebook.com\/naturalpoland.b2b","article_modified_time":"2026-04-28T11:00:30+00:00","og_image":[{"width":1024,"height":1024,"url":"https:\/\/naturalpoland.com\/wp-content\/uploads\/mielona-kawa-zielona.png","type":"image\/png"}],"schema":{"@context":"https:\/\/schema.org","@graph":[{"@type":"WebPage","@id":"https:\/\/naturalpoland.com\/fr\/produkty\/produits-vegetaux\/cafe-vert-moulu\/","url":"https:\/\/naturalpoland.com\/fr\/produkty\/produits-vegetaux\/cafe-vert-moulu\/","name":"Caf\u00e9 vert moulu - Distributeur en gros","isPartOf":{"@id":"https:\/\/naturalpoland.com\/fr\/#website"},"primaryImageOfPage":{"@id":"https:\/\/naturalpoland.com\/fr\/produkty\/produits-vegetaux\/cafe-vert-moulu\/#primaryimage"},"image":{"@id":"https:\/\/naturalpoland.com\/fr\/produkty\/produits-vegetaux\/cafe-vert-moulu\/#primaryimage"},"thumbnailUrl":"https:\/\/naturalpoland.com\/wp-content\/uploads\/mielona-kawa-zielona.png","datePublished":"2026-04-03T11:44:25+00:00","dateModified":"2026-04-28T11:00:30+00:00","description":"Caf\u00e9 vert moulu (Coffea arabica) riche en caf\u00e9ine et polyph\u00e9nols ; utilis\u00e9 dans les compl\u00e9ments alimentaires, les cosm\u00e9tiques anticellulite et les produits fonctionnels","breadcrumb":{"@id":"https:\/\/naturalpoland.com\/fr\/produkty\/produits-vegetaux\/cafe-vert-moulu\/#breadcrumb"},"inLanguage":"fr-FR","potentialAction":[{"@type":"ReadAction","target":["https:\/\/naturalpoland.com\/fr\/produkty\/produits-vegetaux\/cafe-vert-moulu\/"]}]},{"@type":"ImageObject","inLanguage":"fr-FR","@id":"https:\/\/naturalpoland.com\/fr\/produkty\/produits-vegetaux\/cafe-vert-moulu\/#primaryimage","url":"https:\/\/naturalpoland.com\/wp-content\/uploads\/mielona-kawa-zielona.png","contentUrl":"https:\/\/naturalpoland.com\/wp-content\/uploads\/mielona-kawa-zielona.png","width":1024,"height":1024,"caption":"caf\u00e9 vert moulu"},{"@type":"BreadcrumbList","@id":"https:\/\/naturalpoland.com\/fr\/produkty\/produits-vegetaux\/cafe-vert-moulu\/#breadcrumb","itemListElement":[{"@type":"ListItem","position":1,"name":"Accueil","item":"https:\/\/naturalpoland.com\/fr\/"},{"@type":"ListItem","position":2,"name":"Produits","item":"https:\/\/naturalpoland.com\/fr\/produits\/"},{"@type":"ListItem","position":3,"name":"Caf\u00e9 vert moulu"}]},{"@type":"WebSite","@id":"https:\/\/naturalpoland.com\/fr\/#website","url":"https:\/\/naturalpoland.com\/fr\/","name":"NATURAL POLAND - Distributeur de mati\u00e8res premi\u00e8res en gros","description":"Surowce dla przemys\u0142u spo\u017cywczego, kosmetycznego i farmaceutycznego","publisher":{"@id":"https:\/\/naturalpoland.com\/fr\/#organization"},"potentialAction":[{"@type":"SearchAction","target":{"@type":"EntryPoint","urlTemplate":"https:\/\/naturalpoland.com\/fr\/?s={search_term_string}"},"query-input":{"@type":"PropertyValueSpecification","valueRequired":true,"valueName":"search_term_string"}}],"inLanguage":"fr-FR"},{"@type":"Organization","@id":"https:\/\/naturalpoland.com\/fr\/#organization","name":"Natural Poland","url":"https:\/\/naturalpoland.com\/fr\/","logo":{"@type":"ImageObject","inLanguage":"fr-FR","@id":"https:\/\/naturalpoland.com\/fr\/#\/schema\/logo\/image\/","url":"https:\/\/naturalpoland.com\/wp-content\/uploads\/2021\/05\/natural-poland-icon.png","contentUrl":"https:\/\/naturalpoland.com\/wp-content\/uploads\/2021\/05\/natural-poland-icon.png","width":512,"height":512,"caption":"Natural Poland"},"image":{"@id":"https:\/\/naturalpoland.com\/fr\/#\/schema\/logo\/image\/"},"sameAs":["https:\/\/www.facebook.com\/naturalpoland.b2b","https:\/\/pl.linkedin.com\/company\/natural-poland","https:\/\/www.youtube.com\/channel\/UCgeGGkvOMahZo-xu_MSEWxg"]}]}},"_links":{"self":[{"href":"https:\/\/naturalpoland.com\/fr\/wp-json\/wp\/v2\/product\/48076","targetHints":{"allow":["GET"]}}],"collection":[{"href":"https:\/\/naturalpoland.com\/fr\/wp-json\/wp\/v2\/product"}],"about":[{"href":"https:\/\/naturalpoland.com\/fr\/wp-json\/wp\/v2\/types\/product"}],"wp:featuredmedia":[{"embeddable":true,"href":"https:\/\/naturalpoland.com\/fr\/wp-json\/wp\/v2\/media\/48078"}],"wp:attachment":[{"href":"https:\/\/naturalpoland.com\/fr\/wp-json\/wp\/v2\/media?parent=48076"}],"wp:term":[{"taxonomy":"product_brand","embeddable":true,"href":"https:\/\/naturalpoland.com\/fr\/wp-json\/wp\/v2\/product_brand?post=48076"},{"taxonomy":"product_cat","embeddable":true,"href":"https:\/\/naturalpoland.com\/fr\/wp-json\/wp\/v2\/product_cat?post=48076"},{"taxonomy":"product_tag","embeddable":true,"href":"https:\/\/naturalpoland.com\/fr\/wp-json\/wp\/v2\/product_tag?post=48076"}],"curies":[{"name":"wp","href":"https:\/\/api.w.org\/{rel}","templated":true}]}}